{"id":745,"date":"2023-10-19T14:39:35","date_gmt":"2023-10-19T12:39:35","guid":{"rendered":"https:\/\/preview.ines-thomsen.com\/?page_id=745"},"modified":"2024-09-11T15:05:03","modified_gmt":"2024-09-11T13:05:03","slug":"press","status":"publish","type":"page","link":"http:\/\/ines-thomsen.com\/en\/press\/","title":{"rendered":"Press"},"content":{"rendered":"<div data-elementor-type=\"wp-page\" data-elementor-id=\"745\" class=\"elementor elementor-745\" data-elementor-post-type=\"page\">\n\t\t\t\t<div class=\"elementor-element elementor-element-188c4ac e-flex e-con-boxed e-con e-parent\" data-id=\"188c4ac\" data-element_type=\"container\">\n\t\t\t\t\t<div class=\"e-con-inner\">\n\t\t\t\t<div class=\"elementor-element elementor-element-3f8f4d5 elementor-widget elementor-widget-heading\" data-id=\"3f8f4d5\" data-element_type=\"widget\" data-widget_type=\"heading.default\">\n\t\t\t\t<div class=\"elementor-widget-container\">\n\t\t\t\t\t<h1 class=\"elementor-heading-title elementor-size-default\">Press<\/h1>\t\t\t\t<\/div>\n\t\t\t\t<\/div>\n\t\t\t\t\t<\/div>\n\t\t\t\t<\/div>\n\t\t<div class=\"elementor-element elementor-element-1455e75 e-flex e-con-boxed e-con e-parent\" data-id=\"1455e75\" data-element_type=\"container\">\n\t\t\t\t\t<div class=\"e-con-inner\">\n\t\t<div class=\"elementor-element elementor-element-0e647a4 e-con-full e-flex e-con e-child\" data-id=\"0e647a4\" data-element_type=\"container\">\n\t\t\t\t<div class=\"elementor-element elementor-element-99c060c elementor-position-top elementor-widget elementor-widget-image-box\" data-id=\"99c060c\" data-element_type=\"widget\" data-widget_type=\"image-box.default\">\n\t\t\t\t<div class=\"elementor-widget-container\">\n\t\t\t\t\t<div class=\"elementor-image-box-wrapper\"><figure class=\"elementor-image-box-img\"><a href=\"https:\/\/www.youtube.com\/watch?v=M20_UT6t6Dk\" tabindex=\"-1\"><img fetchpriority=\"high\" decoding=\"async\" width=\"1280\" height=\"720\" src=\"https:\/\/ines-thomsen.com\/wp-content\/uploads\/2023\/10\/M20_UT6t6Dk-HD.jpg\" class=\"attachment-full size-full wp-image-750\" alt=\"\" srcset=\"https:\/\/ines-thomsen.com\/wp-content\/uploads\/2023\/10\/M20_UT6t6Dk-HD.jpg 1280w, https:\/\/ines-thomsen.com\/wp-content\/uploads\/2023\/10\/M20_UT6t6Dk-HD-300x169.jpg 300w, https:\/\/ines-thomsen.com\/wp-content\/uploads\/2023\/10\/M20_UT6t6Dk-HD-1024x576.jpg 1024w, https:\/\/ines-thomsen.com\/wp-content\/uploads\/2023\/10\/M20_UT6t6Dk-HD-768x432.jpg 768w\" sizes=\"(max-width: 1280px) 100vw, 1280px\" \/><\/a><\/figure><div class=\"elementor-image-box-content\"><h3 class=\"elementor-image-box-title\"><a href=\"https:\/\/www.youtube.com\/watch?v=M20_UT6t6Dk\">Keynote Projekt Ewaka f\u00fcr Foto Koch powered by Fujifilm<\/a><\/h3><\/div><\/div>\t\t\t\t<\/div>\n\t\t\t\t<\/div>\n\t\t\t\t<\/div>\n\t\t<div class=\"elementor-element elementor-element-5bc39d1 e-con-full e-flex e-con e-child\" data-id=\"5bc39d1\" data-element_type=\"container\">\n\t\t\t\t<div class=\"elementor-element elementor-element-52aa243 elementor-position-top elementor-widget elementor-widget-image-box\" data-id=\"52aa243\" data-element_type=\"widget\" data-widget_type=\"image-box.default\">\n\t\t\t\t<div class=\"elementor-widget-container\">\n\t\t\t\t\t<div class=\"elementor-image-box-wrapper\"><figure class=\"elementor-image-box-img\"><a href=\"https:\/\/www.facebook.com\/MaF.Convention\/videos\/2593487494257641\/\" tabindex=\"-1\"><img decoding=\"async\" width=\"2500\" height=\"1136\" src=\"https:\/\/ines-thomsen.com\/wp-content\/uploads\/2023\/10\/MaF-Convention-Thomsen-Photography-22.-Februar-2021.jpg\" class=\"attachment-full size-full wp-image-756\" alt=\"\" srcset=\"https:\/\/ines-thomsen.com\/wp-content\/uploads\/2023\/10\/MaF-Convention-Thomsen-Photography-22.-Februar-2021.jpg 2500w, https:\/\/ines-thomsen.com\/wp-content\/uploads\/2023\/10\/MaF-Convention-Thomsen-Photography-22.-Februar-2021-300x136.jpg 300w, https:\/\/ines-thomsen.com\/wp-content\/uploads\/2023\/10\/MaF-Convention-Thomsen-Photography-22.-Februar-2021-1024x465.jpg 1024w, https:\/\/ines-thomsen.com\/wp-content\/uploads\/2023\/10\/MaF-Convention-Thomsen-Photography-22.-Februar-2021-768x349.jpg 768w, https:\/\/ines-thomsen.com\/wp-content\/uploads\/2023\/10\/MaF-Convention-Thomsen-Photography-22.-Februar-2021-1536x698.jpg 1536w, https:\/\/ines-thomsen.com\/wp-content\/uploads\/2023\/10\/MaF-Convention-Thomsen-Photography-22.-Februar-2021-2048x931.jpg 2048w\" sizes=\"(max-width: 2500px) 100vw, 2500px\" \/><\/a><\/figure><div class=\"elementor-image-box-content\"><h3 class=\"elementor-image-box-title\"><a href=\"https:\/\/www.facebook.com\/MaF.Convention\/videos\/2593487494257641\/\">MaF Online Convention hosted by Eberhard Schuy \u2013 Intentionen<\/a><\/h3><\/div><\/div>\t\t\t\t<\/div>\n\t\t\t\t<\/div>\n\t\t\t\t<\/div>\n\t\t<div class=\"elementor-element elementor-element-24ebdd6 e-con-full e-flex e-con e-child\" data-id=\"24ebdd6\" data-element_type=\"container\">\n\t\t\t\t<div class=\"elementor-element elementor-element-5ef06c4 elementor-position-top elementor-widget elementor-widget-image-box\" data-id=\"5ef06c4\" data-element_type=\"widget\" data-widget_type=\"image-box.default\">\n\t\t\t\t<div class=\"elementor-widget-container\">\n\t\t\t\t\t<div class=\"elementor-image-box-wrapper\"><figure class=\"elementor-image-box-img\"><a href=\"https:\/\/www.youtube.com\/watch?v=3joo77J82s4&#038;feature=youtu.be\" tabindex=\"-1\"><img decoding=\"async\" width=\"1280\" height=\"720\" src=\"https:\/\/ines-thomsen.com\/wp-content\/uploads\/2023\/10\/3joo77J82s4-HD.jpg\" class=\"attachment-full size-full wp-image-751\" alt=\"\" srcset=\"https:\/\/ines-thomsen.com\/wp-content\/uploads\/2023\/10\/3joo77J82s4-HD.jpg 1280w, https:\/\/ines-thomsen.com\/wp-content\/uploads\/2023\/10\/3joo77J82s4-HD-300x169.jpg 300w, https:\/\/ines-thomsen.com\/wp-content\/uploads\/2023\/10\/3joo77J82s4-HD-1024x576.jpg 1024w, https:\/\/ines-thomsen.com\/wp-content\/uploads\/2023\/10\/3joo77J82s4-HD-768x432.jpg 768w\" sizes=\"(max-width: 1280px) 100vw, 1280px\" \/><\/a><\/figure><div class=\"elementor-image-box-content\"><h3 class=\"elementor-image-box-title\"><a href=\"https:\/\/www.youtube.com\/watch?v=3joo77J82s4&#038;feature=youtu.be\">Ausstellung &amp; Store Opening #HomeofXphotography \u2013 N\u00fcrnberg<\/a><\/h3><\/div><\/div>\t\t\t\t<\/div>\n\t\t\t\t<\/div>\n\t\t\t\t<\/div>\n\t\t<div class=\"elementor-element elementor-element-dc410f8 e-con-full e-flex e-con e-child\" data-id=\"dc410f8\" data-element_type=\"container\">\n\t\t\t\t<div class=\"elementor-element elementor-element-b52f3e0 elementor-position-top elementor-widget elementor-widget-image-box\" data-id=\"b52f3e0\" data-element_type=\"widget\" data-widget_type=\"image-box.default\">\n\t\t\t\t<div class=\"elementor-widget-container\">\n\t\t\t\t\t<div class=\"elementor-image-box-wrapper\"><figure class=\"elementor-image-box-img\"><a href=\"https:\/\/profoto.com\/de\/profoto-stories\" tabindex=\"-1\"><img loading=\"lazy\" decoding=\"async\" width=\"1024\" height=\"563\" src=\"https:\/\/ines-thomsen.com\/wp-content\/uploads\/2023\/10\/Profoto-Thomsen-Photography-12.-November-2019-1024x563-1.jpg\" class=\"attachment-full size-full wp-image-799\" alt=\"\" srcset=\"https:\/\/ines-thomsen.com\/wp-content\/uploads\/2023\/10\/Profoto-Thomsen-Photography-12.-November-2019-1024x563-1.jpg 1024w, https:\/\/ines-thomsen.com\/wp-content\/uploads\/2023\/10\/Profoto-Thomsen-Photography-12.-November-2019-1024x563-1-300x165.jpg 300w, https:\/\/ines-thomsen.com\/wp-content\/uploads\/2023\/10\/Profoto-Thomsen-Photography-12.-November-2019-1024x563-1-768x422.jpg 768w\" sizes=\"(max-width: 1024px) 100vw, 1024px\" \/><\/a><\/figure><div class=\"elementor-image-box-content\"><h3 class=\"elementor-image-box-title\"><a href=\"https:\/\/profoto.com\/de\/profoto-stories\">PROFOTO \u2013 UGANDA B10<\/a><\/h3><\/div><\/div>\t\t\t\t<\/div>\n\t\t\t\t<\/div>\n\t\t\t\t<div class=\"elementor-element elementor-element-88326ff elementor-position-top elementor-widget elementor-widget-image-box\" data-id=\"88326ff\" data-element_type=\"widget\" data-widget_type=\"image-box.default\">\n\t\t\t\t<div class=\"elementor-widget-container\">\n\t\t\t\t\t<div class=\"elementor-image-box-wrapper\"><figure class=\"elementor-image-box-img\"><a href=\"https:\/\/www.lt1.at\/aktuelles\/lt1-moderatorinnen-beim-shooting\/\" tabindex=\"-1\"><img loading=\"lazy\" decoding=\"async\" width=\"862\" height=\"482\" src=\"https:\/\/ines-thomsen.com\/wp-content\/uploads\/2023\/10\/Ines-Thomsen-Photography-Lt1-Kampagne.png\" class=\"attachment-full size-full wp-image-810\" alt=\"\" srcset=\"https:\/\/ines-thomsen.com\/wp-content\/uploads\/2023\/10\/Ines-Thomsen-Photography-Lt1-Kampagne.png 862w, https:\/\/ines-thomsen.com\/wp-content\/uploads\/2023\/10\/Ines-Thomsen-Photography-Lt1-Kampagne-300x168.png 300w, https:\/\/ines-thomsen.com\/wp-content\/uploads\/2023\/10\/Ines-Thomsen-Photography-Lt1-Kampagne-768x429.png 768w\" sizes=\"(max-width: 862px) 100vw, 862px\" \/><\/a><\/figure><div class=\"elementor-image-box-content\"><h3 class=\"elementor-image-box-title\"><a href=\"https:\/\/www.lt1.at\/aktuelles\/lt1-moderatorinnen-beim-shooting\/\">Nat\u00fcrlich LT1 Kampagne<\/a><\/h3><\/div><\/div>\t\t\t\t<\/div>\n\t\t\t\t<\/div>\n\t\t\t\t<div class=\"elementor-element elementor-element-b891388 elementor-position-top elementor-widget elementor-widget-image-box\" data-id=\"b891388\" data-element_type=\"widget\" data-widget_type=\"image-box.default\">\n\t\t\t\t<div class=\"elementor-widget-container\">\n\t\t\t\t\t<div class=\"elementor-image-box-wrapper\"><figure class=\"elementor-image-box-img\"><a href=\"https:\/\/fujifilm-x.com\/de-de\/stories\/whatsinmycamerabag-ines-thomsen\/\" tabindex=\"-1\"><img loading=\"lazy\" decoding=\"async\" width=\"1440\" height=\"810\" src=\"https:\/\/ines-thomsen.com\/wp-content\/uploads\/2023\/10\/Ines-Thomsen-Photography_2-1.jpg\" class=\"attachment-full size-full wp-image-764\" alt=\"\" srcset=\"https:\/\/ines-thomsen.com\/wp-content\/uploads\/2023\/10\/Ines-Thomsen-Photography_2-1.jpg 1440w, https:\/\/ines-thomsen.com\/wp-content\/uploads\/2023\/10\/Ines-Thomsen-Photography_2-1-300x169.jpg 300w, https:\/\/ines-thomsen.com\/wp-content\/uploads\/2023\/10\/Ines-Thomsen-Photography_2-1-1024x576.jpg 1024w, https:\/\/ines-thomsen.com\/wp-content\/uploads\/2023\/10\/Ines-Thomsen-Photography_2-1-768x432.jpg 768w\" sizes=\"(max-width: 1440px) 100vw, 1440px\" \/><\/a><\/figure><div class=\"elementor-image-box-content\"><h3 class=\"elementor-image-box-title\"><a href=\"https:\/\/fujifilm-x.com\/de-de\/stories\/whatsinmycamerabag-ines-thomsen\/\">Whats in my Camera bag \u2013 Fujifilm<\/a><\/h3><\/div><\/div>\t\t\t\t<\/div>\n\t\t\t\t<\/div>\n\t\t<div class=\"elementor-element elementor-element-ba86bec e-con-full e-flex e-con e-child\" data-id=\"ba86bec\" data-element_type=\"container\">\n\t\t\t\t<div class=\"elementor-element elementor-element-6315c67 elementor-position-top elementor-widget elementor-widget-image-box\" data-id=\"6315c67\" data-element_type=\"widget\" data-widget_type=\"image-box.default\">\n\t\t\t\t<div class=\"elementor-widget-container\">\n\t\t\t\t\t<div class=\"elementor-image-box-wrapper\"><figure class=\"elementor-image-box-img\"><a href=\"https:\/\/preview.ines-thomsen.com\/wp-content\/uploads\/2023\/10\/2018-02-Joy-Ines-Thomsen-Photography_small.pdf\" tabindex=\"-1\"><img loading=\"lazy\" decoding=\"async\" width=\"768\" height=\"1024\" src=\"https:\/\/ines-thomsen.com\/wp-content\/uploads\/2023\/10\/Thomsen-Photography-16.-Dezember-2019-01_Shape-768x1024-1.jpg\" class=\"attachment-full size-full wp-image-776\" alt=\"\" srcset=\"https:\/\/ines-thomsen.com\/wp-content\/uploads\/2023\/10\/Thomsen-Photography-16.-Dezember-2019-01_Shape-768x1024-1.jpg 768w, https:\/\/ines-thomsen.com\/wp-content\/uploads\/2023\/10\/Thomsen-Photography-16.-Dezember-2019-01_Shape-768x1024-1-225x300.jpg 225w\" sizes=\"(max-width: 768px) 100vw, 768px\" \/><\/a><\/figure><div class=\"elementor-image-box-content\"><h3 class=\"elementor-image-box-title\"><a href=\"https:\/\/preview.ines-thomsen.com\/wp-content\/uploads\/2023\/10\/2018-02-Joy-Ines-Thomsen-Photography_small.pdf\">Joy Magazin<\/a><\/h3><\/div><\/div>\t\t\t\t<\/div>\n\t\t\t\t<\/div>\n\t\t\t\t<\/div>\n\t\t\t\t<div class=\"elementor-element elementor-element-6c2978a elementor-position-top elementor-widget elementor-widget-image-box\" data-id=\"6c2978a\" data-element_type=\"widget\" data-widget_type=\"image-box.default\">\n\t\t\t\t<div class=\"elementor-widget-container\">\n\t\t\t\t\t<div class=\"elementor-image-box-wrapper\"><figure class=\"elementor-image-box-img\"><a href=\"https:\/\/www.youtube.com\/watch?v=HSX2BLEoKdw\" tabindex=\"-1\"><img loading=\"lazy\" decoding=\"async\" width=\"1024\" height=\"522\" src=\"https:\/\/ines-thomsen.com\/wp-content\/uploads\/2023\/10\/unbenannt-Thomsen-Photography-25.-November-2019-1-1024x522-1.jpg\" class=\"attachment-full size-full wp-image-779\" alt=\"\" srcset=\"https:\/\/ines-thomsen.com\/wp-content\/uploads\/2023\/10\/unbenannt-Thomsen-Photography-25.-November-2019-1-1024x522-1.jpg 1024w, https:\/\/ines-thomsen.com\/wp-content\/uploads\/2023\/10\/unbenannt-Thomsen-Photography-25.-November-2019-1-1024x522-1-300x153.jpg 300w, https:\/\/ines-thomsen.com\/wp-content\/uploads\/2023\/10\/unbenannt-Thomsen-Photography-25.-November-2019-1-1024x522-1-768x392.jpg 768w\" sizes=\"(max-width: 1024px) 100vw, 1024px\" \/><\/a><\/figure><div class=\"elementor-image-box-content\"><h3 class=\"elementor-image-box-title\"><a href=\"https:\/\/www.youtube.com\/watch?v=HSX2BLEoKdw\">Fujifilm XE-3<\/a><\/h3><\/div><\/div>\t\t\t\t<\/div>\n\t\t\t\t<\/div>\n\t\t\t\t<div class=\"elementor-element elementor-element-3835ce7 elementor-position-top elementor-widget elementor-widget-image-box\" data-id=\"3835ce7\" data-element_type=\"widget\" data-widget_type=\"image-box.default\">\n\t\t\t\t<div class=\"elementor-widget-container\">\n\t\t\t\t\t<div class=\"elementor-image-box-wrapper\"><figure class=\"elementor-image-box-img\"><a href=\"https:\/\/fujifilm-x.com\/de-de\/stories\/whatsinmycamerabag-ines-thomsen\/\" tabindex=\"-1\"><img loading=\"lazy\" decoding=\"async\" width=\"796\" height=\"1024\" src=\"https:\/\/ines-thomsen.com\/wp-content\/uploads\/2023\/10\/fotoMagazin-Thomsen-Photography-20.November-2016-1-796x1024-1.jpg\" class=\"attachment-full size-full wp-image-782\" alt=\"\" srcset=\"https:\/\/ines-thomsen.com\/wp-content\/uploads\/2023\/10\/fotoMagazin-Thomsen-Photography-20.November-2016-1-796x1024-1.jpg 796w, https:\/\/ines-thomsen.com\/wp-content\/uploads\/2023\/10\/fotoMagazin-Thomsen-Photography-20.November-2016-1-796x1024-1-233x300.jpg 233w, https:\/\/ines-thomsen.com\/wp-content\/uploads\/2023\/10\/fotoMagazin-Thomsen-Photography-20.November-2016-1-796x1024-1-768x988.jpg 768w\" sizes=\"(max-width: 796px) 100vw, 796px\" \/><\/a><\/figure><div class=\"elementor-image-box-content\"><h3 class=\"elementor-image-box-title\"><a href=\"https:\/\/fujifilm-x.com\/de-de\/stories\/whatsinmycamerabag-ines-thomsen\/\">fotoMagazin Praxis \u2013 Fujifilm<\/a><\/h3><\/div><\/div>\t\t\t\t<\/div>\n\t\t\t\t<\/div>\n\t\t<div class=\"elementor-element elementor-element-6a31525 e-con-full e-flex e-con e-child\" data-id=\"6a31525\" data-element_type=\"container\">\n\t\t\t\t<div class=\"elementor-element elementor-element-bf00473 elementor-position-top elementor-widget elementor-widget-image-box\" data-id=\"bf00473\" data-element_type=\"widget\" data-widget_type=\"image-box.default\">\n\t\t\t\t<div class=\"elementor-widget-container\">\n\t\t\t\t\t<div class=\"elementor-image-box-wrapper\"><figure class=\"elementor-image-box-img\"><a href=\"https:\/\/preview.ines-thomsen.com\/wp-content\/uploads\/2023\/10\/2014-12-WIR-Ausstellung-OOeGKK.pdf\" tabindex=\"-1\"><img loading=\"lazy\" decoding=\"async\" width=\"1024\" height=\"688\" src=\"https:\/\/ines-thomsen.com\/wp-content\/uploads\/2023\/10\/Exhibition-Thomsen-Photography-30.-September-2019-2-1024x688-1.jpg\" class=\"attachment-full size-full wp-image-788\" alt=\"\" srcset=\"https:\/\/ines-thomsen.com\/wp-content\/uploads\/2023\/10\/Exhibition-Thomsen-Photography-30.-September-2019-2-1024x688-1.jpg 1024w, https:\/\/ines-thomsen.com\/wp-content\/uploads\/2023\/10\/Exhibition-Thomsen-Photography-30.-September-2019-2-1024x688-1-300x202.jpg 300w, https:\/\/ines-thomsen.com\/wp-content\/uploads\/2023\/10\/Exhibition-Thomsen-Photography-30.-September-2019-2-1024x688-1-768x516.jpg 768w\" sizes=\"(max-width: 1024px) 100vw, 1024px\" \/><\/a><\/figure><div class=\"elementor-image-box-content\"><h3 class=\"elementor-image-box-title\"><a href=\"https:\/\/preview.ines-thomsen.com\/wp-content\/uploads\/2023\/10\/2014-12-WIR-Ausstellung-OOeGKK.pdf\">Ausstellung WIR \u2013 Werte im Rampenlicht<\/a><\/h3><\/div><\/div>\t\t\t\t<\/div>\n\t\t\t\t<\/div>\n\t\t\t\t<div class=\"elementor-element elementor-element-e4e5ede elementor-position-top elementor-widget elementor-widget-image-box\" data-id=\"e4e5ede\" data-element_type=\"widget\" data-widget_type=\"image-box.default\">\n\t\t\t\t<div class=\"elementor-widget-container\">\n\t\t\t\t\t<div class=\"elementor-image-box-wrapper\"><figure class=\"elementor-image-box-img\"><a href=\"https:\/\/www.youtube.com\/watch?v=qi3v2N6Uibc\" tabindex=\"-1\"><img loading=\"lazy\" decoding=\"async\" width=\"1224\" height=\"866\" src=\"https:\/\/ines-thomsen.com\/wp-content\/uploads\/2024\/09\/08-09_FAP_0324_Webinare-05.jpg\" class=\"attachment-full size-full wp-image-2062\" alt=\"\" srcset=\"https:\/\/ines-thomsen.com\/wp-content\/uploads\/2024\/09\/08-09_FAP_0324_Webinare-05.jpg 1224w, https:\/\/ines-thomsen.com\/wp-content\/uploads\/2024\/09\/08-09_FAP_0324_Webinare-05-300x212.jpg 300w, https:\/\/ines-thomsen.com\/wp-content\/uploads\/2024\/09\/08-09_FAP_0324_Webinare-05-1024x724.jpg 1024w, https:\/\/ines-thomsen.com\/wp-content\/uploads\/2024\/09\/08-09_FAP_0324_Webinare-05-768x543.jpg 768w\" sizes=\"(max-width: 1224px) 100vw, 1224px\" \/><\/a><\/figure><\/div>\t\t\t\t<\/div>\n\t\t\t\t<\/div>\n\t\t\t\t<div class=\"elementor-element elementor-element-a097dfc elementor-position-top elementor-widget elementor-widget-image-box\" data-id=\"a097dfc\" data-element_type=\"widget\" data-widget_type=\"image-box.default\">\n\t\t\t\t<div class=\"elementor-widget-container\">\n\t\t\t\t\t<div class=\"elementor-image-box-wrapper\"><figure class=\"elementor-image-box-img\"><a href=\"https:\/\/www.youtube.com\/watch?v=qi3v2N6Uibc\" tabindex=\"-1\"><img loading=\"lazy\" decoding=\"async\" width=\"1024\" height=\"573\" src=\"https:\/\/ines-thomsen.com\/wp-content\/uploads\/2023\/10\/Fujifilm-XT-2-Thomsen-Photography-25.-November-2019-1024x573-1.jpg\" class=\"attachment-full size-full wp-image-783\" alt=\"\" srcset=\"https:\/\/ines-thomsen.com\/wp-content\/uploads\/2023\/10\/Fujifilm-XT-2-Thomsen-Photography-25.-November-2019-1024x573-1.jpg 1024w, https:\/\/ines-thomsen.com\/wp-content\/uploads\/2023\/10\/Fujifilm-XT-2-Thomsen-Photography-25.-November-2019-1024x573-1-300x168.jpg 300w, https:\/\/ines-thomsen.com\/wp-content\/uploads\/2023\/10\/Fujifilm-XT-2-Thomsen-Photography-25.-November-2019-1024x573-1-768x430.jpg 768w\" sizes=\"(max-width: 1024px) 100vw, 1024px\" \/><\/a><\/figure><div class=\"elementor-image-box-content\"><h3 class=\"elementor-image-box-title\"><a href=\"https:\/\/www.youtube.com\/watch?v=qi3v2N6Uibc\">Fujifilm XT-2<\/a><\/h3><\/div><\/div>\t\t\t\t<\/div>\n\t\t\t\t<\/div>\n\t\t\t\t<\/div>\n\t\t\t\t<\/div>\n\t\t<div class=\"elementor-element elementor-element-4218b97 e-con-full e-flex e-con e-child\" data-id=\"4218b97\" data-element_type=\"container\">\n\t\t\t\t<div class=\"elementor-element elementor-element-a8b3ea0 elementor-position-top elementor-widget elementor-widget-image-box\" data-id=\"a8b3ea0\" data-element_type=\"widget\" data-widget_type=\"image-box.default\">\n\t\t\t\t<div class=\"elementor-widget-container\">\n\t\t\t\t\t<div class=\"elementor-image-box-wrapper\"><figure class=\"elementor-image-box-img\"><a href=\"https:\/\/preview.ines-thomsen.com\/wp-content\/uploads\/2023\/10\/2019-10-Die-Oberoesterreicherin-DAS-BIN-iCH.pdf\" tabindex=\"-1\"><img loading=\"lazy\" decoding=\"async\" width=\"2500\" height=\"1663\" src=\"https:\/\/ines-thomsen.com\/wp-content\/uploads\/2023\/10\/DAS-BIN-iCH-Thomsen-Photography-05.-November-2019-1.jpg\" class=\"attachment-full size-full wp-image-760\" alt=\"\" srcset=\"https:\/\/ines-thomsen.com\/wp-content\/uploads\/2023\/10\/DAS-BIN-iCH-Thomsen-Photography-05.-November-2019-1.jpg 2500w, https:\/\/ines-thomsen.com\/wp-content\/uploads\/2023\/10\/DAS-BIN-iCH-Thomsen-Photography-05.-November-2019-1-300x200.jpg 300w, https:\/\/ines-thomsen.com\/wp-content\/uploads\/2023\/10\/DAS-BIN-iCH-Thomsen-Photography-05.-November-2019-1-1024x681.jpg 1024w, https:\/\/ines-thomsen.com\/wp-content\/uploads\/2023\/10\/DAS-BIN-iCH-Thomsen-Photography-05.-November-2019-1-768x511.jpg 768w, https:\/\/ines-thomsen.com\/wp-content\/uploads\/2023\/10\/DAS-BIN-iCH-Thomsen-Photography-05.-November-2019-1-1536x1022.jpg 1536w, https:\/\/ines-thomsen.com\/wp-content\/uploads\/2023\/10\/DAS-BIN-iCH-Thomsen-Photography-05.-November-2019-1-2048x1362.jpg 2048w\" sizes=\"(max-width: 2500px) 100vw, 2500px\" \/><\/a><\/figure><div class=\"elementor-image-box-content\"><h3 class=\"elementor-image-box-title\"><a href=\"https:\/\/preview.ines-thomsen.com\/wp-content\/uploads\/2023\/10\/2019-10-Die-Oberoesterreicherin-DAS-BIN-iCH.pdf\">Die Ober\u00f6sterreicherin \u2013 DAS BIN iCH<\/a><\/h3><\/div><\/div>\t\t\t\t<\/div>\n\t\t\t\t<\/div>\n\t\t\t\t<div class=\"elementor-element elementor-element-152e19d elementor-position-top elementor-widget elementor-widget-image-box\" data-id=\"152e19d\" data-element_type=\"widget\" data-widget_type=\"image-box.default\">\n\t\t\t\t<div class=\"elementor-widget-container\">\n\t\t\t\t\t<div class=\"elementor-image-box-wrapper\"><figure class=\"elementor-image-box-img\"><a href=\"https:\/\/preview.ines-thomsen.com\/wp-content\/uploads\/2023\/10\/DurchdenMonatmitInesThomsen.pdf\" tabindex=\"-1\"><img loading=\"lazy\" decoding=\"async\" width=\"768\" height=\"768\" src=\"https:\/\/ines-thomsen.com\/wp-content\/uploads\/2023\/10\/Fujifilm-Fotowelt.jpg\" class=\"attachment-full size-full wp-image-762\" alt=\"\" srcset=\"https:\/\/ines-thomsen.com\/wp-content\/uploads\/2023\/10\/Fujifilm-Fotowelt.jpg 768w, https:\/\/ines-thomsen.com\/wp-content\/uploads\/2023\/10\/Fujifilm-Fotowelt-300x300.jpg 300w, https:\/\/ines-thomsen.com\/wp-content\/uploads\/2023\/10\/Fujifilm-Fotowelt-150x150.jpg 150w\" sizes=\"(max-width: 768px) 100vw, 768px\" \/><\/a><\/figure><div class=\"elementor-image-box-content\"><h3 class=\"elementor-image-box-title\"><a href=\"https:\/\/preview.ines-thomsen.com\/wp-content\/uploads\/2023\/10\/DurchdenMonatmitInesThomsen.pdf\">Fujifilm Fotowelt<\/a><\/h3><\/div><\/div>\t\t\t\t<\/div>\n\t\t\t\t<\/div>\n\t\t<div class=\"elementor-element elementor-element-71c1361 e-con-full e-flex e-con e-child\" data-id=\"71c1361\" data-element_type=\"container\">\n\t\t\t\t<div class=\"elementor-element elementor-element-17895f7 elementor-position-top elementor-widget elementor-widget-image-box\" data-id=\"17895f7\" data-element_type=\"widget\" data-widget_type=\"image-box.default\">\n\t\t\t\t<div class=\"elementor-widget-container\">\n\t\t\t\t\t<div class=\"elementor-image-box-wrapper\"><figure class=\"elementor-image-box-img\"><a href=\"https:\/\/preview.ines-thomsen.com\/wp-content\/uploads\/2023\/10\/FotomagNr.6-1.pdf\" tabindex=\"-1\"><img loading=\"lazy\" decoding=\"async\" width=\"725\" height=\"1024\" src=\"https:\/\/ines-thomsen.com\/wp-content\/uploads\/2023\/10\/Norges-Fotomag-Thomsen-Photography-18.-November-2019-725x1024-1.jpg\" class=\"attachment-full size-full wp-image-774\" alt=\"\" srcset=\"https:\/\/ines-thomsen.com\/wp-content\/uploads\/2023\/10\/Norges-Fotomag-Thomsen-Photography-18.-November-2019-725x1024-1.jpg 725w, https:\/\/ines-thomsen.com\/wp-content\/uploads\/2023\/10\/Norges-Fotomag-Thomsen-Photography-18.-November-2019-725x1024-1-212x300.jpg 212w\" sizes=\"(max-width: 725px) 100vw, 725px\" \/><\/a><\/figure><div class=\"elementor-image-box-content\"><h3 class=\"elementor-image-box-title\"><a href=\"https:\/\/preview.ines-thomsen.com\/wp-content\/uploads\/2023\/10\/FotomagNr.6-1.pdf\">Norges Fotomagasin<\/a><\/h3><\/div><\/div>\t\t\t\t<\/div>\n\t\t\t\t<\/div>\n\t\t\t\t<\/div>\n\t\t<div class=\"elementor-element elementor-element-6bf7821 e-con-full e-flex e-con e-child\" data-id=\"6bf7821\" data-element_type=\"container\">\n\t\t\t\t<div class=\"elementor-element elementor-element-82e07cc elementor-position-top elementor-widget elementor-widget-image-box\" data-id=\"82e07cc\" data-element_type=\"widget\" data-widget_type=\"image-box.default\">\n\t\t\t\t<div class=\"elementor-widget-container\">\n\t\t\t\t\t<div class=\"elementor-image-box-wrapper\"><figure class=\"elementor-image-box-img\"><a href=\"https:\/\/fujifilm-x.com\/de-de\/stories\/whatsinmycamerabag-ines-thomsen\/\" tabindex=\"-1\"><img loading=\"lazy\" decoding=\"async\" width=\"1012\" height=\"1024\" src=\"https:\/\/ines-thomsen.com\/wp-content\/uploads\/2023\/10\/Ines-Thomsen-Photography-Fujilove-Interview-1012x1024-1.png\" class=\"attachment-full size-full wp-image-777\" alt=\"\" srcset=\"https:\/\/ines-thomsen.com\/wp-content\/uploads\/2023\/10\/Ines-Thomsen-Photography-Fujilove-Interview-1012x1024-1.png 1012w, https:\/\/ines-thomsen.com\/wp-content\/uploads\/2023\/10\/Ines-Thomsen-Photography-Fujilove-Interview-1012x1024-1-296x300.png 296w, https:\/\/ines-thomsen.com\/wp-content\/uploads\/2023\/10\/Ines-Thomsen-Photography-Fujilove-Interview-1012x1024-1-768x777.png 768w\" sizes=\"(max-width: 1012px) 100vw, 1012px\" \/><\/a><\/figure><div class=\"elementor-image-box-content\"><h3 class=\"elementor-image-box-title\"><a href=\"https:\/\/fujifilm-x.com\/de-de\/stories\/whatsinmycamerabag-ines-thomsen\/\">Fujilove Magazine Interview<\/a><\/h3><\/div><\/div>\t\t\t\t<\/div>\n\t\t\t\t<\/div>\n\t\t\t\t<\/div>\n\t\t<div class=\"elementor-element elementor-element-90ea200 e-con-full e-flex e-con e-child\" data-id=\"90ea200\" data-element_type=\"container\">\n\t\t\t\t<div class=\"elementor-element elementor-element-b17acdc elementor-position-top elementor-widget elementor-widget-image-box\" data-id=\"b17acdc\" data-element_type=\"widget\" data-widget_type=\"image-box.default\">\n\t\t\t\t<div class=\"elementor-widget-container\">\n\t\t\t\t\t<div class=\"elementor-image-box-wrapper\"><figure class=\"elementor-image-box-img\"><a href=\"https:\/\/player.fm\/series\/bildbesprechung-fotografie-bildbearbeitung\/bb059-ines-thomsen\" tabindex=\"-1\"><img loading=\"lazy\" decoding=\"async\" width=\"512\" height=\"512\" src=\"https:\/\/ines-thomsen.com\/wp-content\/uploads\/2023\/10\/Ines-Thomsen-Bildbesprechung-Podcast-Martin-Doersch.jpg\" class=\"attachment-full size-full wp-image-780\" alt=\"\" srcset=\"https:\/\/ines-thomsen.com\/wp-content\/uploads\/2023\/10\/Ines-Thomsen-Bildbesprechung-Podcast-Martin-Doersch.jpg 512w, https:\/\/ines-thomsen.com\/wp-content\/uploads\/2023\/10\/Ines-Thomsen-Bildbesprechung-Podcast-Martin-Doersch-300x300.jpg 300w, https:\/\/ines-thomsen.com\/wp-content\/uploads\/2023\/10\/Ines-Thomsen-Bildbesprechung-Podcast-Martin-Doersch-150x150.jpg 150w\" sizes=\"(max-width: 512px) 100vw, 512px\" \/><\/a><\/figure><div class=\"elementor-image-box-content\"><h3 class=\"elementor-image-box-title\"><a href=\"https:\/\/player.fm\/series\/bildbesprechung-fotografie-bildbearbeitung\/bb059-ines-thomsen\">Podcast: Bildbesprechung mit Martin Doersch bb059 \u2013 Ines Thomsen<\/a><\/h3><\/div><\/div>\t\t\t\t<\/div>\n\t\t\t\t<\/div>\n\t\t\t\t<\/div>\n\t\t<div class=\"elementor-element elementor-element-84e3c66 e-con-full e-flex e-con e-child\" data-id=\"84e3c66\" data-element_type=\"container\">\n\t\t\t\t<div class=\"elementor-element elementor-element-caae3b3 elementor-position-top elementor-widget elementor-widget-image-box\" data-id=\"caae3b3\" data-element_type=\"widget\" data-widget_type=\"image-box.default\">\n\t\t\t\t<div class=\"elementor-widget-container\">\n\t\t\t\t\t<div class=\"elementor-image-box-wrapper\"><figure class=\"elementor-image-box-img\"><a href=\"https:\/\/fujifilm-x.com\/de-de\/stories\/whatsinmycamerabag-ines-thomsen\/\" tabindex=\"-1\"><img loading=\"lazy\" decoding=\"async\" width=\"827\" height=\"1170\" src=\"https:\/\/ines-thomsen.com\/wp-content\/uploads\/2024\/09\/14-15_FAP_0324_XEvent-05_Seite_2.jpg\" class=\"attachment-full size-full wp-image-2064\" alt=\"\" srcset=\"https:\/\/ines-thomsen.com\/wp-content\/uploads\/2024\/09\/14-15_FAP_0324_XEvent-05_Seite_2.jpg 827w, https:\/\/ines-thomsen.com\/wp-content\/uploads\/2024\/09\/14-15_FAP_0324_XEvent-05_Seite_2-212x300.jpg 212w, https:\/\/ines-thomsen.com\/wp-content\/uploads\/2024\/09\/14-15_FAP_0324_XEvent-05_Seite_2-724x1024.jpg 724w, https:\/\/ines-thomsen.com\/wp-content\/uploads\/2024\/09\/14-15_FAP_0324_XEvent-05_Seite_2-768x1087.jpg 768w\" sizes=\"(max-width: 827px) 100vw, 827px\" \/><\/a><\/figure><div class=\"elementor-image-box-content\"><h3 class=\"elementor-image-box-title\"><a href=\"https:\/\/fujifilm-x.com\/de-de\/stories\/whatsinmycamerabag-ines-thomsen\/\">X-Event<\/a><\/h3><\/div><\/div>\t\t\t\t<\/div>\n\t\t\t\t<\/div>\n\t\t\t\t<div class=\"elementor-element elementor-element-09daada elementor-position-top elementor-widget elementor-widget-image-box\" data-id=\"09daada\" data-element_type=\"widget\" data-widget_type=\"image-box.default\">\n\t\t\t\t<div class=\"elementor-widget-container\">\n\t\t\t\t\t<div class=\"elementor-image-box-wrapper\"><figure class=\"elementor-image-box-img\"><a href=\"https:\/\/preview.ines-thomsen.com\/wp-content\/uploads\/2023\/10\/2014-12-WIR-Ausstellung-OOeGKK.pdf\" tabindex=\"-1\"><img loading=\"lazy\" decoding=\"async\" width=\"827\" height=\"1170\" src=\"https:\/\/ines-thomsen.com\/wp-content\/uploads\/2024\/09\/14-15_FAP_0324_XEvent-05_Seite_1.jpg\" class=\"attachment-full size-full wp-image-2063\" alt=\"\" srcset=\"https:\/\/ines-thomsen.com\/wp-content\/uploads\/2024\/09\/14-15_FAP_0324_XEvent-05_Seite_1.jpg 827w, https:\/\/ines-thomsen.com\/wp-content\/uploads\/2024\/09\/14-15_FAP_0324_XEvent-05_Seite_1-212x300.jpg 212w, https:\/\/ines-thomsen.com\/wp-content\/uploads\/2024\/09\/14-15_FAP_0324_XEvent-05_Seite_1-724x1024.jpg 724w, https:\/\/ines-thomsen.com\/wp-content\/uploads\/2024\/09\/14-15_FAP_0324_XEvent-05_Seite_1-768x1087.jpg 768w\" sizes=\"(max-width: 827px) 100vw, 827px\" \/><\/a><\/figure><\/div>\t\t\t\t<\/div>\n\t\t\t\t<\/div>\n\t\t\t\t<\/div>\n\t\t\t\t<\/div>\n\t\t<div class=\"elementor-element elementor-element-a385c30 e-con-full e-flex e-con e-child\" data-id=\"a385c30\" data-element_type=\"container\">\n\t\t\t\t<div class=\"elementor-element elementor-element-3f21ec9 elementor-position-top elementor-widget elementor-widget-image-box\" data-id=\"3f21ec9\" data-element_type=\"widget\" data-widget_type=\"image-box.default\">\n\t\t\t\t<div class=\"elementor-widget-container\">\n\t\t\t\t\t<div class=\"elementor-image-box-wrapper\"><figure class=\"elementor-image-box-img\"><a href=\"https:\/\/preview.ines-thomsen.com\/wp-content\/uploads\/2023\/10\/FujiLove-Magazine-2019-10.pdf\" tabindex=\"-1\"><img loading=\"lazy\" decoding=\"async\" width=\"1356\" height=\"1754\" src=\"https:\/\/ines-thomsen.com\/wp-content\/uploads\/2023\/10\/FujiLove_October2.png\" class=\"attachment-full size-full wp-image-763\" alt=\"\" srcset=\"https:\/\/ines-thomsen.com\/wp-content\/uploads\/2023\/10\/FujiLove_October2.png 1356w, https:\/\/ines-thomsen.com\/wp-content\/uploads\/2023\/10\/FujiLove_October2-232x300.png 232w, https:\/\/ines-thomsen.com\/wp-content\/uploads\/2023\/10\/FujiLove_October2-792x1024.png 792w, https:\/\/ines-thomsen.com\/wp-content\/uploads\/2023\/10\/FujiLove_October2-768x993.png 768w, https:\/\/ines-thomsen.com\/wp-content\/uploads\/2023\/10\/FujiLove_October2-1187x1536.png 1187w\" sizes=\"(max-width: 1356px) 100vw, 1356px\" \/><\/a><\/figure><div class=\"elementor-image-box-content\"><h3 class=\"elementor-image-box-title\"><a href=\"https:\/\/preview.ines-thomsen.com\/wp-content\/uploads\/2023\/10\/FujiLove-Magazine-2019-10.pdf\">Fujilove Magazine \u2013 Capturing Moments of Emotion<\/a><\/h3><\/div><\/div>\t\t\t\t<\/div>\n\t\t\t\t<\/div>\n\t\t<div class=\"elementor-element elementor-element-4ff851f e-con-full e-flex e-con e-child\" data-id=\"4ff851f\" data-element_type=\"container\">\n\t\t\t\t<div class=\"elementor-element elementor-element-227b593 elementor-position-top elementor-widget elementor-widget-image-box\" data-id=\"227b593\" data-element_type=\"widget\" data-widget_type=\"image-box.default\">\n\t\t\t\t<div class=\"elementor-widget-container\">\n\t\t\t\t\t<div class=\"elementor-image-box-wrapper\"><figure class=\"elementor-image-box-img\"><a href=\"https:\/\/www.youtube.com\/watch?v=2aU3-U9U2Kw&#038;t=265s\" tabindex=\"-1\"><img loading=\"lazy\" decoding=\"async\" width=\"1024\" height=\"557\" src=\"https:\/\/ines-thomsen.com\/wp-content\/uploads\/2023\/10\/unbenannt-Thomsen-Photography-25.-November-2019-1024x557-1.jpg\" class=\"attachment-full size-full wp-image-775\" alt=\"\" srcset=\"https:\/\/ines-thomsen.com\/wp-content\/uploads\/2023\/10\/unbenannt-Thomsen-Photography-25.-November-2019-1024x557-1.jpg 1024w, https:\/\/ines-thomsen.com\/wp-content\/uploads\/2023\/10\/unbenannt-Thomsen-Photography-25.-November-2019-1024x557-1-300x163.jpg 300w, https:\/\/ines-thomsen.com\/wp-content\/uploads\/2023\/10\/unbenannt-Thomsen-Photography-25.-November-2019-1024x557-1-768x418.jpg 768w\" sizes=\"(max-width: 1024px) 100vw, 1024px\" \/><\/a><\/figure><div class=\"elementor-image-box-content\"><h3 class=\"elementor-image-box-title\"><a href=\"https:\/\/www.youtube.com\/watch?v=2aU3-U9U2Kw&#038;t=265s\">Keynote Norway<\/a><\/h3><\/div><\/div>\t\t\t\t<\/div>\n\t\t\t\t<\/div>\n\t\t<div class=\"elementor-element elementor-element-5447d47 e-con-full e-flex e-con e-child\" data-id=\"5447d47\" data-element_type=\"container\">\n\t\t\t\t<div class=\"elementor-element elementor-element-9ec26c6 elementor-position-top elementor-widget elementor-widget-image-box\" data-id=\"9ec26c6\" data-element_type=\"widget\" data-widget_type=\"image-box.default\">\n\t\t\t\t<div class=\"elementor-widget-container\">\n\t\t\t\t\t<div class=\"elementor-image-box-wrapper\"><figure class=\"elementor-image-box-img\"><a href=\"https:\/\/preview.ines-thomsen.com\/wp-content\/uploads\/2023\/10\/2018-02-Wien-Magazin.pdf\" tabindex=\"-1\"><img loading=\"lazy\" decoding=\"async\" width=\"1016\" height=\"722\" src=\"https:\/\/ines-thomsen.com\/wp-content\/uploads\/2023\/10\/Wien-Magazin-Ines-Thomsen.jpg\" class=\"attachment-full size-full wp-image-778\" alt=\"\" srcset=\"https:\/\/ines-thomsen.com\/wp-content\/uploads\/2023\/10\/Wien-Magazin-Ines-Thomsen.jpg 1016w, https:\/\/ines-thomsen.com\/wp-content\/uploads\/2023\/10\/Wien-Magazin-Ines-Thomsen-300x213.jpg 300w, https:\/\/ines-thomsen.com\/wp-content\/uploads\/2023\/10\/Wien-Magazin-Ines-Thomsen-768x546.jpg 768w\" sizes=\"(max-width: 1016px) 100vw, 1016px\" \/><\/a><\/figure><div class=\"elementor-image-box-content\"><h3 class=\"elementor-image-box-title\"><a href=\"https:\/\/preview.ines-thomsen.com\/wp-content\/uploads\/2023\/10\/2018-02-Wien-Magazin.pdf\">Fujilove Magazine Interview<\/a><\/h3><\/div><\/div>\t\t\t\t<\/div>\n\t\t\t\t<\/div>\n\t\t\t\t<\/div>\n\t\t<div class=\"elementor-element elementor-element-5888fdf e-con-full e-flex e-con e-child\" data-id=\"5888fdf\" data-element_type=\"container\">\n\t\t\t\t<div class=\"elementor-element elementor-element-fa12bd1 elementor-position-top elementor-widget elementor-widget-image-box\" data-id=\"fa12bd1\" data-element_type=\"widget\" data-widget_type=\"image-box.default\">\n\t\t\t\t<div class=\"elementor-widget-container\">\n\t\t\t\t\t<div class=\"elementor-image-box-wrapper\"><figure class=\"elementor-image-box-img\"><a href=\"https:\/\/voom.si\/sebastian-schwarzkugler-by-ines-thomsen\/\" tabindex=\"-1\"><img loading=\"lazy\" decoding=\"async\" width=\"837\" height=\"1024\" src=\"https:\/\/ines-thomsen.com\/wp-content\/uploads\/2023\/10\/Voom-Mag-Thomsen-Photography-18.-November-2019-837x1024-1.jpg\" class=\"attachment-full size-full wp-image-781\" alt=\"\" srcset=\"https:\/\/ines-thomsen.com\/wp-content\/uploads\/2023\/10\/Voom-Mag-Thomsen-Photography-18.-November-2019-837x1024-1.jpg 837w, https:\/\/ines-thomsen.com\/wp-content\/uploads\/2023\/10\/Voom-Mag-Thomsen-Photography-18.-November-2019-837x1024-1-245x300.jpg 245w, https:\/\/ines-thomsen.com\/wp-content\/uploads\/2023\/10\/Voom-Mag-Thomsen-Photography-18.-November-2019-837x1024-1-768x940.jpg 768w\" sizes=\"(max-width: 837px) 100vw, 837px\" \/><\/a><\/figure><div class=\"elementor-image-box-content\"><h3 class=\"elementor-image-box-title\"><a href=\"https:\/\/voom.si\/sebastian-schwarzkugler-by-ines-thomsen\/\">Voom Mag<\/a><\/h3><\/div><\/div>\t\t\t\t<\/div>\n\t\t\t\t<\/div>\n\t\t\t\t<\/div>\n\t\t<div class=\"elementor-element elementor-element-0634fa4 e-con-full e-flex e-con e-child\" data-id=\"0634fa4\" data-element_type=\"container\">\n\t\t\t\t<div class=\"elementor-element elementor-element-ff88090 elementor-position-top elementor-widget elementor-widget-image-box\" data-id=\"ff88090\" data-element_type=\"widget\" data-widget_type=\"image-box.default\">\n\t\t\t\t<div class=\"elementor-widget-container\">\n\t\t\t\t\t<div class=\"elementor-image-box-wrapper\"><figure class=\"elementor-image-box-img\"><a href=\"https:\/\/fujifilm-x.com\/de-de\/stories\/whatsinmycamerabag-ines-thomsen\/\" tabindex=\"-1\"><img loading=\"lazy\" decoding=\"async\" width=\"768\" height=\"1024\" src=\"https:\/\/ines-thomsen.com\/wp-content\/uploads\/2023\/10\/Behind-the-scenes-Thomsen-Photography-02.-Juni-2016-768x1024-1.jpg\" class=\"attachment-full size-full wp-image-787\" alt=\"\" srcset=\"https:\/\/ines-thomsen.com\/wp-content\/uploads\/2023\/10\/Behind-the-scenes-Thomsen-Photography-02.-Juni-2016-768x1024-1.jpg 768w, https:\/\/ines-thomsen.com\/wp-content\/uploads\/2023\/10\/Behind-the-scenes-Thomsen-Photography-02.-Juni-2016-768x1024-1-225x300.jpg 225w\" sizes=\"(max-width: 768px) 100vw, 768px\" \/><\/a><\/figure><div class=\"elementor-image-box-content\"><h3 class=\"elementor-image-box-title\"><a href=\"https:\/\/fujifilm-x.com\/de-de\/stories\/whatsinmycamerabag-ines-thomsen\/\">Miss Austria Akademie<\/a><\/h3><\/div><\/div>\t\t\t\t<\/div>\n\t\t\t\t<\/div>\n\t\t\t\t<\/div>\n\t\t\t\t<\/div>\n\t\t\t\t<\/div>\n\t\t\t\t\t<\/div>\n\t\t\t\t<\/div>\n\t\t\t\t<\/div>","protected":false},"excerpt":{"rendered":"<p>Press Keynote Projekt Ewaka f\u00fcr Foto Koch powered by Fujifilm MaF Online Convention hosted by Eberhard Schuy \u2013 Intentionen Ausstellung &#038; Store Opening #HomeofXphotography \u2013 N\u00fcrnberg PROFOTO \u2013 UGANDA B10 Nat\u00fcrlich LT1 Kampagne Whats in my Camera bag \u2013 Fujifilm Joy Magazin Fujifilm XE-3 fotoMagazin Praxis \u2013 Fujifilm Ausstellung WIR \u2013 Werte im Rampenlicht Fujifilm [&hellip;]<\/p>","protected":false},"author":3,"featured_media":0,"parent":0,"menu_order":0,"comment_status":"closed","ping_status":"closed","template":"","meta":{"footnotes":""},"class_list":["post-745","page","type-page","status-publish","hentry"],"yoast_head":"<!-- This site is optimized with the Yoast SEO plugin v26.6 - https:\/\/yoast.com\/wordpress\/plugins\/seo\/ -->\n<title>Press - Thomsen Photography<\/title>\n<meta name=\"description\" content=\"Presse - Entdecken Sie hier s\u00e4mtliche Ver\u00f6ffentlichungen und Berichterstattungen \u00fcber meine Arbeit.\" \/>\n<meta name=\"robots\" content=\"index, follow, max-snippet:-1, max-image-preview:large, max-video-preview:-1\" \/>\n<link rel=\"canonical\" href=\"https:\/\/ines-thomsen.com\/en\/press\/\" \/>\n<meta property=\"og:locale\" content=\"en_US\" \/>\n<meta property=\"og:type\" content=\"article\" \/>\n<meta property=\"og:title\" content=\"Press - Thomsen Photography\" \/>\n<meta property=\"og:description\" content=\"Presse - Entdecken Sie hier s\u00e4mtliche Ver\u00f6ffentlichungen und Berichterstattungen \u00fcber meine Arbeit.\" \/>\n<meta property=\"og:url\" content=\"https:\/\/ines-thomsen.com\/en\/press\/\" \/>\n<meta property=\"og:site_name\" content=\"Thomsen Photography\" \/>\n<meta property=\"article:modified_time\" content=\"2024-09-11T13:05:03+00:00\" \/>\n<meta property=\"og:image\" content=\"https:\/\/ines-thomsen.com\/wp-content\/uploads\/2023\/10\/M20_UT6t6Dk-HD.jpg\" \/>\n<meta name=\"twitter:card\" content=\"summary_large_image\" \/>\n<meta name=\"twitter:label1\" content=\"Est. reading time\" \/>\n\t<meta name=\"twitter:data1\" content=\"6 minutes\" \/>\n<script type=\"application\/ld+json\" class=\"yoast-schema-graph\">{\"@context\":\"https:\/\/schema.org\",\"@graph\":[{\"@type\":\"WebPage\",\"@id\":\"https:\/\/ines-thomsen.com\/press\/\",\"url\":\"https:\/\/ines-thomsen.com\/press\/\",\"name\":\"Press - Thomsen Photography\",\"isPartOf\":{\"@id\":\"https:\/\/ines-thomsen.com\/#website\"},\"primaryImageOfPage\":{\"@id\":\"https:\/\/ines-thomsen.com\/press\/#primaryimage\"},\"image\":{\"@id\":\"https:\/\/ines-thomsen.com\/press\/#primaryimage\"},\"thumbnailUrl\":\"https:\/\/ines-thomsen.com\/wp-content\/uploads\/2023\/10\/M20_UT6t6Dk-HD.jpg\",\"datePublished\":\"2023-10-19T12:39:35+00:00\",\"dateModified\":\"2024-09-11T13:05:03+00:00\",\"description\":\"Presse - Entdecken Sie hier s\u00e4mtliche Ver\u00f6ffentlichungen und Berichterstattungen \u00fcber meine Arbeit.\",\"breadcrumb\":{\"@id\":\"https:\/\/ines-thomsen.com\/press\/#breadcrumb\"},\"inLanguage\":\"en-US\",\"potentialAction\":[{\"@type\":\"ReadAction\",\"target\":[\"https:\/\/ines-thomsen.com\/press\/\"]}]},{\"@type\":\"ImageObject\",\"inLanguage\":\"en-US\",\"@id\":\"https:\/\/ines-thomsen.com\/press\/#primaryimage\",\"url\":\"https:\/\/ines-thomsen.com\/wp-content\/uploads\/2023\/10\/M20_UT6t6Dk-HD.jpg\",\"contentUrl\":\"https:\/\/ines-thomsen.com\/wp-content\/uploads\/2023\/10\/M20_UT6t6Dk-HD.jpg\"},{\"@type\":\"BreadcrumbList\",\"@id\":\"https:\/\/ines-thomsen.com\/press\/#breadcrumb\",\"itemListElement\":[{\"@type\":\"ListItem\",\"position\":1,\"name\":\"Startseite\",\"item\":\"https:\/\/ines-thomsen.com\/\"},{\"@type\":\"ListItem\",\"position\":2,\"name\":\"Press\"}]},{\"@type\":\"WebSite\",\"@id\":\"https:\/\/ines-thomsen.com\/#website\",\"url\":\"https:\/\/ines-thomsen.com\/\",\"name\":\"Thomsen Photography\",\"description\":\"Everything has its beauty\",\"publisher\":{\"@id\":\"https:\/\/ines-thomsen.com\/#organization\"},\"potentialAction\":[{\"@type\":\"SearchAction\",\"target\":{\"@type\":\"EntryPoint\",\"urlTemplate\":\"https:\/\/ines-thomsen.com\/?s={search_term_string}\"},\"query-input\":{\"@type\":\"PropertyValueSpecification\",\"valueRequired\":true,\"valueName\":\"search_term_string\"}}],\"inLanguage\":\"en-US\"},{\"@type\":\"Organization\",\"@id\":\"https:\/\/ines-thomsen.com\/#organization\",\"name\":\"Thomsen Photography\",\"url\":\"https:\/\/ines-thomsen.com\/\",\"logo\":{\"@type\":\"ImageObject\",\"inLanguage\":\"en-US\",\"@id\":\"https:\/\/ines-thomsen.com\/#\/schema\/logo\/image\/\",\"url\":\"https:\/\/ines-thomsen.com\/wp-content\/uploads\/2023\/11\/iTh_Logo-1.svg\",\"contentUrl\":\"https:\/\/ines-thomsen.com\/wp-content\/uploads\/2023\/11\/iTh_Logo-1.svg\",\"width\":708,\"height\":708,\"caption\":\"Thomsen Photography\"},\"image\":{\"@id\":\"https:\/\/ines-thomsen.com\/#\/schema\/logo\/image\/\"}}]}<\/script>\n<!-- \/ Yoast SEO plugin. -->","yoast_head_json":{"title":"Press - Thomsen Photography","description":"Presse - Entdecken Sie hier s\u00e4mtliche Ver\u00f6ffentlichungen und Berichterstattungen \u00fcber meine Arbeit.","robots":{"index":"index","follow":"follow","max-snippet":"max-snippet:-1","max-image-preview":"max-image-preview:large","max-video-preview":"max-video-preview:-1"},"canonical":"https:\/\/ines-thomsen.com\/en\/press\/","og_locale":"en_US","og_type":"article","og_title":"Press - Thomsen Photography","og_description":"Presse - Entdecken Sie hier s\u00e4mtliche Ver\u00f6ffentlichungen und Berichterstattungen \u00fcber meine Arbeit.","og_url":"https:\/\/ines-thomsen.com\/en\/press\/","og_site_name":"Thomsen Photography","article_modified_time":"2024-09-11T13:05:03+00:00","og_image":[{"url":"https:\/\/ines-thomsen.com\/wp-content\/uploads\/2023\/10\/M20_UT6t6Dk-HD.jpg","type":"","width":"","height":""}],"twitter_card":"summary_large_image","twitter_misc":{"Est. reading time":"6 minutes"},"schema":{"@context":"https:\/\/schema.org","@graph":[{"@type":"WebPage","@id":"https:\/\/ines-thomsen.com\/press\/","url":"https:\/\/ines-thomsen.com\/press\/","name":"Press - Thomsen Photography","isPartOf":{"@id":"https:\/\/ines-thomsen.com\/#website"},"primaryImageOfPage":{"@id":"https:\/\/ines-thomsen.com\/press\/#primaryimage"},"image":{"@id":"https:\/\/ines-thomsen.com\/press\/#primaryimage"},"thumbnailUrl":"https:\/\/ines-thomsen.com\/wp-content\/uploads\/2023\/10\/M20_UT6t6Dk-HD.jpg","datePublished":"2023-10-19T12:39:35+00:00","dateModified":"2024-09-11T13:05:03+00:00","description":"Presse - Entdecken Sie hier s\u00e4mtliche Ver\u00f6ffentlichungen und Berichterstattungen \u00fcber meine Arbeit.","breadcrumb":{"@id":"https:\/\/ines-thomsen.com\/press\/#breadcrumb"},"inLanguage":"en-US","potentialAction":[{"@type":"ReadAction","target":["https:\/\/ines-thomsen.com\/press\/"]}]},{"@type":"ImageObject","inLanguage":"en-US","@id":"https:\/\/ines-thomsen.com\/press\/#primaryimage","url":"https:\/\/ines-thomsen.com\/wp-content\/uploads\/2023\/10\/M20_UT6t6Dk-HD.jpg","contentUrl":"https:\/\/ines-thomsen.com\/wp-content\/uploads\/2023\/10\/M20_UT6t6Dk-HD.jpg"},{"@type":"BreadcrumbList","@id":"https:\/\/ines-thomsen.com\/press\/#breadcrumb","itemListElement":[{"@type":"ListItem","position":1,"name":"Startseite","item":"https:\/\/ines-thomsen.com\/"},{"@type":"ListItem","position":2,"name":"Press"}]},{"@type":"WebSite","@id":"https:\/\/ines-thomsen.com\/#website","url":"https:\/\/ines-thomsen.com\/","name":"Thomsen Photography","description":"Everything has its beauty","publisher":{"@id":"https:\/\/ines-thomsen.com\/#organization"},"potentialAction":[{"@type":"SearchAction","target":{"@type":"EntryPoint","urlTemplate":"https:\/\/ines-thomsen.com\/?s={search_term_string}"},"query-input":{"@type":"PropertyValueSpecification","valueRequired":true,"valueName":"search_term_string"}}],"inLanguage":"en-US"},{"@type":"Organization","@id":"https:\/\/ines-thomsen.com\/#organization","name":"Thomsen Photography","url":"https:\/\/ines-thomsen.com\/","logo":{"@type":"ImageObject","inLanguage":"en-US","@id":"https:\/\/ines-thomsen.com\/#\/schema\/logo\/image\/","url":"https:\/\/ines-thomsen.com\/wp-content\/uploads\/2023\/11\/iTh_Logo-1.svg","contentUrl":"https:\/\/ines-thomsen.com\/wp-content\/uploads\/2023\/11\/iTh_Logo-1.svg","width":708,"height":708,"caption":"Thomsen Photography"},"image":{"@id":"https:\/\/ines-thomsen.com\/#\/schema\/logo\/image\/"}}]}},"_links":{"self":[{"href":"http:\/\/ines-thomsen.com\/en\/wp-json\/wp\/v2\/pages\/745","targetHints":{"allow":["GET"]}}],"collection":[{"href":"http:\/\/ines-thomsen.com\/en\/wp-json\/wp\/v2\/pages"}],"about":[{"href":"http:\/\/ines-thomsen.com\/en\/wp-json\/wp\/v2\/types\/page"}],"author":[{"embeddable":true,"href":"http:\/\/ines-thomsen.com\/en\/wp-json\/wp\/v2\/users\/3"}],"replies":[{"embeddable":true,"href":"http:\/\/ines-thomsen.com\/en\/wp-json\/wp\/v2\/comments?post=745"}],"version-history":[{"count":67,"href":"http:\/\/ines-thomsen.com\/en\/wp-json\/wp\/v2\/pages\/745\/revisions"}],"predecessor-version":[{"id":2077,"href":"http:\/\/ines-thomsen.com\/en\/wp-json\/wp\/v2\/pages\/745\/revisions\/2077"}],"wp:attachment":[{"href":"http:\/\/ines-thomsen.com\/en\/wp-json\/wp\/v2\/media?parent=745"}],"curies":[{"name":"wp","href":"https:\/\/api.w.org\/{rel}","templated":true}]}}