{"id":235,"date":"2023-10-11T10:47:53","date_gmt":"2023-10-11T08:47:53","guid":{"rendered":"https:\/\/preview.ines-thomsen.com\/?page_id=235"},"modified":"2023-11-10T14:07:07","modified_gmt":"2023-11-10T13:07:07","slug":"imani-uganda","status":"publish","type":"page","link":"https:\/\/ines-thomsen.com\/en\/social-responsibility\/imani-uganda\/","title":{"rendered":"Imani Uganda"},"content":{"rendered":"<div data-elementor-type=\"wp-page\" data-elementor-id=\"235\" class=\"elementor elementor-235\" data-elementor-post-type=\"page\">\n\t\t\t\t<div class=\"elementor-element elementor-element-188c4ac e-flex e-con-boxed e-con e-parent\" data-id=\"188c4ac\" data-element_type=\"container\">\n\t\t\t\t\t<div class=\"e-con-inner\">\n\t\t\t\t<div class=\"elementor-element elementor-element-3f8f4d5 elementor-widget elementor-widget-heading\" data-id=\"3f8f4d5\" data-element_type=\"widget\" data-widget_type=\"heading.default\">\n\t\t\t\t<div class=\"elementor-widget-container\">\n\t\t\t\t\t<h1 class=\"elementor-heading-title elementor-size-default\">IMani Uganda<\/h1>\t\t\t\t<\/div>\n\t\t\t\t<\/div>\n\t\t\t\t<div class=\"elementor-element elementor-element-a3e2749 elementor-widget elementor-widget-text-editor\" data-id=\"a3e2749\" data-element_type=\"widget\" data-widget_type=\"text-editor.default\">\n\t\t\t\t<div class=\"elementor-widget-container\">\n\t\t\t\t\t\t\t\t\t<div class=\"span12 first-module module_number_1 module_cont module_text_area\"><div class=\"module_content\"><p>Im Zuge eines Foto-Projektes im Waisenhaus <strong><a href=\"https:\/\/ines-thomsen.com\/en\/portfolio\/ewaka-uganda\/\">EWAKA<\/a><\/strong> in Uganda lernte Ines Thomsen die junge Imani kennen. Ein M\u00e4dchen, das seine gro\u00dfe Unsicherheit mit \u00fcbertriebenem Selbstbewusstsein \u00fcberspielte und mit seinem lauten Auftreten die Aufmerksamkeit der Fotografin auf sich zog. Bei einer gemeinsamen Safari versuchte Ines Thomsen hinter Imanis Fassade zu blicken und erkannte dabei schnell, dass es sich bei dem Schauspiel des h\u00fcbschen M\u00e4dchens eigentlich um einen herzzerrei\u00dfenden Hilferuf handelte. Sie wollte gesehen werden. Sie wollte respektiert und geliebt werden. Nur selbst, wusste sie das zu diesem Zeitpunkt noch nicht.<\/p><p>Fest entschlossen Imani dabei zu helfen ihre inneren D\u00e4monen zu bezwingen, ihren eigenen Wert zu erkennen und ihre Selbstliebe zu aktivieren, bat Ines Thomsen das junge M\u00e4dchen vor ihre Kamera. Dass jemand tats\u00e4chliches Interesse an ihr zeigte und mit gro\u00dfem Einf\u00fchlungsverm\u00f6gen versuchte ihr verzerrtes Selbstbild zurecht zu r\u00fccken, gab Imani die Kraft sich beim Shooting zu \u00f6ffnen und ihre ergreifende Geschichte zu erz\u00e4hlen \u2026<\/p><p>\u00a0<\/p><blockquote><p>\u00a0\u00a0<em>\u00a0 I\u00a0 had no reason to give me confidence growing up, non whatsoever, I am a product of a teenage mum and a polygamous Dad, you probably wouldn\u2019t understand the big deal but I was a symbol of past mistakes for both my parents . They separated when I was shyly a year or so and my dad insisted he would keep me. For the rest of my kinder life my dad reminded me violently of how I reminded him of my mum and how much he hated her for leaving him. I didn\u2019t have a clear picture of how my mum looked like until was about 7\/8 when she came to pick me up from my dad who threatened to kill me if she didn\u2019t take me.<\/em><\/p><p><em>\u00a0\u00a0\u00a0 I had been on the street for three weeks, it\u2019s the longest I had been lost this time and I think my dad was really scared. The reason he couldn\u2019t find me was because I had gone far from home and I was begging with the street kids when a prostitute saved me from child trafficking, she cancelled work that night and took me to her home, she asked me who my parents were and I told her they were dead, she knew I was lying because I had my school uniform on. She threatened to take me to the police station if I didn\u2019t tell her who my parents were, so I burst down in tears and I told her if she did, my dad would kill me this time, I showed her all the bruises and wounds I had from the beatings some were still bleeding especially my back. That\u2019s not even half of the story guys but that was the beginning of my self-hate.<\/em><\/p><p><em>\u00a0\u00a0\u00a0 I grew up blaming myself for everything bad that happened to me, I believed I wasn\u2019t a good child and deserved to be beaten because I didn\u2019t listen, why did I spill juice on my uniform? How did I even lose my copy of the house key knowing I would get beaten if I did? I am such a pathetic person how can I pray for my dad not to come home because am afraid he is going to beat me for the mistakes I made, how can I lie about being an orphan, I mean what kind of human am I?<\/em><br \/><em>\u00a0\u00a0\u00a0 I have critiqued myself so much that nothing else however nice and genuine it was someone said about me, I still didn\u2019t think I was a good enough a person. I have looked down on my own success and gave credit to other people or things for it.<\/em><\/p><p><em>\u00a0\u00a0\u00a0 My self hate comes from childhood torture, let me tell you I still blame myself for getting raped at 12, how could I have been so stupid to believe that a grown strange man could be shelter while I ran away from my dad\u2019s beating in the middle of the night , I never told anyone that I got raped because I thought I could get punished again for it, I later got treated for a horrible UTI, and there were speculations I had run away to a boy\u2019s influence. My whole life I have been wrongfully judged by my own parents, relatives and people who had no business judging me.<\/em><\/p><p><em>\u00a0\u00a0\u00a0 I cringed at the concept of nudity vs freedom, I felt like people just wanted to show off how beautiful they were and used freedom as an excuse, those who know me know that I am an overdose of low self esteem with a little kinky rebel. It\u2019s like it almost hurts when someone calls me pretty, I say \u201cThank you\u201d to be polite not because I agree with you. Never in a million years would I have thought any photographer would be interested in taking pictures of me. I have nothing, I see nothing in me worth taking pictures of. But Ines Thomsen is not just a photographer, she shares a part of herself during the shoots that inspires and uplifts, she realized that compliments don\u2019t help me if I don\u2019t look deeper with in me . She used Photography Related Therapy to show me what I don\u2019t see . I then realized hers is not just photography it\u2019s beyond that. She made me feel like I was a natural, she politely asked for my permission to show me how her and my friends saw me. When your self esteem is on a low you will never see anything beautiful about you, just because you are beautiful doesn\u2019t mean you see it , She talked about my eye lashes and how other people would need extensions to achieve them and I bluffed it off with \u201cit\u2019s the mascara\u201c &#8211; when she talked about my skin being uniquely amazing I told her it was the probably the sun, she wasn\u2019t the first person to say it, I heard it so many times . I have had so many people telling me that I am beautiful and I didn\u2019t see it .<\/em><\/p><p><em>\u00a0\u00a0\u00a0 The most painful and remarkable part of the shoot was me having to select my own favorite shots. I couldn\u2019t stare at myself in these pictures, it was like a punishment, I told her I couldn\u2019t do it, because when I saw myself I hated myself like almost disgusted with my flaws, she was patient with me, she would talk about what she likes about one picture and she would ask me to\u00a0 select the next, I picked out about 30 pictures. I realized that I actually loved so many things about myself that I had never noticed before. We showed the pictures to my friends, they said they were amazing. I kept looking closely and actually realized I could love myself a little more if I focus on the beautiful things about me more than what I hated. And I think that\u2019s how photography therapy works, it starts with laying your fears on the table, it takes courage, accepting yourself once you start to point out the little things you love, you start to realize you are more than what you look at. The scars you hate are part of who are and that makes you beautiful.<\/em><\/p><p><em>\u00a0\u00a0\u00a0 This doesn\u2019t mean I got entirely over my insecurities, I see them but they don\u2019t bother me like they used to. Turns out I am not fat, every time I saw my pictures I thought I had too big arms, very big thighs, I don\u2019t even know what mirror I was looking in. Her wish was that she hoped I would see myself and love myself like the people that loved me did, Her wish did come true because otherwise you would never see me in a bikini! It\u2019s funny how it all sounded impossible when she talked about photography being a form of therapy. I thought it to be impossible I mean what could it change in me that I haven\u2019t seen in the mirror. Turns out Photography Supported Therapy is a real thing, there\u2019s a lot about you as a person that you miss seeing with all the pressure that surrounds perfectionism. It\u2019s hard to believe that there are people out there who look in the mirror everyday and still don\u2019t recognize themselves or hate the person they are. To think a photographer like Ines sees and searches beyond the outer appearance and believes every human\u2019s unique appearance has a story that adds purpose. You can comfortably embrace your scars and it will never block your beauty.<\/em><\/p><p><em>\u00a0\u00a0\u00a0 It takes one person to destroy your self-esteem. But most importantly it takes one person to believe in you and it can change you for a lifetime. Not only is she a photographer, she is an inspiration to me, a confident, someone who helped me not only see myself differently but beauty in others, I survived on looking for flaws in others, it comforted me to see that someone\u2019s flaws were worse than mine and that made me feel a little better about myself. Now when I look at other people I smile because humans are incredible pieces of Art \u2665 \u2665.<\/em><\/p><p><em>\u00a0\u00a0\u00a0 I am proud to live in this world at the same time with such a phenomenal woman. I appreciate you so much Ines \u2665 \u2665<\/em><\/p><\/blockquote><\/div><\/div>\t\t\t\t\t\t\t\t<\/div>\n\t\t\t\t<\/div>\n\t\t\t\t\t<\/div>\n\t\t\t\t<\/div>\n\t\t<div class=\"elementor-element elementor-element-376a401 e-flex e-con-boxed e-con e-parent\" data-id=\"376a401\" data-element_type=\"container\">\n\t\t\t\t\t<div class=\"e-con-inner\">\n\t\t\t\t<div class=\"elementor-element elementor-element-d00ac13 elementor-widget elementor-widget-shortcode\" data-id=\"d00ac13\" data-element_type=\"widget\" data-widget_type=\"shortcode.default\">\n\t\t\t\t<div class=\"elementor-widget-container\">\n\t\t\t\t\t\t\t<div class=\"elementor-shortcode\"><style>#jtg-135 .modula-item .jtg-social a, .lightbox-socials.jtg-social a{ fill: #ffffff; color: #ffffff }#jtg-135 .modula-item .jtg-social-expandable a, #jtg-135 .modula-item .jtg-social-expandable-icons a{ fill: #ffffff; color: #ffffff }#jtg-135 .modula-item .jtg-social svg, .lightbox-socials.jtg-social svg { height: 16px; width: 16px }#jtg-135 .modula-item .jtg-social-expandable svg { height: 16px; width: 16px }#jtg-135 .modula-item .jtg-social-expandable-icons svg { height: 16px; width: 16px }#jtg-135 .modula-item .jtg-social a:not(:last-child), .lightbox-socials.jtg-social a:not(:last-child) { margin-right: 10px }#jtg-135 .modula-item .jtg-social-expandable-icons { gap: 10px }#jtg-135 .modula-item .figc {color:#ffffff;}#jtg-135 .modula-item .modula-item-content { transform: scale(1); }#jtg-135 { width:100%;}#jtg-135 .modula-items .figc p.description { font-size:14px; }#jtg-135 .modula-items .figc p.description { color:#ffffff;}#jtg-135.modula-gallery .modula-item > a, #jtg-135.modula-gallery .modula-item, #jtg-135.modula-gallery .modula-item-content > a:not(.modula-no-follow) { cursor:zoom-in; } #jtg-135.modula-gallery .modula-item-content .modula-no-follow { cursor: default; } @media screen and (max-width:480px){#jtg-135 .modula-item .figc .jtg-title {  font-size: 12px; }#jtg-135 .modula-items .figc p.description { color:#ffffff;font-size:10px; }}<\/style>\n<div  id=\"jtg-135\" class=\"modula modula-gallery modula-columns\" data-config=\"{&quot;tabletHeight&quot;:0,&quot;mobileHeight&quot;:0,&quot;desktopHeight&quot;:0,&quot;enableTwitter&quot;:false,&quot;enableWhatsapp&quot;:false,&quot;enableFacebook&quot;:false,&quot;enablePinterest&quot;:false,&quot;enableLinkedin&quot;:false,&quot;enableEmail&quot;:false,&quot;randomFactor&quot;:0,&quot;type&quot;:&quot;grid&quot;,&quot;columns&quot;:12,&quot;gutter&quot;:10,&quot;mobileGutter&quot;:10,&quot;tabletGutter&quot;:10,&quot;desktopGutter&quot;:10,&quot;enableResponsive&quot;:&quot;0&quot;,&quot;tabletColumns&quot;:&quot;2&quot;,&quot;mobileColumns&quot;:&quot;1&quot;,&quot;lazyLoad&quot;:0,&quot;lightboxOpts&quot;:{&quot;animated&quot;:true,&quot;Thumbs&quot;:{&quot;type&quot;:&quot;modern&quot;,&quot;showOnStart&quot;:false},&quot;Toolbar&quot;:{&quot;display&quot;:{&quot;right&quot;:[&quot;close&quot;]},&quot;enabled&quot;:true},&quot;Carousel&quot;:{&quot;Panzoom&quot;:{&quot;touch&quot;:false},&quot;infinite&quot;:false},&quot;keyboard&quot;:{&quot;Escape&quot;:&quot;close&quot;,&quot;Delete&quot;:&quot;close&quot;,&quot;Backspace&quot;:&quot;close&quot;,&quot;PageUp&quot;:false,&quot;PageDown&quot;:false,&quot;ArrowUp&quot;:false,&quot;ArrowDown&quot;:false,&quot;ArrowRight&quot;:false,&quot;ArrowLeft&quot;:false},&quot;touch&quot;:false,&quot;backdropClick&quot;:false,&quot;l10n&quot;:{&quot;CLOSE&quot;:&quot;Close&quot;,&quot;NEXT&quot;:&quot;Next&quot;,&quot;PREV&quot;:&quot;Previous&quot;,&quot;Error&quot;:&quot;The requested content cannot be loaded. Please try again later.&quot;,&quot;PLAY_START&quot;:&quot;Start slideshow&quot;,&quot;PLAY_STOP&quot;:&quot;Pause slideshow&quot;,&quot;FULL_SCREEN&quot;:&quot;Full screen&quot;,&quot;THUMBS&quot;:&quot;Thumbnails&quot;,&quot;DOWNLOAD&quot;:&quot;Download&quot;,&quot;SHARE&quot;:&quot;Share&quot;,&quot;ZOOM&quot;:&quot;Zoom&quot;,&quot;EMAIL&quot;:&quot;Here is the link to the image : %%image_link%% and this is the link to the gallery : %%gallery_link%%&quot;,&quot;MODAL&quot;:&quot;You can close this modal content with the ESC key&quot;,&quot;ERROR&quot;:&quot;Something Went Wrong, Please Try Again Later&quot;,&quot;IMAGE_ERROR&quot;:&quot;Image Not Found&quot;,&quot;ELEMENT_NOT_FOUND&quot;:&quot;HTML Element Not Found&quot;,&quot;AJAX_NOT_FOUND&quot;:&quot;Error Loading AJAX : Not Found&quot;,&quot;AJAX_FORBIDDEN&quot;:&quot;Error Loading AJAX : Forbidden&quot;,&quot;IFRAME_ERROR&quot;:&quot;Error Loading Page&quot;,&quot;TOGGLE_ZOOM&quot;:&quot;Toggle zoom level&quot;,&quot;TOGGLE_THUMBS&quot;:&quot;Toggle thumbnails&quot;,&quot;TOGGLE_SLIDESHOW&quot;:&quot;Toggle slideshow&quot;,&quot;TOGGLE_FULLSCREEN&quot;:&quot;Toggle full-screen mode&quot;},&quot;Images&quot;:{&quot;Panzoom&quot;:{&quot;maxScale&quot;:2}},&quot;mainClass&quot;:&quot;modula-fancybox-container modula-lightbox-jtg-135&quot;,&quot;Html&quot;:{&quot;videoAutoplay&quot;:0,&quot;videoTpl&quot;:&quot;&lt;video class=\\&quot;fancybox__html5video\\&quot; controls muted playsinline controlsList controlsList=\\&quot;nodownload\\&quot; poster=\\&quot;{{poster}}\\&quot; src=\\&quot;{{src}}\\&quot; type=\\&quot;{{format}}\\&quot; &gt;  Sorry, your browser doesn&#039;t support embedded videos, &lt;a href=\\&quot;{{src}}\\&quot;&gt; download &lt;\\\/a&gt; and watch with your favorite video player! &lt;\\\/video&gt;&quot;}},&quot;inView&quot;:false,&quot;email_subject&quot;:&quot;Check out this awesome image !!&quot;,&quot;email_message&quot;:&quot;Here is the link to the image : %%image_link%% and this is the link to the gallery : %%gallery_link%%&quot;,&quot;grid_type&quot;:&quot;automatic&quot;,&quot;rowHeight&quot;:250,&quot;lastRow&quot;:&quot;justify&quot;,&quot;lightbox&quot;:&quot;fancybox&quot;}\">\n\n\t\n\t<div  class=\"modula-items grid-gallery\">\n\t\t<div class=\"modula-item effect-pufrobo\" >\n\t<div class=\"modula-item-overlay\"><\/div>\n\n\t<div class=\"modula-item-content\">\n\n\t\t\t\t\n\t\t\t\t\t<a data-image-id=\"984\" role=\"button\" data-elementor-open-lightbox=\"no\" tabindex=\"0\" rel=\"jtg-135\" data-caption=\"\" aria-label=\"Open image in lightbox\" class=\"tile-inner modula-item-link\"><\/a>\n\t\t\n\t\t<img fetchpriority=\"high\" decoding=\"async\" class=\"pic wp-image-984\"  data-valign=\"middle\" data-halign=\"center\" alt=\"\" data-full=\"https:\/\/ines-thomsen.com\/wp-content\/uploads\/2023\/10\/Ines-Thomsen-Photography-Imani-Uganda-14.jpg\" title=\"Ines Thomsen Photography -Imani Uganda-14\" width=\"683\" height=\"1024\" src=\"https:\/\/ines-thomsen.com\/wp-content\/uploads\/2023\/10\/Ines-Thomsen-Photography-Imani-Uganda-14-683x1024.jpg\" data-src=\"https:\/\/ines-thomsen.com\/wp-content\/uploads\/2023\/10\/Ines-Thomsen-Photography-Imani-Uganda-14-683x1024.jpg\" data-caption=\"\" srcset=\"https:\/\/ines-thomsen.com\/wp-content\/uploads\/2023\/10\/Ines-Thomsen-Photography-Imani-Uganda-14.jpg 1067w, https:\/\/ines-thomsen.com\/wp-content\/uploads\/2023\/10\/Ines-Thomsen-Photography-Imani-Uganda-14-200x300.jpg 200w, https:\/\/ines-thomsen.com\/wp-content\/uploads\/2023\/10\/Ines-Thomsen-Photography-Imani-Uganda-14-683x1024.jpg 683w, https:\/\/ines-thomsen.com\/wp-content\/uploads\/2023\/10\/Ines-Thomsen-Photography-Imani-Uganda-14-768x1152.jpg 768w, https:\/\/ines-thomsen.com\/wp-content\/uploads\/2023\/10\/Ines-Thomsen-Photography-Imani-Uganda-14-1024x1536.jpg 1024w\" sizes=\"(max-width: 683px) 100vw, 683px\" \/>\n\t\t<div class=\"figc no-description\">\n\t\t\t<div class=\"figc-inner\">\n\t\t\t\t\t\t\t\t\t\t\t\t\t\t\t<\/div>\n\t\t<\/div>\n\n\t<\/div>\n\n<\/div><div class=\"modula-item effect-pufrobo\" >\n\t<div class=\"modula-item-overlay\"><\/div>\n\n\t<div class=\"modula-item-content\">\n\n\t\t\t\t\n\t\t\t\t\t<a data-image-id=\"985\" role=\"button\" data-elementor-open-lightbox=\"no\" tabindex=\"0\" rel=\"jtg-135\" data-caption=\"\" aria-label=\"Open image in lightbox\" class=\"tile-inner modula-item-link\"><\/a>\n\t\t\n\t\t<img decoding=\"async\" class=\"pic wp-image-985\"  data-valign=\"middle\" data-halign=\"center\" alt=\"\" data-full=\"https:\/\/ines-thomsen.com\/wp-content\/uploads\/2023\/10\/Ines-Thomsen-Photography-Imani-Uganda-13.jpg\" title=\"Ines Thomsen Photography -Imani Uganda-13\" width=\"683\" height=\"1024\" src=\"https:\/\/ines-thomsen.com\/wp-content\/uploads\/2023\/10\/Ines-Thomsen-Photography-Imani-Uganda-13-683x1024.jpg\" data-src=\"https:\/\/ines-thomsen.com\/wp-content\/uploads\/2023\/10\/Ines-Thomsen-Photography-Imani-Uganda-13-683x1024.jpg\" data-caption=\"\" srcset=\"https:\/\/ines-thomsen.com\/wp-content\/uploads\/2023\/10\/Ines-Thomsen-Photography-Imani-Uganda-13.jpg 1067w, https:\/\/ines-thomsen.com\/wp-content\/uploads\/2023\/10\/Ines-Thomsen-Photography-Imani-Uganda-13-200x300.jpg 200w, https:\/\/ines-thomsen.com\/wp-content\/uploads\/2023\/10\/Ines-Thomsen-Photography-Imani-Uganda-13-683x1024.jpg 683w, https:\/\/ines-thomsen.com\/wp-content\/uploads\/2023\/10\/Ines-Thomsen-Photography-Imani-Uganda-13-768x1152.jpg 768w, https:\/\/ines-thomsen.com\/wp-content\/uploads\/2023\/10\/Ines-Thomsen-Photography-Imani-Uganda-13-1024x1536.jpg 1024w\" sizes=\"(max-width: 683px) 100vw, 683px\" \/>\n\t\t<div class=\"figc no-description\">\n\t\t\t<div class=\"figc-inner\">\n\t\t\t\t\t\t\t\t\t\t\t\t\t\t\t<\/div>\n\t\t<\/div>\n\n\t<\/div>\n\n<\/div><div class=\"modula-item effect-pufrobo\" >\n\t<div class=\"modula-item-overlay\"><\/div>\n\n\t<div class=\"modula-item-content\">\n\n\t\t\t\t\n\t\t\t\t\t<a data-image-id=\"986\" role=\"button\" data-elementor-open-lightbox=\"no\" tabindex=\"0\" rel=\"jtg-135\" data-caption=\"\" aria-label=\"Open image in lightbox\" class=\"tile-inner modula-item-link\"><\/a>\n\t\t\n\t\t<img decoding=\"async\" class=\"pic wp-image-986\"  data-valign=\"middle\" data-halign=\"center\" alt=\"\" data-full=\"https:\/\/ines-thomsen.com\/wp-content\/uploads\/2023\/10\/Ines-Thomsen-Photography-Imani-Uganda-12.jpg\" title=\"Ines Thomsen Photography -Imani Uganda-12\" width=\"683\" height=\"1024\" src=\"https:\/\/ines-thomsen.com\/wp-content\/uploads\/2023\/10\/Ines-Thomsen-Photography-Imani-Uganda-12-683x1024.jpg\" data-src=\"https:\/\/ines-thomsen.com\/wp-content\/uploads\/2023\/10\/Ines-Thomsen-Photography-Imani-Uganda-12-683x1024.jpg\" data-caption=\"\" srcset=\"https:\/\/ines-thomsen.com\/wp-content\/uploads\/2023\/10\/Ines-Thomsen-Photography-Imani-Uganda-12.jpg 1067w, https:\/\/ines-thomsen.com\/wp-content\/uploads\/2023\/10\/Ines-Thomsen-Photography-Imani-Uganda-12-200x300.jpg 200w, https:\/\/ines-thomsen.com\/wp-content\/uploads\/2023\/10\/Ines-Thomsen-Photography-Imani-Uganda-12-683x1024.jpg 683w, https:\/\/ines-thomsen.com\/wp-content\/uploads\/2023\/10\/Ines-Thomsen-Photography-Imani-Uganda-12-768x1152.jpg 768w, https:\/\/ines-thomsen.com\/wp-content\/uploads\/2023\/10\/Ines-Thomsen-Photography-Imani-Uganda-12-1024x1536.jpg 1024w\" sizes=\"(max-width: 683px) 100vw, 683px\" \/>\n\t\t<div class=\"figc no-description\">\n\t\t\t<div class=\"figc-inner\">\n\t\t\t\t\t\t\t\t\t\t\t\t\t\t\t<\/div>\n\t\t<\/div>\n\n\t<\/div>\n\n<\/div><div class=\"modula-item effect-pufrobo\" >\n\t<div class=\"modula-item-overlay\"><\/div>\n\n\t<div class=\"modula-item-content\">\n\n\t\t\t\t\n\t\t\t\t\t<a data-image-id=\"996\" role=\"button\" data-elementor-open-lightbox=\"no\" tabindex=\"0\" rel=\"jtg-135\" data-caption=\"\" aria-label=\"Open image in lightbox\" class=\"tile-inner modula-item-link\"><\/a>\n\t\t\n\t\t<img loading=\"lazy\" decoding=\"async\" class=\"pic wp-image-996\"  data-valign=\"middle\" data-halign=\"center\" alt=\"\" data-full=\"https:\/\/ines-thomsen.com\/wp-content\/uploads\/2023\/10\/Ines-Thomsen-Photography-Imani-Uganda-3.jpg\" title=\"Ines Thomsen Photography -Imani Uganda-3\" width=\"800\" height=\"534\" src=\"https:\/\/ines-thomsen.com\/wp-content\/uploads\/2023\/10\/Ines-Thomsen-Photography-Imani-Uganda-3-1024x683.jpg\" data-src=\"https:\/\/ines-thomsen.com\/wp-content\/uploads\/2023\/10\/Ines-Thomsen-Photography-Imani-Uganda-3-1024x683.jpg\" data-caption=\"\" srcset=\"https:\/\/ines-thomsen.com\/wp-content\/uploads\/2023\/10\/Ines-Thomsen-Photography-Imani-Uganda-3.jpg 1600w, https:\/\/ines-thomsen.com\/wp-content\/uploads\/2023\/10\/Ines-Thomsen-Photography-Imani-Uganda-3-300x200.jpg 300w, https:\/\/ines-thomsen.com\/wp-content\/uploads\/2023\/10\/Ines-Thomsen-Photography-Imani-Uganda-3-1024x683.jpg 1024w, https:\/\/ines-thomsen.com\/wp-content\/uploads\/2023\/10\/Ines-Thomsen-Photography-Imani-Uganda-3-768x512.jpg 768w, https:\/\/ines-thomsen.com\/wp-content\/uploads\/2023\/10\/Ines-Thomsen-Photography-Imani-Uganda-3-1536x1024.jpg 1536w\" sizes=\"(max-width: 800px) 100vw, 800px\" \/>\n\t\t<div class=\"figc no-description\">\n\t\t\t<div class=\"figc-inner\">\n\t\t\t\t\t\t\t\t\t\t\t\t\t\t\t<\/div>\n\t\t<\/div>\n\n\t<\/div>\n\n<\/div><div class=\"modula-item effect-pufrobo\" >\n\t<div class=\"modula-item-overlay\"><\/div>\n\n\t<div class=\"modula-item-content\">\n\n\t\t\t\t\n\t\t\t\t\t<a data-image-id=\"997\" role=\"button\" data-elementor-open-lightbox=\"no\" tabindex=\"0\" rel=\"jtg-135\" data-caption=\"\" aria-label=\"Open image in lightbox\" class=\"tile-inner modula-item-link\"><\/a>\n\t\t\n\t\t<img loading=\"lazy\" decoding=\"async\" class=\"pic wp-image-997\"  data-valign=\"middle\" data-halign=\"center\" alt=\"\" data-full=\"https:\/\/ines-thomsen.com\/wp-content\/uploads\/2023\/10\/Ines-Thomsen-Photography-Imani-Uganda.jpg\" title=\"Ines Thomsen Photography -Imani Uganda\" width=\"800\" height=\"534\" src=\"https:\/\/ines-thomsen.com\/wp-content\/uploads\/2023\/10\/Ines-Thomsen-Photography-Imani-Uganda-1024x683.jpg\" data-src=\"https:\/\/ines-thomsen.com\/wp-content\/uploads\/2023\/10\/Ines-Thomsen-Photography-Imani-Uganda-1024x683.jpg\" data-caption=\"\" srcset=\"https:\/\/ines-thomsen.com\/wp-content\/uploads\/2023\/10\/Ines-Thomsen-Photography-Imani-Uganda.jpg 1600w, https:\/\/ines-thomsen.com\/wp-content\/uploads\/2023\/10\/Ines-Thomsen-Photography-Imani-Uganda-300x200.jpg 300w, https:\/\/ines-thomsen.com\/wp-content\/uploads\/2023\/10\/Ines-Thomsen-Photography-Imani-Uganda-1024x683.jpg 1024w, https:\/\/ines-thomsen.com\/wp-content\/uploads\/2023\/10\/Ines-Thomsen-Photography-Imani-Uganda-768x512.jpg 768w, https:\/\/ines-thomsen.com\/wp-content\/uploads\/2023\/10\/Ines-Thomsen-Photography-Imani-Uganda-1536x1024.jpg 1536w\" sizes=\"(max-width: 800px) 100vw, 800px\" \/>\n\t\t<div class=\"figc no-description\">\n\t\t\t<div class=\"figc-inner\">\n\t\t\t\t\t\t\t\t\t\t\t\t\t\t\t<\/div>\n\t\t<\/div>\n\n\t<\/div>\n\n<\/div><div class=\"modula-item effect-pufrobo\" >\n\t<div class=\"modula-item-overlay\"><\/div>\n\n\t<div class=\"modula-item-content\">\n\n\t\t\t\t\n\t\t\t\t\t<a data-image-id=\"991\" role=\"button\" data-elementor-open-lightbox=\"no\" tabindex=\"0\" rel=\"jtg-135\" data-caption=\"\" aria-label=\"Open image in lightbox\" class=\"tile-inner modula-item-link\"><\/a>\n\t\t\n\t\t<img loading=\"lazy\" decoding=\"async\" class=\"pic wp-image-991\"  data-valign=\"middle\" data-halign=\"center\" alt=\"\" data-full=\"https:\/\/ines-thomsen.com\/wp-content\/uploads\/2023\/10\/Ines-Thomsen-Photography-Imani-Uganda-7.jpg\" title=\"Ines Thomsen Photography -Imani Uganda-7\" width=\"683\" height=\"1024\" src=\"https:\/\/ines-thomsen.com\/wp-content\/uploads\/2023\/10\/Ines-Thomsen-Photography-Imani-Uganda-7-683x1024.jpg\" data-src=\"https:\/\/ines-thomsen.com\/wp-content\/uploads\/2023\/10\/Ines-Thomsen-Photography-Imani-Uganda-7-683x1024.jpg\" data-caption=\"\" srcset=\"https:\/\/ines-thomsen.com\/wp-content\/uploads\/2023\/10\/Ines-Thomsen-Photography-Imani-Uganda-7.jpg 1067w, https:\/\/ines-thomsen.com\/wp-content\/uploads\/2023\/10\/Ines-Thomsen-Photography-Imani-Uganda-7-200x300.jpg 200w, https:\/\/ines-thomsen.com\/wp-content\/uploads\/2023\/10\/Ines-Thomsen-Photography-Imani-Uganda-7-683x1024.jpg 683w, https:\/\/ines-thomsen.com\/wp-content\/uploads\/2023\/10\/Ines-Thomsen-Photography-Imani-Uganda-7-768x1152.jpg 768w, https:\/\/ines-thomsen.com\/wp-content\/uploads\/2023\/10\/Ines-Thomsen-Photography-Imani-Uganda-7-1024x1536.jpg 1024w\" sizes=\"(max-width: 683px) 100vw, 683px\" \/>\n\t\t<div class=\"figc no-description\">\n\t\t\t<div class=\"figc-inner\">\n\t\t\t\t\t\t\t\t\t\t\t\t\t\t\t<\/div>\n\t\t<\/div>\n\n\t<\/div>\n\n<\/div><div class=\"modula-item effect-pufrobo\" >\n\t<div class=\"modula-item-overlay\"><\/div>\n\n\t<div class=\"modula-item-content\">\n\n\t\t\t\t\n\t\t\t\t\t<a data-image-id=\"987\" role=\"button\" data-elementor-open-lightbox=\"no\" tabindex=\"0\" rel=\"jtg-135\" data-caption=\"\" aria-label=\"Open image in lightbox\" class=\"tile-inner modula-item-link\"><\/a>\n\t\t\n\t\t<img loading=\"lazy\" decoding=\"async\" class=\"pic wp-image-987\"  data-valign=\"middle\" data-halign=\"center\" alt=\"\" data-full=\"https:\/\/ines-thomsen.com\/wp-content\/uploads\/2023\/10\/Ines-Thomsen-Photography-Imani-Uganda-11.jpg\" title=\"Ines Thomsen Photography -Imani Uganda-11\" width=\"800\" height=\"534\" src=\"https:\/\/ines-thomsen.com\/wp-content\/uploads\/2023\/10\/Ines-Thomsen-Photography-Imani-Uganda-11-1024x683.jpg\" data-src=\"https:\/\/ines-thomsen.com\/wp-content\/uploads\/2023\/10\/Ines-Thomsen-Photography-Imani-Uganda-11-1024x683.jpg\" data-caption=\"\" srcset=\"https:\/\/ines-thomsen.com\/wp-content\/uploads\/2023\/10\/Ines-Thomsen-Photography-Imani-Uganda-11.jpg 1600w, https:\/\/ines-thomsen.com\/wp-content\/uploads\/2023\/10\/Ines-Thomsen-Photography-Imani-Uganda-11-300x200.jpg 300w, https:\/\/ines-thomsen.com\/wp-content\/uploads\/2023\/10\/Ines-Thomsen-Photography-Imani-Uganda-11-1024x683.jpg 1024w, https:\/\/ines-thomsen.com\/wp-content\/uploads\/2023\/10\/Ines-Thomsen-Photography-Imani-Uganda-11-768x512.jpg 768w, https:\/\/ines-thomsen.com\/wp-content\/uploads\/2023\/10\/Ines-Thomsen-Photography-Imani-Uganda-11-1536x1024.jpg 1536w\" sizes=\"(max-width: 800px) 100vw, 800px\" \/>\n\t\t<div class=\"figc no-description\">\n\t\t\t<div class=\"figc-inner\">\n\t\t\t\t\t\t\t\t\t\t\t\t\t\t\t<\/div>\n\t\t<\/div>\n\n\t<\/div>\n\n<\/div><div class=\"modula-item effect-pufrobo\" >\n\t<div class=\"modula-item-overlay\"><\/div>\n\n\t<div class=\"modula-item-content\">\n\n\t\t\t\t\n\t\t\t\t\t<a data-image-id=\"989\" role=\"button\" data-elementor-open-lightbox=\"no\" tabindex=\"0\" rel=\"jtg-135\" data-caption=\"\" aria-label=\"Open image in lightbox\" class=\"tile-inner modula-item-link\"><\/a>\n\t\t\n\t\t<img loading=\"lazy\" decoding=\"async\" class=\"pic wp-image-989\"  data-valign=\"middle\" data-halign=\"center\" alt=\"\" data-full=\"https:\/\/ines-thomsen.com\/wp-content\/uploads\/2023\/10\/Ines-Thomsen-Photography-Imani-Uganda-9.jpg\" title=\"Ines Thomsen Photography -Imani Uganda-9\" width=\"683\" height=\"1024\" src=\"https:\/\/ines-thomsen.com\/wp-content\/uploads\/2023\/10\/Ines-Thomsen-Photography-Imani-Uganda-9-683x1024.jpg\" data-src=\"https:\/\/ines-thomsen.com\/wp-content\/uploads\/2023\/10\/Ines-Thomsen-Photography-Imani-Uganda-9-683x1024.jpg\" data-caption=\"\" srcset=\"https:\/\/ines-thomsen.com\/wp-content\/uploads\/2023\/10\/Ines-Thomsen-Photography-Imani-Uganda-9.jpg 1067w, https:\/\/ines-thomsen.com\/wp-content\/uploads\/2023\/10\/Ines-Thomsen-Photography-Imani-Uganda-9-200x300.jpg 200w, https:\/\/ines-thomsen.com\/wp-content\/uploads\/2023\/10\/Ines-Thomsen-Photography-Imani-Uganda-9-683x1024.jpg 683w, https:\/\/ines-thomsen.com\/wp-content\/uploads\/2023\/10\/Ines-Thomsen-Photography-Imani-Uganda-9-768x1152.jpg 768w, https:\/\/ines-thomsen.com\/wp-content\/uploads\/2023\/10\/Ines-Thomsen-Photography-Imani-Uganda-9-1024x1536.jpg 1024w\" sizes=\"(max-width: 683px) 100vw, 683px\" \/>\n\t\t<div class=\"figc no-description\">\n\t\t\t<div class=\"figc-inner\">\n\t\t\t\t\t\t\t\t\t\t\t\t\t\t\t<\/div>\n\t\t<\/div>\n\n\t<\/div>\n\n<\/div><div class=\"modula-item effect-pufrobo\" >\n\t<div class=\"modula-item-overlay\"><\/div>\n\n\t<div class=\"modula-item-content\">\n\n\t\t\t\t\n\t\t\t\t\t<a data-image-id=\"990\" role=\"button\" data-elementor-open-lightbox=\"no\" tabindex=\"0\" rel=\"jtg-135\" data-caption=\"\" aria-label=\"Open image in lightbox\" class=\"tile-inner modula-item-link\"><\/a>\n\t\t\n\t\t<img loading=\"lazy\" decoding=\"async\" class=\"pic wp-image-990\"  data-valign=\"middle\" data-halign=\"center\" alt=\"\" data-full=\"https:\/\/ines-thomsen.com\/wp-content\/uploads\/2023\/10\/Ines-Thomsen-Photography-Imani-Uganda-8.jpg\" title=\"Ines Thomsen Photography -Imani Uganda-8\" width=\"800\" height=\"534\" src=\"https:\/\/ines-thomsen.com\/wp-content\/uploads\/2023\/10\/Ines-Thomsen-Photography-Imani-Uganda-8-1024x683.jpg\" data-src=\"https:\/\/ines-thomsen.com\/wp-content\/uploads\/2023\/10\/Ines-Thomsen-Photography-Imani-Uganda-8-1024x683.jpg\" data-caption=\"\" srcset=\"https:\/\/ines-thomsen.com\/wp-content\/uploads\/2023\/10\/Ines-Thomsen-Photography-Imani-Uganda-8.jpg 1600w, https:\/\/ines-thomsen.com\/wp-content\/uploads\/2023\/10\/Ines-Thomsen-Photography-Imani-Uganda-8-300x200.jpg 300w, https:\/\/ines-thomsen.com\/wp-content\/uploads\/2023\/10\/Ines-Thomsen-Photography-Imani-Uganda-8-1024x683.jpg 1024w, https:\/\/ines-thomsen.com\/wp-content\/uploads\/2023\/10\/Ines-Thomsen-Photography-Imani-Uganda-8-768x512.jpg 768w, https:\/\/ines-thomsen.com\/wp-content\/uploads\/2023\/10\/Ines-Thomsen-Photography-Imani-Uganda-8-1536x1024.jpg 1536w\" sizes=\"(max-width: 800px) 100vw, 800px\" \/>\n\t\t<div class=\"figc no-description\">\n\t\t\t<div class=\"figc-inner\">\n\t\t\t\t\t\t\t\t\t\t\t\t\t\t\t<\/div>\n\t\t<\/div>\n\n\t<\/div>\n\n<\/div><div class=\"modula-item effect-pufrobo\" >\n\t<div class=\"modula-item-overlay\"><\/div>\n\n\t<div class=\"modula-item-content\">\n\n\t\t\t\t\n\t\t\t\t\t<a data-image-id=\"992\" role=\"button\" data-elementor-open-lightbox=\"no\" tabindex=\"0\" rel=\"jtg-135\" data-caption=\"\" aria-label=\"Open image in lightbox\" class=\"tile-inner modula-item-link\"><\/a>\n\t\t\n\t\t<img loading=\"lazy\" decoding=\"async\" class=\"pic wp-image-992\"  data-valign=\"middle\" data-halign=\"center\" alt=\"\" data-full=\"https:\/\/ines-thomsen.com\/wp-content\/uploads\/2023\/10\/Ines-Thomsen-Photography-Imani-Uganda-6.jpg\" title=\"Ines Thomsen Photography -Imani Uganda-6\" width=\"800\" height=\"534\" src=\"https:\/\/ines-thomsen.com\/wp-content\/uploads\/2023\/10\/Ines-Thomsen-Photography-Imani-Uganda-6-1024x683.jpg\" data-src=\"https:\/\/ines-thomsen.com\/wp-content\/uploads\/2023\/10\/Ines-Thomsen-Photography-Imani-Uganda-6-1024x683.jpg\" data-caption=\"\" srcset=\"https:\/\/ines-thomsen.com\/wp-content\/uploads\/2023\/10\/Ines-Thomsen-Photography-Imani-Uganda-6.jpg 1600w, https:\/\/ines-thomsen.com\/wp-content\/uploads\/2023\/10\/Ines-Thomsen-Photography-Imani-Uganda-6-300x200.jpg 300w, https:\/\/ines-thomsen.com\/wp-content\/uploads\/2023\/10\/Ines-Thomsen-Photography-Imani-Uganda-6-1024x683.jpg 1024w, https:\/\/ines-thomsen.com\/wp-content\/uploads\/2023\/10\/Ines-Thomsen-Photography-Imani-Uganda-6-768x512.jpg 768w, https:\/\/ines-thomsen.com\/wp-content\/uploads\/2023\/10\/Ines-Thomsen-Photography-Imani-Uganda-6-1536x1024.jpg 1536w\" sizes=\"(max-width: 800px) 100vw, 800px\" \/>\n\t\t<div class=\"figc no-description\">\n\t\t\t<div class=\"figc-inner\">\n\t\t\t\t\t\t\t\t\t\t\t\t\t\t\t<\/div>\n\t\t<\/div>\n\n\t<\/div>\n\n<\/div><div class=\"modula-item effect-pufrobo\" >\n\t<div class=\"modula-item-overlay\"><\/div>\n\n\t<div class=\"modula-item-content\">\n\n\t\t\t\t\n\t\t\t\t\t<a data-image-id=\"993\" role=\"button\" data-elementor-open-lightbox=\"no\" tabindex=\"0\" rel=\"jtg-135\" data-caption=\"\" aria-label=\"Open image in lightbox\" class=\"tile-inner modula-item-link\"><\/a>\n\t\t\n\t\t<img loading=\"lazy\" decoding=\"async\" class=\"pic wp-image-993\"  data-valign=\"middle\" data-halign=\"center\" alt=\"\" data-full=\"https:\/\/ines-thomsen.com\/wp-content\/uploads\/2023\/10\/Ines-Thomsen-Photography-Imani-Uganda-4.jpg\" title=\"Ines Thomsen Photography -Imani Uganda-4\" width=\"800\" height=\"534\" src=\"https:\/\/ines-thomsen.com\/wp-content\/uploads\/2023\/10\/Ines-Thomsen-Photography-Imani-Uganda-4-1024x683.jpg\" data-src=\"https:\/\/ines-thomsen.com\/wp-content\/uploads\/2023\/10\/Ines-Thomsen-Photography-Imani-Uganda-4-1024x683.jpg\" data-caption=\"\" srcset=\"https:\/\/ines-thomsen.com\/wp-content\/uploads\/2023\/10\/Ines-Thomsen-Photography-Imani-Uganda-4.jpg 1600w, https:\/\/ines-thomsen.com\/wp-content\/uploads\/2023\/10\/Ines-Thomsen-Photography-Imani-Uganda-4-300x200.jpg 300w, https:\/\/ines-thomsen.com\/wp-content\/uploads\/2023\/10\/Ines-Thomsen-Photography-Imani-Uganda-4-1024x683.jpg 1024w, https:\/\/ines-thomsen.com\/wp-content\/uploads\/2023\/10\/Ines-Thomsen-Photography-Imani-Uganda-4-768x512.jpg 768w, https:\/\/ines-thomsen.com\/wp-content\/uploads\/2023\/10\/Ines-Thomsen-Photography-Imani-Uganda-4-1536x1024.jpg 1536w\" sizes=\"(max-width: 800px) 100vw, 800px\" \/>\n\t\t<div class=\"figc no-description\">\n\t\t\t<div class=\"figc-inner\">\n\t\t\t\t\t\t\t\t\t\t\t\t\t\t\t<\/div>\n\t\t<\/div>\n\n\t<\/div>\n\n<\/div><div class=\"modula-item effect-pufrobo\" >\n\t<div class=\"modula-item-overlay\"><\/div>\n\n\t<div class=\"modula-item-content\">\n\n\t\t\t\t\n\t\t\t\t\t<a data-image-id=\"994\" role=\"button\" data-elementor-open-lightbox=\"no\" tabindex=\"0\" rel=\"jtg-135\" data-caption=\"\" aria-label=\"Open image in lightbox\" class=\"tile-inner modula-item-link\"><\/a>\n\t\t\n\t\t<img loading=\"lazy\" decoding=\"async\" class=\"pic wp-image-994\"  data-valign=\"middle\" data-halign=\"center\" alt=\"\" data-full=\"https:\/\/ines-thomsen.com\/wp-content\/uploads\/2023\/10\/Ines-Thomsen-Photography-Imani-Uganda-5.jpg\" title=\"Ines Thomsen Photography -Imani Uganda-5\" width=\"800\" height=\"534\" src=\"https:\/\/ines-thomsen.com\/wp-content\/uploads\/2023\/10\/Ines-Thomsen-Photography-Imani-Uganda-5-1024x683.jpg\" data-src=\"https:\/\/ines-thomsen.com\/wp-content\/uploads\/2023\/10\/Ines-Thomsen-Photography-Imani-Uganda-5-1024x683.jpg\" data-caption=\"\" srcset=\"https:\/\/ines-thomsen.com\/wp-content\/uploads\/2023\/10\/Ines-Thomsen-Photography-Imani-Uganda-5.jpg 1600w, https:\/\/ines-thomsen.com\/wp-content\/uploads\/2023\/10\/Ines-Thomsen-Photography-Imani-Uganda-5-300x200.jpg 300w, https:\/\/ines-thomsen.com\/wp-content\/uploads\/2023\/10\/Ines-Thomsen-Photography-Imani-Uganda-5-1024x683.jpg 1024w, https:\/\/ines-thomsen.com\/wp-content\/uploads\/2023\/10\/Ines-Thomsen-Photography-Imani-Uganda-5-768x512.jpg 768w, https:\/\/ines-thomsen.com\/wp-content\/uploads\/2023\/10\/Ines-Thomsen-Photography-Imani-Uganda-5-1536x1024.jpg 1536w\" sizes=\"(max-width: 800px) 100vw, 800px\" \/>\n\t\t<div class=\"figc no-description\">\n\t\t\t<div class=\"figc-inner\">\n\t\t\t\t\t\t\t\t\t\t\t\t\t\t\t<\/div>\n\t\t<\/div>\n\n\t<\/div>\n\n<\/div><div class=\"modula-item effect-pufrobo\" >\n\t<div class=\"modula-item-overlay\"><\/div>\n\n\t<div class=\"modula-item-content\">\n\n\t\t\t\t\n\t\t\t\t\t<a data-image-id=\"995\" role=\"button\" data-elementor-open-lightbox=\"no\" tabindex=\"0\" rel=\"jtg-135\" data-caption=\"\" aria-label=\"Open image in lightbox\" class=\"tile-inner modula-item-link\"><\/a>\n\t\t\n\t\t<img loading=\"lazy\" decoding=\"async\" class=\"pic wp-image-995\"  data-valign=\"middle\" data-halign=\"center\" alt=\"\" data-full=\"https:\/\/ines-thomsen.com\/wp-content\/uploads\/2023\/10\/Ines-Thomsen-Photography-Imani-Uganda-2.jpg\" title=\"Ines Thomsen Photography -Imani Uganda-2\" width=\"800\" height=\"534\" src=\"https:\/\/ines-thomsen.com\/wp-content\/uploads\/2023\/10\/Ines-Thomsen-Photography-Imani-Uganda-2-1024x683.jpg\" data-src=\"https:\/\/ines-thomsen.com\/wp-content\/uploads\/2023\/10\/Ines-Thomsen-Photography-Imani-Uganda-2-1024x683.jpg\" data-caption=\"\" srcset=\"https:\/\/ines-thomsen.com\/wp-content\/uploads\/2023\/10\/Ines-Thomsen-Photography-Imani-Uganda-2.jpg 1600w, https:\/\/ines-thomsen.com\/wp-content\/uploads\/2023\/10\/Ines-Thomsen-Photography-Imani-Uganda-2-300x200.jpg 300w, https:\/\/ines-thomsen.com\/wp-content\/uploads\/2023\/10\/Ines-Thomsen-Photography-Imani-Uganda-2-1024x683.jpg 1024w, https:\/\/ines-thomsen.com\/wp-content\/uploads\/2023\/10\/Ines-Thomsen-Photography-Imani-Uganda-2-768x512.jpg 768w, https:\/\/ines-thomsen.com\/wp-content\/uploads\/2023\/10\/Ines-Thomsen-Photography-Imani-Uganda-2-1536x1024.jpg 1536w\" sizes=\"(max-width: 800px) 100vw, 800px\" \/>\n\t\t<div class=\"figc no-description\">\n\t\t\t<div class=\"figc-inner\">\n\t\t\t\t\t\t\t\t\t\t\t\t\t\t\t<\/div>\n\t\t<\/div>\n\n\t<\/div>\n\n<\/div><div class=\"modula-item effect-pufrobo\" >\n\t<div class=\"modula-item-overlay\"><\/div>\n\n\t<div class=\"modula-item-content\">\n\n\t\t\t\t\n\t\t\t\t\t<a data-image-id=\"988\" role=\"button\" data-elementor-open-lightbox=\"no\" tabindex=\"0\" rel=\"jtg-135\" data-caption=\"\" aria-label=\"Open image in lightbox\" class=\"tile-inner modula-item-link\"><\/a>\n\t\t\n\t\t<img loading=\"lazy\" decoding=\"async\" class=\"pic wp-image-988\"  data-valign=\"middle\" data-halign=\"center\" alt=\"\" data-full=\"https:\/\/ines-thomsen.com\/wp-content\/uploads\/2023\/10\/Ines-Thomsen-Photography-Imani-Uganda-10.jpg\" title=\"Ines Thomsen Photography -Imani Uganda-10\" width=\"683\" height=\"1024\" src=\"https:\/\/ines-thomsen.com\/wp-content\/uploads\/2023\/10\/Ines-Thomsen-Photography-Imani-Uganda-10-683x1024.jpg\" data-src=\"https:\/\/ines-thomsen.com\/wp-content\/uploads\/2023\/10\/Ines-Thomsen-Photography-Imani-Uganda-10-683x1024.jpg\" data-caption=\"\" srcset=\"https:\/\/ines-thomsen.com\/wp-content\/uploads\/2023\/10\/Ines-Thomsen-Photography-Imani-Uganda-10.jpg 1067w, https:\/\/ines-thomsen.com\/wp-content\/uploads\/2023\/10\/Ines-Thomsen-Photography-Imani-Uganda-10-200x300.jpg 200w, https:\/\/ines-thomsen.com\/wp-content\/uploads\/2023\/10\/Ines-Thomsen-Photography-Imani-Uganda-10-683x1024.jpg 683w, https:\/\/ines-thomsen.com\/wp-content\/uploads\/2023\/10\/Ines-Thomsen-Photography-Imani-Uganda-10-768x1152.jpg 768w, https:\/\/ines-thomsen.com\/wp-content\/uploads\/2023\/10\/Ines-Thomsen-Photography-Imani-Uganda-10-1024x1536.jpg 1024w\" sizes=\"(max-width: 683px) 100vw, 683px\" \/>\n\t\t<div class=\"figc no-description\">\n\t\t\t<div class=\"figc-inner\">\n\t\t\t\t\t\t\t\t\t\t\t\t\t\t\t<\/div>\n\t\t<\/div>\n\n\t<\/div>\n\n<\/div>\t\t\n\t<\/div>\n\n\t\n\t\n\t<script type=\"application\/ld+json\">\n\t{\n\t\t\"@context\": \"http:\/\/schema.org\",\n\t\t\"@type\"   : \"ImageGallery\",\n\t\t\"id\"      : \"https:\/\/ines-thomsen.com\/en\/social-responsibility\/imani-uganda\/\",\n\t\t\"url\"     : \"https:\/\/ines-thomsen.com\/en\/social-responsibility\/imani-uganda\/\"\n\t}\n\n\t<\/script>\n\n\t\n<\/div>\n\n<\/div>\n\t\t\t\t\t\t<\/div>\n\t\t\t\t<\/div>\n\t\t\t\t\t<\/div>\n\t\t\t\t<\/div>\n\t\t<div class=\"elementor-element elementor-element-992ca5d e-flex e-con-boxed e-con e-parent\" data-id=\"992ca5d\" data-element_type=\"container\">\n\t\t\t\t\t<div class=\"e-con-inner\">\n\t\t\t\t\t<\/div>\n\t\t\t\t<\/div>\n\t\t\t\t<\/div>","protected":false},"excerpt":{"rendered":"<p>IMani Uganda Im Zuge eines Foto-Projektes im Waisenhaus EWAKA in Uganda lernte Ines Thomsen die junge Imani kennen. Ein M\u00e4dchen, das seine gro\u00dfe Unsicherheit mit \u00fcbertriebenem Selbstbewusstsein \u00fcberspielte und mit seinem lauten Auftreten die Aufmerksamkeit der Fotografin auf sich zog. Bei einer gemeinsamen Safari versuchte Ines Thomsen hinter Imanis Fassade zu blicken und erkannte dabei [&hellip;]<\/p>","protected":false},"author":1,"featured_media":0,"parent":66,"menu_order":0,"comment_status":"closed","ping_status":"closed","template":"","meta":{"footnotes":""},"class_list":["post-235","page","type-page","status-publish","hentry"],"yoast_head":"<!-- This site is optimized with the Yoast SEO plugin v26.6 - https:\/\/yoast.com\/wordpress\/plugins\/seo\/ -->\n<title>Imani Uganda - Thomsen Photography<\/title>\n<meta name=\"description\" content=\"Im Zuge eines Foto-Projektes im Waisenhaus EWAKA in Uganda lernte Ines Thomsen die junge Imani kennen. Imani Uganda ...\" \/>\n<meta name=\"robots\" content=\"index, follow, max-snippet:-1, max-image-preview:large, max-video-preview:-1\" \/>\n<link rel=\"canonical\" href=\"https:\/\/ines-thomsen.com\/en\/social-responsibility\/imani-uganda\/\" \/>\n<meta property=\"og:locale\" content=\"en_US\" \/>\n<meta property=\"og:type\" content=\"article\" \/>\n<meta property=\"og:title\" content=\"Imani Uganda - Thomsen Photography\" \/>\n<meta property=\"og:description\" content=\"Im Zuge eines Foto-Projektes im Waisenhaus EWAKA in Uganda lernte Ines Thomsen die junge Imani kennen. Imani Uganda ...\" \/>\n<meta property=\"og:url\" content=\"https:\/\/ines-thomsen.com\/en\/social-responsibility\/imani-uganda\/\" \/>\n<meta property=\"og:site_name\" content=\"Thomsen Photography\" \/>\n<meta property=\"article:modified_time\" content=\"2023-11-10T13:07:07+00:00\" \/>\n<meta name=\"twitter:card\" content=\"summary_large_image\" \/>\n<meta name=\"twitter:label1\" content=\"Est. reading time\" \/>\n\t<meta name=\"twitter:data1\" content=\"4 minutes\" \/>\n<script type=\"application\/ld+json\" class=\"yoast-schema-graph\">{\"@context\":\"https:\/\/schema.org\",\"@graph\":[{\"@type\":\"WebPage\",\"@id\":\"https:\/\/ines-thomsen.com\/social-responsibility\/imani-uganda\/\",\"url\":\"https:\/\/ines-thomsen.com\/social-responsibility\/imani-uganda\/\",\"name\":\"Imani Uganda - Thomsen Photography\",\"isPartOf\":{\"@id\":\"https:\/\/ines-thomsen.com\/#website\"},\"datePublished\":\"2023-10-11T08:47:53+00:00\",\"dateModified\":\"2023-11-10T13:07:07+00:00\",\"description\":\"Im Zuge eines Foto-Projektes im Waisenhaus EWAKA in Uganda lernte Ines Thomsen die junge Imani kennen. Imani Uganda ...\",\"breadcrumb\":{\"@id\":\"https:\/\/ines-thomsen.com\/social-responsibility\/imani-uganda\/#breadcrumb\"},\"inLanguage\":\"en-US\",\"potentialAction\":[{\"@type\":\"ReadAction\",\"target\":[\"https:\/\/ines-thomsen.com\/social-responsibility\/imani-uganda\/\"]}]},{\"@type\":\"BreadcrumbList\",\"@id\":\"https:\/\/ines-thomsen.com\/social-responsibility\/imani-uganda\/#breadcrumb\",\"itemListElement\":[{\"@type\":\"ListItem\",\"position\":1,\"name\":\"Startseite\",\"item\":\"https:\/\/ines-thomsen.com\/\"},{\"@type\":\"ListItem\",\"position\":2,\"name\":\"Social Responsibility\",\"item\":\"https:\/\/ines-thomsen.com\/social-responsibility\/\"},{\"@type\":\"ListItem\",\"position\":3,\"name\":\"Imani Uganda\"}]},{\"@type\":\"WebSite\",\"@id\":\"https:\/\/ines-thomsen.com\/#website\",\"url\":\"https:\/\/ines-thomsen.com\/\",\"name\":\"Thomsen Photography\",\"description\":\"Everything has its beauty\",\"publisher\":{\"@id\":\"https:\/\/ines-thomsen.com\/#organization\"},\"potentialAction\":[{\"@type\":\"SearchAction\",\"target\":{\"@type\":\"EntryPoint\",\"urlTemplate\":\"https:\/\/ines-thomsen.com\/?s={search_term_string}\"},\"query-input\":{\"@type\":\"PropertyValueSpecification\",\"valueRequired\":true,\"valueName\":\"search_term_string\"}}],\"inLanguage\":\"en-US\"},{\"@type\":\"Organization\",\"@id\":\"https:\/\/ines-thomsen.com\/#organization\",\"name\":\"Thomsen Photography\",\"url\":\"https:\/\/ines-thomsen.com\/\",\"logo\":{\"@type\":\"ImageObject\",\"inLanguage\":\"en-US\",\"@id\":\"https:\/\/ines-thomsen.com\/#\/schema\/logo\/image\/\",\"url\":\"https:\/\/ines-thomsen.com\/wp-content\/uploads\/2023\/11\/iTh_Logo-1.svg\",\"contentUrl\":\"https:\/\/ines-thomsen.com\/wp-content\/uploads\/2023\/11\/iTh_Logo-1.svg\",\"width\":708,\"height\":708,\"caption\":\"Thomsen Photography\"},\"image\":{\"@id\":\"https:\/\/ines-thomsen.com\/#\/schema\/logo\/image\/\"}}]}<\/script>\n<!-- \/ Yoast SEO plugin. -->","yoast_head_json":{"title":"Imani Uganda - Thomsen Photography","description":"Im Zuge eines Foto-Projektes im Waisenhaus EWAKA in Uganda lernte Ines Thomsen die junge Imani kennen. Imani Uganda ...","robots":{"index":"index","follow":"follow","max-snippet":"max-snippet:-1","max-image-preview":"max-image-preview:large","max-video-preview":"max-video-preview:-1"},"canonical":"https:\/\/ines-thomsen.com\/en\/social-responsibility\/imani-uganda\/","og_locale":"en_US","og_type":"article","og_title":"Imani Uganda - Thomsen Photography","og_description":"Im Zuge eines Foto-Projektes im Waisenhaus EWAKA in Uganda lernte Ines Thomsen die junge Imani kennen. Imani Uganda ...","og_url":"https:\/\/ines-thomsen.com\/en\/social-responsibility\/imani-uganda\/","og_site_name":"Thomsen Photography","article_modified_time":"2023-11-10T13:07:07+00:00","twitter_card":"summary_large_image","twitter_misc":{"Est. reading time":"4 minutes"},"schema":{"@context":"https:\/\/schema.org","@graph":[{"@type":"WebPage","@id":"https:\/\/ines-thomsen.com\/social-responsibility\/imani-uganda\/","url":"https:\/\/ines-thomsen.com\/social-responsibility\/imani-uganda\/","name":"Imani Uganda - Thomsen Photography","isPartOf":{"@id":"https:\/\/ines-thomsen.com\/#website"},"datePublished":"2023-10-11T08:47:53+00:00","dateModified":"2023-11-10T13:07:07+00:00","description":"Im Zuge eines Foto-Projektes im Waisenhaus EWAKA in Uganda lernte Ines Thomsen die junge Imani kennen. Imani Uganda ...","breadcrumb":{"@id":"https:\/\/ines-thomsen.com\/social-responsibility\/imani-uganda\/#breadcrumb"},"inLanguage":"en-US","potentialAction":[{"@type":"ReadAction","target":["https:\/\/ines-thomsen.com\/social-responsibility\/imani-uganda\/"]}]},{"@type":"BreadcrumbList","@id":"https:\/\/ines-thomsen.com\/social-responsibility\/imani-uganda\/#breadcrumb","itemListElement":[{"@type":"ListItem","position":1,"name":"Startseite","item":"https:\/\/ines-thomsen.com\/"},{"@type":"ListItem","position":2,"name":"Social Responsibility","item":"https:\/\/ines-thomsen.com\/social-responsibility\/"},{"@type":"ListItem","position":3,"name":"Imani Uganda"}]},{"@type":"WebSite","@id":"https:\/\/ines-thomsen.com\/#website","url":"https:\/\/ines-thomsen.com\/","name":"Thomsen Photography","description":"Everything has its beauty","publisher":{"@id":"https:\/\/ines-thomsen.com\/#organization"},"potentialAction":[{"@type":"SearchAction","target":{"@type":"EntryPoint","urlTemplate":"https:\/\/ines-thomsen.com\/?s={search_term_string}"},"query-input":{"@type":"PropertyValueSpecification","valueRequired":true,"valueName":"search_term_string"}}],"inLanguage":"en-US"},{"@type":"Organization","@id":"https:\/\/ines-thomsen.com\/#organization","name":"Thomsen Photography","url":"https:\/\/ines-thomsen.com\/","logo":{"@type":"ImageObject","inLanguage":"en-US","@id":"https:\/\/ines-thomsen.com\/#\/schema\/logo\/image\/","url":"https:\/\/ines-thomsen.com\/wp-content\/uploads\/2023\/11\/iTh_Logo-1.svg","contentUrl":"https:\/\/ines-thomsen.com\/wp-content\/uploads\/2023\/11\/iTh_Logo-1.svg","width":708,"height":708,"caption":"Thomsen Photography"},"image":{"@id":"https:\/\/ines-thomsen.com\/#\/schema\/logo\/image\/"}}]}},"_links":{"self":[{"href":"https:\/\/ines-thomsen.com\/en\/wp-json\/wp\/v2\/pages\/235","targetHints":{"allow":["GET"]}}],"collection":[{"href":"https:\/\/ines-thomsen.com\/en\/wp-json\/wp\/v2\/pages"}],"about":[{"href":"https:\/\/ines-thomsen.com\/en\/wp-json\/wp\/v2\/types\/page"}],"author":[{"embeddable":true,"href":"https:\/\/ines-thomsen.com\/en\/wp-json\/wp\/v2\/users\/1"}],"replies":[{"embeddable":true,"href":"https:\/\/ines-thomsen.com\/en\/wp-json\/wp\/v2\/comments?post=235"}],"version-history":[{"count":15,"href":"https:\/\/ines-thomsen.com\/en\/wp-json\/wp\/v2\/pages\/235\/revisions"}],"predecessor-version":[{"id":1826,"href":"https:\/\/ines-thomsen.com\/en\/wp-json\/wp\/v2\/pages\/235\/revisions\/1826"}],"up":[{"embeddable":true,"href":"https:\/\/ines-thomsen.com\/en\/wp-json\/wp\/v2\/pages\/66"}],"wp:attachment":[{"href":"https:\/\/ines-thomsen.com\/en\/wp-json\/wp\/v2\/media?parent=235"}],"curies":[{"name":"wp","href":"https:\/\/api.w.org\/{rel}","templated":true}]}}