{"id":253,"date":"2023-10-11T10:55:19","date_gmt":"2023-10-11T08:55:19","guid":{"rendered":"https:\/\/preview.ines-thomsen.com\/?page_id=253"},"modified":"2023-11-10T13:56:19","modified_gmt":"2023-11-10T12:56:19","slug":"alopecia","status":"publish","type":"page","link":"https:\/\/ines-thomsen.com\/en\/social-responsibility\/alopecia\/","title":{"rendered":"Alopecia"},"content":{"rendered":"<div data-elementor-type=\"wp-page\" data-elementor-id=\"253\" class=\"elementor elementor-253\" data-elementor-post-type=\"page\">\n\t\t\t\t<div class=\"elementor-element elementor-element-188c4ac e-flex e-con-boxed e-con e-parent\" data-id=\"188c4ac\" data-element_type=\"container\">\n\t\t\t\t\t<div class=\"e-con-inner\">\n\t\t\t\t<div class=\"elementor-element elementor-element-3f8f4d5 elementor-widget elementor-widget-heading\" data-id=\"3f8f4d5\" data-element_type=\"widget\" data-widget_type=\"heading.default\">\n\t\t\t\t<div class=\"elementor-widget-container\">\n\t\t\t\t\t<h1 class=\"elementor-heading-title elementor-size-default\">Alopecia<\/h1>\t\t\t\t<\/div>\n\t\t\t\t<\/div>\n\t\t\t\t<div class=\"elementor-element elementor-element-a3e2749 elementor-widget elementor-widget-text-editor\" data-id=\"a3e2749\" data-element_type=\"widget\" data-widget_type=\"text-editor.default\">\n\t\t\t\t<div class=\"elementor-widget-container\">\n\t\t\t\t\t\t\t\t\t<p>Bekannt f\u00fcr ihre soziale Ader und ihr gro\u00dfes Einf\u00fchlungsverm\u00f6gen, wurde Ines Thomsen vom deutschen Fernsehsender RTL f\u00fcr ein ganz besonders sensibles Projekt engagiert: ein Kampagnen-Shooting zum Thema Alopecia. Hierbei handelt es sich um eine Autoimmunerkrankung, die kreisrunden oder auch kompletten Haarausfall zur Folge hat. Um das Bewusstsein f\u00fcr Alopecia in der \u00d6ffentlichkeit zu sch\u00e4rfen, wurde das Foto-Shooting in Form eines TV-Beitrags begleitet.<\/p><p>Kinderpsychologin Sam, die selbst von Alopecia betroffen ist, stellte sich f\u00fcr das Shooting als Fotomodell zur Verf\u00fcgung. Sams Mut und Offenheit motivierten die ebenfalls im TV-Beitrag mitwirkende 13-j\u00e4hrige Sarah sich spontan vor laufender Kamera zu outen und ebenfalls Bilder von sich ohne Per\u00fccke machen zu lassen. Ein unglaublich ergreifender Moment, der das Leben des M\u00e4dchens von Grund auf \u00e4nderte und Ines Thomsen f\u00fcr immer in Erinnerung bleiben wird.<\/p><p>Sarah, Sam und Ines sind bis heute in Kontakt und unterst\u00fctzen sich gegenseitig in ihrem Bestreben ein \u00f6ffentliches Bewusstsein f\u00fcr Alopecia zu schaffen.<\/p>\t\t\t\t\t\t\t\t<\/div>\n\t\t\t\t<\/div>\n\t\t\t\t\t<\/div>\n\t\t\t\t<\/div>\n\t\t<div class=\"elementor-element elementor-element-992ca5d e-flex e-con-boxed e-con e-parent\" data-id=\"992ca5d\" data-element_type=\"container\">\n\t\t\t\t\t<div class=\"e-con-inner\">\n\t\t\t\t<div class=\"elementor-element elementor-element-b286de4 elementor-widget elementor-widget-shortcode\" data-id=\"b286de4\" data-element_type=\"widget\" data-widget_type=\"shortcode.default\">\n\t\t\t\t<div class=\"elementor-widget-container\">\n\t\t\t\t\t\t\t<div class=\"elementor-shortcode\"><style>#jtg-350 .modula-item .jtg-social a, .lightbox-socials.jtg-social a{ fill: #ffffff; color: #ffffff }#jtg-350 .modula-item .jtg-social-expandable a, #jtg-350 .modula-item .jtg-social-expandable-icons a{ fill: #ffffff; color: #ffffff }#jtg-350 .modula-item .jtg-social svg, .lightbox-socials.jtg-social svg { height: 16px; width: 16px }#jtg-350 .modula-item .jtg-social-expandable svg { height: 16px; width: 16px }#jtg-350 .modula-item .jtg-social-expandable-icons svg { height: 16px; width: 16px }#jtg-350 .modula-item .jtg-social a:not(:last-child), .lightbox-socials.jtg-social a:not(:last-child) { margin-right: 10px }#jtg-350 .modula-item .jtg-social-expandable-icons { gap: 10px }#jtg-350 .modula-item .figc {color:#ffffff;}#jtg-350 .modula-item .modula-item-content { transform: scale(1); }#jtg-350 { width:100%;}#jtg-350 .modula-items .figc p.description { font-size:14px; }#jtg-350 .modula-items .figc p.description { color:#ffffff;}#jtg-350.modula-gallery .modula-item > a, #jtg-350.modula-gallery .modula-item, #jtg-350.modula-gallery .modula-item-content > a:not(.modula-no-follow) { cursor:zoom-in; } #jtg-350.modula-gallery .modula-item-content .modula-no-follow { cursor: default; } @media screen and (max-width:480px){#jtg-350 .modula-item .figc .jtg-title {  font-size: 12px; }#jtg-350 .modula-items .figc p.description { color:#ffffff;font-size:10px; }}<\/style>\n<div  id=\"jtg-350\" class=\"modula modula-gallery modula-columns\" data-config=\"{&quot;tabletHeight&quot;:0,&quot;mobileHeight&quot;:0,&quot;desktopHeight&quot;:0,&quot;enableTwitter&quot;:false,&quot;enableWhatsapp&quot;:false,&quot;enableFacebook&quot;:false,&quot;enablePinterest&quot;:false,&quot;enableLinkedin&quot;:false,&quot;enableEmail&quot;:false,&quot;randomFactor&quot;:0,&quot;type&quot;:&quot;grid&quot;,&quot;columns&quot;:12,&quot;gutter&quot;:10,&quot;mobileGutter&quot;:10,&quot;tabletGutter&quot;:10,&quot;desktopGutter&quot;:10,&quot;enableResponsive&quot;:&quot;0&quot;,&quot;tabletColumns&quot;:&quot;2&quot;,&quot;mobileColumns&quot;:&quot;1&quot;,&quot;lazyLoad&quot;:0,&quot;lightboxOpts&quot;:{&quot;animated&quot;:true,&quot;Thumbs&quot;:{&quot;type&quot;:&quot;modern&quot;,&quot;showOnStart&quot;:false},&quot;Toolbar&quot;:{&quot;display&quot;:{&quot;right&quot;:[&quot;close&quot;]},&quot;enabled&quot;:true},&quot;Carousel&quot;:{&quot;Panzoom&quot;:{&quot;touch&quot;:false},&quot;infinite&quot;:false},&quot;keyboard&quot;:{&quot;Escape&quot;:&quot;close&quot;,&quot;Delete&quot;:&quot;close&quot;,&quot;Backspace&quot;:&quot;close&quot;,&quot;PageUp&quot;:false,&quot;PageDown&quot;:false,&quot;ArrowUp&quot;:false,&quot;ArrowDown&quot;:false,&quot;ArrowRight&quot;:false,&quot;ArrowLeft&quot;:false},&quot;touch&quot;:false,&quot;backdropClick&quot;:false,&quot;l10n&quot;:{&quot;CLOSE&quot;:&quot;Close&quot;,&quot;NEXT&quot;:&quot;Next&quot;,&quot;PREV&quot;:&quot;Previous&quot;,&quot;Error&quot;:&quot;The requested content cannot be loaded. Please try again later.&quot;,&quot;PLAY_START&quot;:&quot;Start slideshow&quot;,&quot;PLAY_STOP&quot;:&quot;Pause slideshow&quot;,&quot;FULL_SCREEN&quot;:&quot;Full screen&quot;,&quot;THUMBS&quot;:&quot;Thumbnails&quot;,&quot;DOWNLOAD&quot;:&quot;Download&quot;,&quot;SHARE&quot;:&quot;Share&quot;,&quot;ZOOM&quot;:&quot;Zoom&quot;,&quot;EMAIL&quot;:&quot;Here is the link to the image : %%image_link%% and this is the link to the gallery : %%gallery_link%%&quot;,&quot;MODAL&quot;:&quot;You can close this modal content with the ESC key&quot;,&quot;ERROR&quot;:&quot;Something Went Wrong, Please Try Again Later&quot;,&quot;IMAGE_ERROR&quot;:&quot;Image Not Found&quot;,&quot;ELEMENT_NOT_FOUND&quot;:&quot;HTML Element Not Found&quot;,&quot;AJAX_NOT_FOUND&quot;:&quot;Error Loading AJAX : Not Found&quot;,&quot;AJAX_FORBIDDEN&quot;:&quot;Error Loading AJAX : Forbidden&quot;,&quot;IFRAME_ERROR&quot;:&quot;Error Loading Page&quot;,&quot;TOGGLE_ZOOM&quot;:&quot;Toggle zoom level&quot;,&quot;TOGGLE_THUMBS&quot;:&quot;Toggle thumbnails&quot;,&quot;TOGGLE_SLIDESHOW&quot;:&quot;Toggle slideshow&quot;,&quot;TOGGLE_FULLSCREEN&quot;:&quot;Toggle full-screen mode&quot;},&quot;Images&quot;:{&quot;Panzoom&quot;:{&quot;maxScale&quot;:2}},&quot;mainClass&quot;:&quot;modula-fancybox-container modula-lightbox-jtg-350&quot;,&quot;Html&quot;:{&quot;videoAutoplay&quot;:0,&quot;videoTpl&quot;:&quot;&lt;video class=\\&quot;fancybox__html5video\\&quot; controls muted playsinline controlsList controlsList=\\&quot;nodownload\\&quot; poster=\\&quot;{{poster}}\\&quot; src=\\&quot;{{src}}\\&quot; type=\\&quot;{{format}}\\&quot; &gt;  Sorry, your browser doesn&#039;t support embedded videos, &lt;a href=\\&quot;{{src}}\\&quot;&gt; download &lt;\\\/a&gt; and watch with your favorite video player! &lt;\\\/video&gt;&quot;}},&quot;inView&quot;:false,&quot;email_subject&quot;:&quot;Check out this awesome image !!&quot;,&quot;email_message&quot;:&quot;Here is the link to the image : %%image_link%% and this is the link to the gallery : %%gallery_link%%&quot;,&quot;grid_type&quot;:&quot;automatic&quot;,&quot;rowHeight&quot;:250,&quot;lastRow&quot;:&quot;justify&quot;,&quot;lightbox&quot;:&quot;fancybox&quot;}\">\n\n\t\n\t<div  class=\"modula-items grid-gallery\">\n\t\t<div class=\"modula-item effect-pufrobo\" >\n\t<div class=\"modula-item-overlay\"><\/div>\n\n\t<div class=\"modula-item-content\">\n\n\t\t\t\t\n\t\t\t\t\t<a data-image-id=\"945\" role=\"button\" data-elementor-open-lightbox=\"no\" tabindex=\"0\" rel=\"jtg-350\" data-caption=\"\" aria-label=\"Open image in lightbox\" class=\"tile-inner modula-item-link\"><\/a>\n\t\t\n\t\t<img fetchpriority=\"high\" decoding=\"async\" class=\"pic wp-image-945\"  data-valign=\"middle\" data-halign=\"center\" alt=\"\" data-full=\"https:\/\/ines-thomsen.com\/wp-content\/uploads\/2023\/10\/Ines-Thomsen-Photography-Alopecia-Areata-14.jpg\" title=\"Ines Thomsen Photography -Alopecia Areata-14\" width=\"800\" height=\"534\" src=\"https:\/\/ines-thomsen.com\/wp-content\/uploads\/2023\/10\/Ines-Thomsen-Photography-Alopecia-Areata-14-1024x683.jpg\" data-src=\"https:\/\/ines-thomsen.com\/wp-content\/uploads\/2023\/10\/Ines-Thomsen-Photography-Alopecia-Areata-14-1024x683.jpg\" data-caption=\"\" srcset=\"https:\/\/ines-thomsen.com\/wp-content\/uploads\/2023\/10\/Ines-Thomsen-Photography-Alopecia-Areata-14.jpg 1600w, https:\/\/ines-thomsen.com\/wp-content\/uploads\/2023\/10\/Ines-Thomsen-Photography-Alopecia-Areata-14-300x200.jpg 300w, https:\/\/ines-thomsen.com\/wp-content\/uploads\/2023\/10\/Ines-Thomsen-Photography-Alopecia-Areata-14-1024x683.jpg 1024w, https:\/\/ines-thomsen.com\/wp-content\/uploads\/2023\/10\/Ines-Thomsen-Photography-Alopecia-Areata-14-768x512.jpg 768w, https:\/\/ines-thomsen.com\/wp-content\/uploads\/2023\/10\/Ines-Thomsen-Photography-Alopecia-Areata-14-1536x1024.jpg 1536w\" sizes=\"(max-width: 800px) 100vw, 800px\" \/>\n\t\t<div class=\"figc no-description\">\n\t\t\t<div class=\"figc-inner\">\n\t\t\t\t\t\t\t\t\t\t\t\t\t\t\t<\/div>\n\t\t<\/div>\n\n\t<\/div>\n\n<\/div><div class=\"modula-item effect-pufrobo\" >\n\t<div class=\"modula-item-overlay\"><\/div>\n\n\t<div class=\"modula-item-content\">\n\n\t\t\t\t\n\t\t\t\t\t<a data-image-id=\"948\" role=\"button\" data-elementor-open-lightbox=\"no\" tabindex=\"0\" rel=\"jtg-350\" data-caption=\"\" aria-label=\"Open image in lightbox\" class=\"tile-inner modula-item-link\"><\/a>\n\t\t\n\t\t<img decoding=\"async\" class=\"pic wp-image-948\"  data-valign=\"middle\" data-halign=\"center\" alt=\"\" data-full=\"https:\/\/ines-thomsen.com\/wp-content\/uploads\/2023\/10\/Ines-Thomsen-Photography-Alopecia-Areata-13.jpg\" title=\"Ines Thomsen Photography -Alopecia Areata-13\" width=\"800\" height=\"534\" src=\"https:\/\/ines-thomsen.com\/wp-content\/uploads\/2023\/10\/Ines-Thomsen-Photography-Alopecia-Areata-13-1024x683.jpg\" data-src=\"https:\/\/ines-thomsen.com\/wp-content\/uploads\/2023\/10\/Ines-Thomsen-Photography-Alopecia-Areata-13-1024x683.jpg\" data-caption=\"\" srcset=\"https:\/\/ines-thomsen.com\/wp-content\/uploads\/2023\/10\/Ines-Thomsen-Photography-Alopecia-Areata-13.jpg 1600w, https:\/\/ines-thomsen.com\/wp-content\/uploads\/2023\/10\/Ines-Thomsen-Photography-Alopecia-Areata-13-300x200.jpg 300w, https:\/\/ines-thomsen.com\/wp-content\/uploads\/2023\/10\/Ines-Thomsen-Photography-Alopecia-Areata-13-1024x683.jpg 1024w, https:\/\/ines-thomsen.com\/wp-content\/uploads\/2023\/10\/Ines-Thomsen-Photography-Alopecia-Areata-13-768x512.jpg 768w, https:\/\/ines-thomsen.com\/wp-content\/uploads\/2023\/10\/Ines-Thomsen-Photography-Alopecia-Areata-13-1536x1024.jpg 1536w\" sizes=\"(max-width: 800px) 100vw, 800px\" \/>\n\t\t<div class=\"figc no-description\">\n\t\t\t<div class=\"figc-inner\">\n\t\t\t\t\t\t\t\t\t\t\t\t\t\t\t<\/div>\n\t\t<\/div>\n\n\t<\/div>\n\n<\/div><div class=\"modula-item effect-pufrobo\" >\n\t<div class=\"modula-item-overlay\"><\/div>\n\n\t<div class=\"modula-item-content\">\n\n\t\t\t\t\n\t\t\t\t\t<a data-image-id=\"943\" role=\"button\" data-elementor-open-lightbox=\"no\" tabindex=\"0\" rel=\"jtg-350\" data-caption=\"\" aria-label=\"Open image in lightbox\" class=\"tile-inner modula-item-link\"><\/a>\n\t\t\n\t\t<img decoding=\"async\" class=\"pic wp-image-943\"  data-valign=\"middle\" data-halign=\"center\" alt=\"\" data-full=\"https:\/\/ines-thomsen.com\/wp-content\/uploads\/2023\/10\/Ines-Thomsen-Photography-Alopecia-Areata-12.jpg\" title=\"Ines Thomsen Photography -Alopecia Areata-12\" width=\"800\" height=\"534\" src=\"https:\/\/ines-thomsen.com\/wp-content\/uploads\/2023\/10\/Ines-Thomsen-Photography-Alopecia-Areata-12-1024x683.jpg\" data-src=\"https:\/\/ines-thomsen.com\/wp-content\/uploads\/2023\/10\/Ines-Thomsen-Photography-Alopecia-Areata-12-1024x683.jpg\" data-caption=\"\" srcset=\"https:\/\/ines-thomsen.com\/wp-content\/uploads\/2023\/10\/Ines-Thomsen-Photography-Alopecia-Areata-12.jpg 1600w, https:\/\/ines-thomsen.com\/wp-content\/uploads\/2023\/10\/Ines-Thomsen-Photography-Alopecia-Areata-12-300x200.jpg 300w, https:\/\/ines-thomsen.com\/wp-content\/uploads\/2023\/10\/Ines-Thomsen-Photography-Alopecia-Areata-12-1024x683.jpg 1024w, https:\/\/ines-thomsen.com\/wp-content\/uploads\/2023\/10\/Ines-Thomsen-Photography-Alopecia-Areata-12-768x512.jpg 768w, https:\/\/ines-thomsen.com\/wp-content\/uploads\/2023\/10\/Ines-Thomsen-Photography-Alopecia-Areata-12-1536x1024.jpg 1536w\" sizes=\"(max-width: 800px) 100vw, 800px\" \/>\n\t\t<div class=\"figc no-description\">\n\t\t\t<div class=\"figc-inner\">\n\t\t\t\t\t\t\t\t\t\t\t\t\t\t\t<\/div>\n\t\t<\/div>\n\n\t<\/div>\n\n<\/div><div class=\"modula-item effect-pufrobo\" >\n\t<div class=\"modula-item-overlay\"><\/div>\n\n\t<div class=\"modula-item-content\">\n\n\t\t\t\t\n\t\t\t\t\t<a data-image-id=\"946\" role=\"button\" data-elementor-open-lightbox=\"no\" tabindex=\"0\" rel=\"jtg-350\" data-caption=\"\" aria-label=\"Open image in lightbox\" class=\"tile-inner modula-item-link\"><\/a>\n\t\t\n\t\t<img loading=\"lazy\" decoding=\"async\" class=\"pic wp-image-946\"  data-valign=\"middle\" data-halign=\"center\" alt=\"\" data-full=\"https:\/\/ines-thomsen.com\/wp-content\/uploads\/2023\/10\/Ines-Thomsen-Photography-Alopecia-Areata-15.jpg\" title=\"Ines Thomsen Photography -Alopecia Areata-15\" width=\"800\" height=\"534\" src=\"https:\/\/ines-thomsen.com\/wp-content\/uploads\/2023\/10\/Ines-Thomsen-Photography-Alopecia-Areata-15-1024x683.jpg\" data-src=\"https:\/\/ines-thomsen.com\/wp-content\/uploads\/2023\/10\/Ines-Thomsen-Photography-Alopecia-Areata-15-1024x683.jpg\" data-caption=\"\" srcset=\"https:\/\/ines-thomsen.com\/wp-content\/uploads\/2023\/10\/Ines-Thomsen-Photography-Alopecia-Areata-15.jpg 1600w, https:\/\/ines-thomsen.com\/wp-content\/uploads\/2023\/10\/Ines-Thomsen-Photography-Alopecia-Areata-15-300x200.jpg 300w, https:\/\/ines-thomsen.com\/wp-content\/uploads\/2023\/10\/Ines-Thomsen-Photography-Alopecia-Areata-15-1024x683.jpg 1024w, https:\/\/ines-thomsen.com\/wp-content\/uploads\/2023\/10\/Ines-Thomsen-Photography-Alopecia-Areata-15-768x512.jpg 768w, https:\/\/ines-thomsen.com\/wp-content\/uploads\/2023\/10\/Ines-Thomsen-Photography-Alopecia-Areata-15-1536x1024.jpg 1536w\" sizes=\"(max-width: 800px) 100vw, 800px\" \/>\n\t\t<div class=\"figc no-description\">\n\t\t\t<div class=\"figc-inner\">\n\t\t\t\t\t\t\t\t\t\t\t\t\t\t\t<\/div>\n\t\t<\/div>\n\n\t<\/div>\n\n<\/div><div class=\"modula-item effect-pufrobo\" >\n\t<div class=\"modula-item-overlay\"><\/div>\n\n\t<div class=\"modula-item-content\">\n\n\t\t\t\t\n\t\t\t\t\t<a data-image-id=\"941\" role=\"button\" data-elementor-open-lightbox=\"no\" tabindex=\"0\" rel=\"jtg-350\" data-caption=\"\" aria-label=\"Open image in lightbox\" class=\"tile-inner modula-item-link\"><\/a>\n\t\t\n\t\t<img loading=\"lazy\" decoding=\"async\" class=\"pic wp-image-941\"  data-valign=\"middle\" data-halign=\"center\" alt=\"\" data-full=\"https:\/\/ines-thomsen.com\/wp-content\/uploads\/2023\/10\/Ines-Thomsen-Photography-Alopecia-Areata-17.jpg\" title=\"Ines Thomsen Photography -Alopecia Areata-17\" width=\"800\" height=\"534\" src=\"https:\/\/ines-thomsen.com\/wp-content\/uploads\/2023\/10\/Ines-Thomsen-Photography-Alopecia-Areata-17-1024x683.jpg\" data-src=\"https:\/\/ines-thomsen.com\/wp-content\/uploads\/2023\/10\/Ines-Thomsen-Photography-Alopecia-Areata-17-1024x683.jpg\" data-caption=\"\" srcset=\"https:\/\/ines-thomsen.com\/wp-content\/uploads\/2023\/10\/Ines-Thomsen-Photography-Alopecia-Areata-17.jpg 1600w, https:\/\/ines-thomsen.com\/wp-content\/uploads\/2023\/10\/Ines-Thomsen-Photography-Alopecia-Areata-17-300x200.jpg 300w, https:\/\/ines-thomsen.com\/wp-content\/uploads\/2023\/10\/Ines-Thomsen-Photography-Alopecia-Areata-17-1024x683.jpg 1024w, https:\/\/ines-thomsen.com\/wp-content\/uploads\/2023\/10\/Ines-Thomsen-Photography-Alopecia-Areata-17-768x512.jpg 768w, https:\/\/ines-thomsen.com\/wp-content\/uploads\/2023\/10\/Ines-Thomsen-Photography-Alopecia-Areata-17-1536x1024.jpg 1536w\" sizes=\"(max-width: 800px) 100vw, 800px\" \/>\n\t\t<div class=\"figc no-description\">\n\t\t\t<div class=\"figc-inner\">\n\t\t\t\t\t\t\t\t\t\t\t\t\t\t\t<\/div>\n\t\t<\/div>\n\n\t<\/div>\n\n<\/div><div class=\"modula-item effect-pufrobo\" >\n\t<div class=\"modula-item-overlay\"><\/div>\n\n\t<div class=\"modula-item-content\">\n\n\t\t\t\t\n\t\t\t\t\t<a data-image-id=\"939\" role=\"button\" data-elementor-open-lightbox=\"no\" tabindex=\"0\" rel=\"jtg-350\" data-caption=\"\" aria-label=\"Open image in lightbox\" class=\"tile-inner modula-item-link\"><\/a>\n\t\t\n\t\t<img loading=\"lazy\" decoding=\"async\" class=\"pic wp-image-939\"  data-valign=\"middle\" data-halign=\"center\" alt=\"\" data-full=\"https:\/\/ines-thomsen.com\/wp-content\/uploads\/2023\/10\/Ines-Thomsen-Photography-Alopecia-Areata-16.jpg\" title=\"Ines Thomsen Photography -Alopecia Areata-16\" width=\"800\" height=\"534\" src=\"https:\/\/ines-thomsen.com\/wp-content\/uploads\/2023\/10\/Ines-Thomsen-Photography-Alopecia-Areata-16-1024x683.jpg\" data-src=\"https:\/\/ines-thomsen.com\/wp-content\/uploads\/2023\/10\/Ines-Thomsen-Photography-Alopecia-Areata-16-1024x683.jpg\" data-caption=\"\" srcset=\"https:\/\/ines-thomsen.com\/wp-content\/uploads\/2023\/10\/Ines-Thomsen-Photography-Alopecia-Areata-16.jpg 1600w, https:\/\/ines-thomsen.com\/wp-content\/uploads\/2023\/10\/Ines-Thomsen-Photography-Alopecia-Areata-16-300x200.jpg 300w, https:\/\/ines-thomsen.com\/wp-content\/uploads\/2023\/10\/Ines-Thomsen-Photography-Alopecia-Areata-16-1024x683.jpg 1024w, https:\/\/ines-thomsen.com\/wp-content\/uploads\/2023\/10\/Ines-Thomsen-Photography-Alopecia-Areata-16-768x512.jpg 768w, https:\/\/ines-thomsen.com\/wp-content\/uploads\/2023\/10\/Ines-Thomsen-Photography-Alopecia-Areata-16-1536x1024.jpg 1536w\" sizes=\"(max-width: 800px) 100vw, 800px\" \/>\n\t\t<div class=\"figc no-description\">\n\t\t\t<div class=\"figc-inner\">\n\t\t\t\t\t\t\t\t\t\t\t\t\t\t\t<\/div>\n\t\t<\/div>\n\n\t<\/div>\n\n<\/div><div class=\"modula-item effect-pufrobo\" >\n\t<div class=\"modula-item-overlay\"><\/div>\n\n\t<div class=\"modula-item-content\">\n\n\t\t\t\t\n\t\t\t\t\t<a data-image-id=\"949\" role=\"button\" data-elementor-open-lightbox=\"no\" tabindex=\"0\" rel=\"jtg-350\" data-caption=\"\" aria-label=\"Open image in lightbox\" class=\"tile-inner modula-item-link\"><\/a>\n\t\t\n\t\t<img loading=\"lazy\" decoding=\"async\" class=\"pic wp-image-949\"  data-valign=\"middle\" data-halign=\"center\" alt=\"\" data-full=\"https:\/\/ines-thomsen.com\/wp-content\/uploads\/2023\/10\/Ines-Thomsen-Photography-Alopecia-Areata-11.jpg\" title=\"Ines Thomsen Photography -Alopecia Areata-11\" width=\"800\" height=\"534\" src=\"https:\/\/ines-thomsen.com\/wp-content\/uploads\/2023\/10\/Ines-Thomsen-Photography-Alopecia-Areata-11-1024x683.jpg\" data-src=\"https:\/\/ines-thomsen.com\/wp-content\/uploads\/2023\/10\/Ines-Thomsen-Photography-Alopecia-Areata-11-1024x683.jpg\" data-caption=\"\" srcset=\"https:\/\/ines-thomsen.com\/wp-content\/uploads\/2023\/10\/Ines-Thomsen-Photography-Alopecia-Areata-11.jpg 1600w, https:\/\/ines-thomsen.com\/wp-content\/uploads\/2023\/10\/Ines-Thomsen-Photography-Alopecia-Areata-11-300x200.jpg 300w, https:\/\/ines-thomsen.com\/wp-content\/uploads\/2023\/10\/Ines-Thomsen-Photography-Alopecia-Areata-11-1024x683.jpg 1024w, https:\/\/ines-thomsen.com\/wp-content\/uploads\/2023\/10\/Ines-Thomsen-Photography-Alopecia-Areata-11-768x512.jpg 768w, https:\/\/ines-thomsen.com\/wp-content\/uploads\/2023\/10\/Ines-Thomsen-Photography-Alopecia-Areata-11-1536x1024.jpg 1536w\" sizes=\"(max-width: 800px) 100vw, 800px\" \/>\n\t\t<div class=\"figc no-description\">\n\t\t\t<div class=\"figc-inner\">\n\t\t\t\t\t\t\t\t\t\t\t\t\t\t\t<\/div>\n\t\t<\/div>\n\n\t<\/div>\n\n<\/div><div class=\"modula-item effect-pufrobo\" >\n\t<div class=\"modula-item-overlay\"><\/div>\n\n\t<div class=\"modula-item-content\">\n\n\t\t\t\t\n\t\t\t\t\t<a data-image-id=\"956\" role=\"button\" data-elementor-open-lightbox=\"no\" tabindex=\"0\" rel=\"jtg-350\" data-caption=\"\" aria-label=\"Open image in lightbox\" class=\"tile-inner modula-item-link\"><\/a>\n\t\t\n\t\t<img loading=\"lazy\" decoding=\"async\" class=\"pic wp-image-956\"  data-valign=\"middle\" data-halign=\"center\" alt=\"\" data-full=\"https:\/\/ines-thomsen.com\/wp-content\/uploads\/2023\/10\/Ines-Thomsen-Photography-Alopecia-Areata-3.jpg\" title=\"Ines Thomsen Photography -Alopecia Areata-3\" width=\"800\" height=\"534\" src=\"https:\/\/ines-thomsen.com\/wp-content\/uploads\/2023\/10\/Ines-Thomsen-Photography-Alopecia-Areata-3-1024x683.jpg\" data-src=\"https:\/\/ines-thomsen.com\/wp-content\/uploads\/2023\/10\/Ines-Thomsen-Photography-Alopecia-Areata-3-1024x683.jpg\" data-caption=\"\" srcset=\"https:\/\/ines-thomsen.com\/wp-content\/uploads\/2023\/10\/Ines-Thomsen-Photography-Alopecia-Areata-3.jpg 1600w, https:\/\/ines-thomsen.com\/wp-content\/uploads\/2023\/10\/Ines-Thomsen-Photography-Alopecia-Areata-3-300x200.jpg 300w, https:\/\/ines-thomsen.com\/wp-content\/uploads\/2023\/10\/Ines-Thomsen-Photography-Alopecia-Areata-3-1024x683.jpg 1024w, https:\/\/ines-thomsen.com\/wp-content\/uploads\/2023\/10\/Ines-Thomsen-Photography-Alopecia-Areata-3-768x512.jpg 768w, https:\/\/ines-thomsen.com\/wp-content\/uploads\/2023\/10\/Ines-Thomsen-Photography-Alopecia-Areata-3-1536x1024.jpg 1536w\" sizes=\"(max-width: 800px) 100vw, 800px\" \/>\n\t\t<div class=\"figc no-description\">\n\t\t\t<div class=\"figc-inner\">\n\t\t\t\t\t\t\t\t\t\t\t\t\t\t\t<\/div>\n\t\t<\/div>\n\n\t<\/div>\n\n<\/div><div class=\"modula-item effect-pufrobo\" >\n\t<div class=\"modula-item-overlay\"><\/div>\n\n\t<div class=\"modula-item-content\">\n\n\t\t\t\t\n\t\t\t\t\t<a data-image-id=\"952\" role=\"button\" data-elementor-open-lightbox=\"no\" tabindex=\"0\" rel=\"jtg-350\" data-caption=\"\" aria-label=\"Open image in lightbox\" class=\"tile-inner modula-item-link\"><\/a>\n\t\t\n\t\t<img loading=\"lazy\" decoding=\"async\" class=\"pic wp-image-952\"  data-valign=\"middle\" data-halign=\"center\" alt=\"\" data-full=\"https:\/\/ines-thomsen.com\/wp-content\/uploads\/2023\/10\/Ines-Thomsen-Photography-Alopecia-Areata-6.jpg\" title=\"Ines Thomsen Photography -Alopecia Areata-6\" width=\"800\" height=\"534\" src=\"https:\/\/ines-thomsen.com\/wp-content\/uploads\/2023\/10\/Ines-Thomsen-Photography-Alopecia-Areata-6-1024x683.jpg\" data-src=\"https:\/\/ines-thomsen.com\/wp-content\/uploads\/2023\/10\/Ines-Thomsen-Photography-Alopecia-Areata-6-1024x683.jpg\" data-caption=\"\" srcset=\"https:\/\/ines-thomsen.com\/wp-content\/uploads\/2023\/10\/Ines-Thomsen-Photography-Alopecia-Areata-6.jpg 1600w, https:\/\/ines-thomsen.com\/wp-content\/uploads\/2023\/10\/Ines-Thomsen-Photography-Alopecia-Areata-6-300x200.jpg 300w, https:\/\/ines-thomsen.com\/wp-content\/uploads\/2023\/10\/Ines-Thomsen-Photography-Alopecia-Areata-6-1024x683.jpg 1024w, https:\/\/ines-thomsen.com\/wp-content\/uploads\/2023\/10\/Ines-Thomsen-Photography-Alopecia-Areata-6-768x512.jpg 768w, https:\/\/ines-thomsen.com\/wp-content\/uploads\/2023\/10\/Ines-Thomsen-Photography-Alopecia-Areata-6-1536x1024.jpg 1536w\" sizes=\"(max-width: 800px) 100vw, 800px\" \/>\n\t\t<div class=\"figc no-description\">\n\t\t\t<div class=\"figc-inner\">\n\t\t\t\t\t\t\t\t\t\t\t\t\t\t\t<\/div>\n\t\t<\/div>\n\n\t<\/div>\n\n<\/div><div class=\"modula-item effect-pufrobo\" >\n\t<div class=\"modula-item-overlay\"><\/div>\n\n\t<div class=\"modula-item-content\">\n\n\t\t\t\t\n\t\t\t\t\t<a data-image-id=\"950\" role=\"button\" data-elementor-open-lightbox=\"no\" tabindex=\"0\" rel=\"jtg-350\" data-caption=\"\" aria-label=\"Open image in lightbox\" class=\"tile-inner modula-item-link\"><\/a>\n\t\t\n\t\t<img loading=\"lazy\" decoding=\"async\" class=\"pic wp-image-950\"  data-valign=\"middle\" data-halign=\"center\" alt=\"\" data-full=\"https:\/\/ines-thomsen.com\/wp-content\/uploads\/2023\/10\/Ines-Thomsen-Photography-Alopecia-Areata-9.jpg\" title=\"Ines Thomsen Photography -Alopecia Areata-9\" width=\"800\" height=\"141\" src=\"https:\/\/ines-thomsen.com\/wp-content\/uploads\/2023\/10\/Ines-Thomsen-Photography-Alopecia-Areata-9-1024x181.jpg\" data-src=\"https:\/\/ines-thomsen.com\/wp-content\/uploads\/2023\/10\/Ines-Thomsen-Photography-Alopecia-Areata-9-1024x181.jpg\" data-caption=\"\" srcset=\"https:\/\/ines-thomsen.com\/wp-content\/uploads\/2023\/10\/Ines-Thomsen-Photography-Alopecia-Areata-9.jpg 1600w, https:\/\/ines-thomsen.com\/wp-content\/uploads\/2023\/10\/Ines-Thomsen-Photography-Alopecia-Areata-9-300x53.jpg 300w, https:\/\/ines-thomsen.com\/wp-content\/uploads\/2023\/10\/Ines-Thomsen-Photography-Alopecia-Areata-9-1024x181.jpg 1024w, https:\/\/ines-thomsen.com\/wp-content\/uploads\/2023\/10\/Ines-Thomsen-Photography-Alopecia-Areata-9-768x136.jpg 768w, https:\/\/ines-thomsen.com\/wp-content\/uploads\/2023\/10\/Ines-Thomsen-Photography-Alopecia-Areata-9-1536x272.jpg 1536w\" sizes=\"(max-width: 800px) 100vw, 800px\" \/>\n\t\t<div class=\"figc no-description\">\n\t\t\t<div class=\"figc-inner\">\n\t\t\t\t\t\t\t\t\t\t\t\t\t\t\t<\/div>\n\t\t<\/div>\n\n\t<\/div>\n\n<\/div><div class=\"modula-item effect-pufrobo\" >\n\t<div class=\"modula-item-overlay\"><\/div>\n\n\t<div class=\"modula-item-content\">\n\n\t\t\t\t\n\t\t\t\t\t<a data-image-id=\"951\" role=\"button\" data-elementor-open-lightbox=\"no\" tabindex=\"0\" rel=\"jtg-350\" data-caption=\"\" aria-label=\"Open image in lightbox\" class=\"tile-inner modula-item-link\"><\/a>\n\t\t\n\t\t<img loading=\"lazy\" decoding=\"async\" class=\"pic wp-image-951\"  data-valign=\"middle\" data-halign=\"center\" alt=\"\" data-full=\"https:\/\/ines-thomsen.com\/wp-content\/uploads\/2023\/10\/Ines-Thomsen-Photography-Alopecia-Areata-8.jpg\" title=\"Ines Thomsen Photography -Alopecia Areata-8\" width=\"800\" height=\"534\" src=\"https:\/\/ines-thomsen.com\/wp-content\/uploads\/2023\/10\/Ines-Thomsen-Photography-Alopecia-Areata-8-1024x683.jpg\" data-src=\"https:\/\/ines-thomsen.com\/wp-content\/uploads\/2023\/10\/Ines-Thomsen-Photography-Alopecia-Areata-8-1024x683.jpg\" data-caption=\"\" srcset=\"https:\/\/ines-thomsen.com\/wp-content\/uploads\/2023\/10\/Ines-Thomsen-Photography-Alopecia-Areata-8.jpg 1600w, https:\/\/ines-thomsen.com\/wp-content\/uploads\/2023\/10\/Ines-Thomsen-Photography-Alopecia-Areata-8-300x200.jpg 300w, https:\/\/ines-thomsen.com\/wp-content\/uploads\/2023\/10\/Ines-Thomsen-Photography-Alopecia-Areata-8-1024x683.jpg 1024w, https:\/\/ines-thomsen.com\/wp-content\/uploads\/2023\/10\/Ines-Thomsen-Photography-Alopecia-Areata-8-768x512.jpg 768w, https:\/\/ines-thomsen.com\/wp-content\/uploads\/2023\/10\/Ines-Thomsen-Photography-Alopecia-Areata-8-1536x1024.jpg 1536w\" sizes=\"(max-width: 800px) 100vw, 800px\" \/>\n\t\t<div class=\"figc no-description\">\n\t\t\t<div class=\"figc-inner\">\n\t\t\t\t\t\t\t\t\t\t\t\t\t\t\t<\/div>\n\t\t<\/div>\n\n\t<\/div>\n\n<\/div><div class=\"modula-item effect-pufrobo\" >\n\t<div class=\"modula-item-overlay\"><\/div>\n\n\t<div class=\"modula-item-content\">\n\n\t\t\t\t\n\t\t\t\t\t<a data-image-id=\"954\" role=\"button\" data-elementor-open-lightbox=\"no\" tabindex=\"0\" rel=\"jtg-350\" data-caption=\"\" aria-label=\"Open image in lightbox\" class=\"tile-inner modula-item-link\"><\/a>\n\t\t\n\t\t<img loading=\"lazy\" decoding=\"async\" class=\"pic wp-image-954\"  data-valign=\"middle\" data-halign=\"center\" alt=\"\" data-full=\"https:\/\/ines-thomsen.com\/wp-content\/uploads\/2023\/10\/Ines-Thomsen-Photography-Alopecia-Areata-5.jpg\" title=\"Ines Thomsen Photography -Alopecia Areata-5\" width=\"800\" height=\"534\" src=\"https:\/\/ines-thomsen.com\/wp-content\/uploads\/2023\/10\/Ines-Thomsen-Photography-Alopecia-Areata-5-1024x683.jpg\" data-src=\"https:\/\/ines-thomsen.com\/wp-content\/uploads\/2023\/10\/Ines-Thomsen-Photography-Alopecia-Areata-5-1024x683.jpg\" data-caption=\"\" srcset=\"https:\/\/ines-thomsen.com\/wp-content\/uploads\/2023\/10\/Ines-Thomsen-Photography-Alopecia-Areata-5.jpg 1600w, https:\/\/ines-thomsen.com\/wp-content\/uploads\/2023\/10\/Ines-Thomsen-Photography-Alopecia-Areata-5-300x200.jpg 300w, https:\/\/ines-thomsen.com\/wp-content\/uploads\/2023\/10\/Ines-Thomsen-Photography-Alopecia-Areata-5-1024x683.jpg 1024w, https:\/\/ines-thomsen.com\/wp-content\/uploads\/2023\/10\/Ines-Thomsen-Photography-Alopecia-Areata-5-768x512.jpg 768w, https:\/\/ines-thomsen.com\/wp-content\/uploads\/2023\/10\/Ines-Thomsen-Photography-Alopecia-Areata-5-1536x1024.jpg 1536w\" sizes=\"(max-width: 800px) 100vw, 800px\" \/>\n\t\t<div class=\"figc no-description\">\n\t\t\t<div class=\"figc-inner\">\n\t\t\t\t\t\t\t\t\t\t\t\t\t\t\t<\/div>\n\t\t<\/div>\n\n\t<\/div>\n\n<\/div><div class=\"modula-item effect-pufrobo\" >\n\t<div class=\"modula-item-overlay\"><\/div>\n\n\t<div class=\"modula-item-content\">\n\n\t\t\t\t\n\t\t\t\t\t<a data-image-id=\"955\" role=\"button\" data-elementor-open-lightbox=\"no\" tabindex=\"0\" rel=\"jtg-350\" data-caption=\"\" aria-label=\"Open image in lightbox\" class=\"tile-inner modula-item-link\"><\/a>\n\t\t\n\t\t<img loading=\"lazy\" decoding=\"async\" class=\"pic wp-image-955\"  data-valign=\"middle\" data-halign=\"center\" alt=\"\" data-full=\"https:\/\/ines-thomsen.com\/wp-content\/uploads\/2023\/10\/Ines-Thomsen-Photography-Alopecia-Areata-4.jpg\" title=\"Ines Thomsen Photography -Alopecia Areata-4\" width=\"800\" height=\"534\" src=\"https:\/\/ines-thomsen.com\/wp-content\/uploads\/2023\/10\/Ines-Thomsen-Photography-Alopecia-Areata-4-1024x683.jpg\" data-src=\"https:\/\/ines-thomsen.com\/wp-content\/uploads\/2023\/10\/Ines-Thomsen-Photography-Alopecia-Areata-4-1024x683.jpg\" data-caption=\"\" srcset=\"https:\/\/ines-thomsen.com\/wp-content\/uploads\/2023\/10\/Ines-Thomsen-Photography-Alopecia-Areata-4.jpg 1600w, https:\/\/ines-thomsen.com\/wp-content\/uploads\/2023\/10\/Ines-Thomsen-Photography-Alopecia-Areata-4-300x200.jpg 300w, https:\/\/ines-thomsen.com\/wp-content\/uploads\/2023\/10\/Ines-Thomsen-Photography-Alopecia-Areata-4-1024x683.jpg 1024w, https:\/\/ines-thomsen.com\/wp-content\/uploads\/2023\/10\/Ines-Thomsen-Photography-Alopecia-Areata-4-768x512.jpg 768w, https:\/\/ines-thomsen.com\/wp-content\/uploads\/2023\/10\/Ines-Thomsen-Photography-Alopecia-Areata-4-1536x1024.jpg 1536w\" sizes=\"(max-width: 800px) 100vw, 800px\" \/>\n\t\t<div class=\"figc no-description\">\n\t\t\t<div class=\"figc-inner\">\n\t\t\t\t\t\t\t\t\t\t\t\t\t\t\t<\/div>\n\t\t<\/div>\n\n\t<\/div>\n\n<\/div><div class=\"modula-item effect-pufrobo\" >\n\t<div class=\"modula-item-overlay\"><\/div>\n\n\t<div class=\"modula-item-content\">\n\n\t\t\t\t\n\t\t\t\t\t<a data-image-id=\"953\" role=\"button\" data-elementor-open-lightbox=\"no\" tabindex=\"0\" rel=\"jtg-350\" data-caption=\"\" aria-label=\"Open image in lightbox\" class=\"tile-inner modula-item-link\"><\/a>\n\t\t\n\t\t<img loading=\"lazy\" decoding=\"async\" class=\"pic wp-image-953\"  data-valign=\"middle\" data-halign=\"center\" alt=\"\" data-full=\"https:\/\/ines-thomsen.com\/wp-content\/uploads\/2023\/10\/Ines-Thomsen-Photography-Alopecia-Areata-7.jpg\" title=\"Ines Thomsen Photography -Alopecia Areata-7\" width=\"800\" height=\"534\" src=\"https:\/\/ines-thomsen.com\/wp-content\/uploads\/2023\/10\/Ines-Thomsen-Photography-Alopecia-Areata-7-1024x683.jpg\" data-src=\"https:\/\/ines-thomsen.com\/wp-content\/uploads\/2023\/10\/Ines-Thomsen-Photography-Alopecia-Areata-7-1024x683.jpg\" data-caption=\"\" srcset=\"https:\/\/ines-thomsen.com\/wp-content\/uploads\/2023\/10\/Ines-Thomsen-Photography-Alopecia-Areata-7.jpg 1600w, https:\/\/ines-thomsen.com\/wp-content\/uploads\/2023\/10\/Ines-Thomsen-Photography-Alopecia-Areata-7-300x200.jpg 300w, https:\/\/ines-thomsen.com\/wp-content\/uploads\/2023\/10\/Ines-Thomsen-Photography-Alopecia-Areata-7-1024x683.jpg 1024w, https:\/\/ines-thomsen.com\/wp-content\/uploads\/2023\/10\/Ines-Thomsen-Photography-Alopecia-Areata-7-768x512.jpg 768w, https:\/\/ines-thomsen.com\/wp-content\/uploads\/2023\/10\/Ines-Thomsen-Photography-Alopecia-Areata-7-1536x1024.jpg 1536w\" sizes=\"(max-width: 800px) 100vw, 800px\" \/>\n\t\t<div class=\"figc no-description\">\n\t\t\t<div class=\"figc-inner\">\n\t\t\t\t\t\t\t\t\t\t\t\t\t\t\t<\/div>\n\t\t<\/div>\n\n\t<\/div>\n\n<\/div><div class=\"modula-item effect-pufrobo\" >\n\t<div class=\"modula-item-overlay\"><\/div>\n\n\t<div class=\"modula-item-content\">\n\n\t\t\t\t\n\t\t\t\t\t<a data-image-id=\"947\" role=\"button\" data-elementor-open-lightbox=\"no\" tabindex=\"0\" rel=\"jtg-350\" data-caption=\"\" aria-label=\"Open image in lightbox\" class=\"tile-inner modula-item-link\"><\/a>\n\t\t\n\t\t<img loading=\"lazy\" decoding=\"async\" class=\"pic wp-image-947\"  data-valign=\"middle\" data-halign=\"center\" alt=\"\" data-full=\"https:\/\/ines-thomsen.com\/wp-content\/uploads\/2023\/10\/Ines-Thomsen-Photography-Alopecia-Areata-10.jpg\" title=\"Ines Thomsen Photography -Alopecia Areata-10\" width=\"800\" height=\"534\" src=\"https:\/\/ines-thomsen.com\/wp-content\/uploads\/2023\/10\/Ines-Thomsen-Photography-Alopecia-Areata-10-1024x683.jpg\" data-src=\"https:\/\/ines-thomsen.com\/wp-content\/uploads\/2023\/10\/Ines-Thomsen-Photography-Alopecia-Areata-10-1024x683.jpg\" data-caption=\"\" srcset=\"https:\/\/ines-thomsen.com\/wp-content\/uploads\/2023\/10\/Ines-Thomsen-Photography-Alopecia-Areata-10.jpg 1600w, https:\/\/ines-thomsen.com\/wp-content\/uploads\/2023\/10\/Ines-Thomsen-Photography-Alopecia-Areata-10-300x200.jpg 300w, https:\/\/ines-thomsen.com\/wp-content\/uploads\/2023\/10\/Ines-Thomsen-Photography-Alopecia-Areata-10-1024x683.jpg 1024w, https:\/\/ines-thomsen.com\/wp-content\/uploads\/2023\/10\/Ines-Thomsen-Photography-Alopecia-Areata-10-768x512.jpg 768w, https:\/\/ines-thomsen.com\/wp-content\/uploads\/2023\/10\/Ines-Thomsen-Photography-Alopecia-Areata-10-1536x1024.jpg 1536w\" sizes=\"(max-width: 800px) 100vw, 800px\" \/>\n\t\t<div class=\"figc no-description\">\n\t\t\t<div class=\"figc-inner\">\n\t\t\t\t\t\t\t\t\t\t\t\t\t\t\t<\/div>\n\t\t<\/div>\n\n\t<\/div>\n\n<\/div><div class=\"modula-item effect-pufrobo\" >\n\t<div class=\"modula-item-overlay\"><\/div>\n\n\t<div class=\"modula-item-content\">\n\n\t\t\t\t\n\t\t\t\t\t<a data-image-id=\"910\" role=\"button\" data-elementor-open-lightbox=\"no\" tabindex=\"0\" rel=\"jtg-350\" data-caption=\"\" aria-label=\"Open image in lightbox\" class=\"tile-inner modula-item-link\"><\/a>\n\t\t\n\t\t<img loading=\"lazy\" decoding=\"async\" class=\"pic wp-image-910\"  data-valign=\"middle\" data-halign=\"center\" alt=\"\" data-full=\"https:\/\/ines-thomsen.com\/wp-content\/uploads\/2023\/10\/Ines-Thomsen-Photography-Alopecia-Areata-49.jpg\" title=\"Ines Thomsen Photography -Alopecia Areata-49\" width=\"800\" height=\"534\" src=\"https:\/\/ines-thomsen.com\/wp-content\/uploads\/2023\/10\/Ines-Thomsen-Photography-Alopecia-Areata-49-1024x683.jpg\" data-src=\"https:\/\/ines-thomsen.com\/wp-content\/uploads\/2023\/10\/Ines-Thomsen-Photography-Alopecia-Areata-49-1024x683.jpg\" data-caption=\"\" srcset=\"https:\/\/ines-thomsen.com\/wp-content\/uploads\/2023\/10\/Ines-Thomsen-Photography-Alopecia-Areata-49.jpg 1600w, https:\/\/ines-thomsen.com\/wp-content\/uploads\/2023\/10\/Ines-Thomsen-Photography-Alopecia-Areata-49-300x200.jpg 300w, https:\/\/ines-thomsen.com\/wp-content\/uploads\/2023\/10\/Ines-Thomsen-Photography-Alopecia-Areata-49-1024x683.jpg 1024w, https:\/\/ines-thomsen.com\/wp-content\/uploads\/2023\/10\/Ines-Thomsen-Photography-Alopecia-Areata-49-768x512.jpg 768w, https:\/\/ines-thomsen.com\/wp-content\/uploads\/2023\/10\/Ines-Thomsen-Photography-Alopecia-Areata-49-1536x1024.jpg 1536w\" sizes=\"(max-width: 800px) 100vw, 800px\" \/>\n\t\t<div class=\"figc no-description\">\n\t\t\t<div class=\"figc-inner\">\n\t\t\t\t\t\t\t\t\t\t\t\t\t\t\t<\/div>\n\t\t<\/div>\n\n\t<\/div>\n\n<\/div><div class=\"modula-item effect-pufrobo\" >\n\t<div class=\"modula-item-overlay\"><\/div>\n\n\t<div class=\"modula-item-content\">\n\n\t\t\t\t\n\t\t\t\t\t<a data-image-id=\"904\" role=\"button\" data-elementor-open-lightbox=\"no\" tabindex=\"0\" rel=\"jtg-350\" data-caption=\"\" aria-label=\"Open image in lightbox\" class=\"tile-inner modula-item-link\"><\/a>\n\t\t\n\t\t<img loading=\"lazy\" decoding=\"async\" class=\"pic wp-image-904\"  data-valign=\"middle\" data-halign=\"center\" alt=\"\" data-full=\"https:\/\/ines-thomsen.com\/wp-content\/uploads\/2023\/10\/Ines-Thomsen-Photography-Alopecia-Areata-55.jpg\" title=\"Ines Thomsen Photography -Alopecia Areata-55\" width=\"800\" height=\"534\" src=\"https:\/\/ines-thomsen.com\/wp-content\/uploads\/2023\/10\/Ines-Thomsen-Photography-Alopecia-Areata-55-1024x683.jpg\" data-src=\"https:\/\/ines-thomsen.com\/wp-content\/uploads\/2023\/10\/Ines-Thomsen-Photography-Alopecia-Areata-55-1024x683.jpg\" data-caption=\"\" srcset=\"https:\/\/ines-thomsen.com\/wp-content\/uploads\/2023\/10\/Ines-Thomsen-Photography-Alopecia-Areata-55.jpg 1600w, https:\/\/ines-thomsen.com\/wp-content\/uploads\/2023\/10\/Ines-Thomsen-Photography-Alopecia-Areata-55-300x200.jpg 300w, https:\/\/ines-thomsen.com\/wp-content\/uploads\/2023\/10\/Ines-Thomsen-Photography-Alopecia-Areata-55-1024x683.jpg 1024w, https:\/\/ines-thomsen.com\/wp-content\/uploads\/2023\/10\/Ines-Thomsen-Photography-Alopecia-Areata-55-768x512.jpg 768w, https:\/\/ines-thomsen.com\/wp-content\/uploads\/2023\/10\/Ines-Thomsen-Photography-Alopecia-Areata-55-1536x1024.jpg 1536w\" sizes=\"(max-width: 800px) 100vw, 800px\" \/>\n\t\t<div class=\"figc no-description\">\n\t\t\t<div class=\"figc-inner\">\n\t\t\t\t\t\t\t\t\t\t\t\t\t\t\t<\/div>\n\t\t<\/div>\n\n\t<\/div>\n\n<\/div><div class=\"modula-item effect-pufrobo\" >\n\t<div class=\"modula-item-overlay\"><\/div>\n\n\t<div class=\"modula-item-content\">\n\n\t\t\t\t\n\t\t\t\t\t<a data-image-id=\"905\" role=\"button\" data-elementor-open-lightbox=\"no\" tabindex=\"0\" rel=\"jtg-350\" data-caption=\"\" aria-label=\"Open image in lightbox\" class=\"tile-inner modula-item-link\"><\/a>\n\t\t\n\t\t<img loading=\"lazy\" decoding=\"async\" class=\"pic wp-image-905\"  data-valign=\"middle\" data-halign=\"center\" alt=\"\" data-full=\"https:\/\/ines-thomsen.com\/wp-content\/uploads\/2023\/10\/Ines-Thomsen-Photography-Alopecia-Areata-54.jpg\" title=\"Ines Thomsen Photography -Alopecia Areata-54\" width=\"800\" height=\"534\" src=\"https:\/\/ines-thomsen.com\/wp-content\/uploads\/2023\/10\/Ines-Thomsen-Photography-Alopecia-Areata-54-1024x683.jpg\" data-src=\"https:\/\/ines-thomsen.com\/wp-content\/uploads\/2023\/10\/Ines-Thomsen-Photography-Alopecia-Areata-54-1024x683.jpg\" data-caption=\"\" srcset=\"https:\/\/ines-thomsen.com\/wp-content\/uploads\/2023\/10\/Ines-Thomsen-Photography-Alopecia-Areata-54.jpg 1600w, https:\/\/ines-thomsen.com\/wp-content\/uploads\/2023\/10\/Ines-Thomsen-Photography-Alopecia-Areata-54-300x200.jpg 300w, https:\/\/ines-thomsen.com\/wp-content\/uploads\/2023\/10\/Ines-Thomsen-Photography-Alopecia-Areata-54-1024x683.jpg 1024w, https:\/\/ines-thomsen.com\/wp-content\/uploads\/2023\/10\/Ines-Thomsen-Photography-Alopecia-Areata-54-768x512.jpg 768w, https:\/\/ines-thomsen.com\/wp-content\/uploads\/2023\/10\/Ines-Thomsen-Photography-Alopecia-Areata-54-1536x1024.jpg 1536w\" sizes=\"(max-width: 800px) 100vw, 800px\" \/>\n\t\t<div class=\"figc no-description\">\n\t\t\t<div class=\"figc-inner\">\n\t\t\t\t\t\t\t\t\t\t\t\t\t\t\t<\/div>\n\t\t<\/div>\n\n\t<\/div>\n\n<\/div><div class=\"modula-item effect-pufrobo\" >\n\t<div class=\"modula-item-overlay\"><\/div>\n\n\t<div class=\"modula-item-content\">\n\n\t\t\t\t\n\t\t\t\t\t<a data-image-id=\"906\" role=\"button\" data-elementor-open-lightbox=\"no\" tabindex=\"0\" rel=\"jtg-350\" data-caption=\"\" aria-label=\"Open image in lightbox\" class=\"tile-inner modula-item-link\"><\/a>\n\t\t\n\t\t<img loading=\"lazy\" decoding=\"async\" class=\"pic wp-image-906\"  data-valign=\"middle\" data-halign=\"center\" alt=\"\" data-full=\"https:\/\/ines-thomsen.com\/wp-content\/uploads\/2023\/10\/Ines-Thomsen-Photography-Alopecia-Areata-53.jpg\" title=\"Ines Thomsen Photography -Alopecia Areata-53\" width=\"800\" height=\"534\" src=\"https:\/\/ines-thomsen.com\/wp-content\/uploads\/2023\/10\/Ines-Thomsen-Photography-Alopecia-Areata-53-1024x683.jpg\" data-src=\"https:\/\/ines-thomsen.com\/wp-content\/uploads\/2023\/10\/Ines-Thomsen-Photography-Alopecia-Areata-53-1024x683.jpg\" data-caption=\"\" srcset=\"https:\/\/ines-thomsen.com\/wp-content\/uploads\/2023\/10\/Ines-Thomsen-Photography-Alopecia-Areata-53.jpg 1600w, https:\/\/ines-thomsen.com\/wp-content\/uploads\/2023\/10\/Ines-Thomsen-Photography-Alopecia-Areata-53-300x200.jpg 300w, https:\/\/ines-thomsen.com\/wp-content\/uploads\/2023\/10\/Ines-Thomsen-Photography-Alopecia-Areata-53-1024x683.jpg 1024w, https:\/\/ines-thomsen.com\/wp-content\/uploads\/2023\/10\/Ines-Thomsen-Photography-Alopecia-Areata-53-768x512.jpg 768w, https:\/\/ines-thomsen.com\/wp-content\/uploads\/2023\/10\/Ines-Thomsen-Photography-Alopecia-Areata-53-1536x1024.jpg 1536w\" sizes=\"(max-width: 800px) 100vw, 800px\" \/>\n\t\t<div class=\"figc no-description\">\n\t\t\t<div class=\"figc-inner\">\n\t\t\t\t\t\t\t\t\t\t\t\t\t\t\t<\/div>\n\t\t<\/div>\n\n\t<\/div>\n\n<\/div><div class=\"modula-item effect-pufrobo\" >\n\t<div class=\"modula-item-overlay\"><\/div>\n\n\t<div class=\"modula-item-content\">\n\n\t\t\t\t\n\t\t\t\t\t<a data-image-id=\"908\" role=\"button\" data-elementor-open-lightbox=\"no\" tabindex=\"0\" rel=\"jtg-350\" data-caption=\"\" aria-label=\"Open image in lightbox\" class=\"tile-inner modula-item-link\"><\/a>\n\t\t\n\t\t<img loading=\"lazy\" decoding=\"async\" class=\"pic wp-image-908\"  data-valign=\"middle\" data-halign=\"center\" alt=\"\" data-full=\"https:\/\/ines-thomsen.com\/wp-content\/uploads\/2023\/10\/Ines-Thomsen-Photography-Alopecia-Areata-52.jpg\" title=\"Ines Thomsen Photography -Alopecia Areata-52\" width=\"800\" height=\"534\" src=\"https:\/\/ines-thomsen.com\/wp-content\/uploads\/2023\/10\/Ines-Thomsen-Photography-Alopecia-Areata-52-1024x683.jpg\" data-src=\"https:\/\/ines-thomsen.com\/wp-content\/uploads\/2023\/10\/Ines-Thomsen-Photography-Alopecia-Areata-52-1024x683.jpg\" data-caption=\"\" srcset=\"https:\/\/ines-thomsen.com\/wp-content\/uploads\/2023\/10\/Ines-Thomsen-Photography-Alopecia-Areata-52.jpg 1600w, https:\/\/ines-thomsen.com\/wp-content\/uploads\/2023\/10\/Ines-Thomsen-Photography-Alopecia-Areata-52-300x200.jpg 300w, https:\/\/ines-thomsen.com\/wp-content\/uploads\/2023\/10\/Ines-Thomsen-Photography-Alopecia-Areata-52-1024x683.jpg 1024w, https:\/\/ines-thomsen.com\/wp-content\/uploads\/2023\/10\/Ines-Thomsen-Photography-Alopecia-Areata-52-768x512.jpg 768w, https:\/\/ines-thomsen.com\/wp-content\/uploads\/2023\/10\/Ines-Thomsen-Photography-Alopecia-Areata-52-1536x1024.jpg 1536w\" sizes=\"(max-width: 800px) 100vw, 800px\" \/>\n\t\t<div class=\"figc no-description\">\n\t\t\t<div class=\"figc-inner\">\n\t\t\t\t\t\t\t\t\t\t\t\t\t\t\t<\/div>\n\t\t<\/div>\n\n\t<\/div>\n\n<\/div><div class=\"modula-item effect-pufrobo\" >\n\t<div class=\"modula-item-overlay\"><\/div>\n\n\t<div class=\"modula-item-content\">\n\n\t\t\t\t\n\t\t\t\t\t<a data-image-id=\"901\" role=\"button\" data-elementor-open-lightbox=\"no\" tabindex=\"0\" rel=\"jtg-350\" data-caption=\"\" aria-label=\"Open image in lightbox\" class=\"tile-inner modula-item-link\"><\/a>\n\t\t\n\t\t<img loading=\"lazy\" decoding=\"async\" class=\"pic wp-image-901\"  data-valign=\"middle\" data-halign=\"center\" alt=\"\" data-full=\"https:\/\/ines-thomsen.com\/wp-content\/uploads\/2023\/10\/Ines-Thomsen-Photography-Alopecia-Areata-57.jpg\" title=\"Ines Thomsen Photography -Alopecia Areata-57\" width=\"800\" height=\"534\" src=\"https:\/\/ines-thomsen.com\/wp-content\/uploads\/2023\/10\/Ines-Thomsen-Photography-Alopecia-Areata-57-1024x683.jpg\" data-src=\"https:\/\/ines-thomsen.com\/wp-content\/uploads\/2023\/10\/Ines-Thomsen-Photography-Alopecia-Areata-57-1024x683.jpg\" data-caption=\"\" srcset=\"https:\/\/ines-thomsen.com\/wp-content\/uploads\/2023\/10\/Ines-Thomsen-Photography-Alopecia-Areata-57.jpg 1600w, https:\/\/ines-thomsen.com\/wp-content\/uploads\/2023\/10\/Ines-Thomsen-Photography-Alopecia-Areata-57-300x200.jpg 300w, https:\/\/ines-thomsen.com\/wp-content\/uploads\/2023\/10\/Ines-Thomsen-Photography-Alopecia-Areata-57-1024x683.jpg 1024w, https:\/\/ines-thomsen.com\/wp-content\/uploads\/2023\/10\/Ines-Thomsen-Photography-Alopecia-Areata-57-768x512.jpg 768w, https:\/\/ines-thomsen.com\/wp-content\/uploads\/2023\/10\/Ines-Thomsen-Photography-Alopecia-Areata-57-1536x1024.jpg 1536w\" sizes=\"(max-width: 800px) 100vw, 800px\" \/>\n\t\t<div class=\"figc no-description\">\n\t\t\t<div class=\"figc-inner\">\n\t\t\t\t\t\t\t\t\t\t\t\t\t\t\t<\/div>\n\t\t<\/div>\n\n\t<\/div>\n\n<\/div><div class=\"modula-item effect-pufrobo\" >\n\t<div class=\"modula-item-overlay\"><\/div>\n\n\t<div class=\"modula-item-content\">\n\n\t\t\t\t\n\t\t\t\t\t<a data-image-id=\"902\" role=\"button\" data-elementor-open-lightbox=\"no\" tabindex=\"0\" rel=\"jtg-350\" data-caption=\"\" aria-label=\"Open image in lightbox\" class=\"tile-inner modula-item-link\"><\/a>\n\t\t\n\t\t<img loading=\"lazy\" decoding=\"async\" class=\"pic wp-image-902\"  data-valign=\"middle\" data-halign=\"center\" alt=\"\" data-full=\"https:\/\/ines-thomsen.com\/wp-content\/uploads\/2023\/10\/Ines-Thomsen-Photography-Alopecia-Areata-58.jpg\" title=\"Ines Thomsen Photography -Alopecia Areata-58\" width=\"800\" height=\"534\" src=\"https:\/\/ines-thomsen.com\/wp-content\/uploads\/2023\/10\/Ines-Thomsen-Photography-Alopecia-Areata-58-1024x683.jpg\" data-src=\"https:\/\/ines-thomsen.com\/wp-content\/uploads\/2023\/10\/Ines-Thomsen-Photography-Alopecia-Areata-58-1024x683.jpg\" data-caption=\"\" srcset=\"https:\/\/ines-thomsen.com\/wp-content\/uploads\/2023\/10\/Ines-Thomsen-Photography-Alopecia-Areata-58.jpg 1600w, https:\/\/ines-thomsen.com\/wp-content\/uploads\/2023\/10\/Ines-Thomsen-Photography-Alopecia-Areata-58-300x200.jpg 300w, https:\/\/ines-thomsen.com\/wp-content\/uploads\/2023\/10\/Ines-Thomsen-Photography-Alopecia-Areata-58-1024x683.jpg 1024w, https:\/\/ines-thomsen.com\/wp-content\/uploads\/2023\/10\/Ines-Thomsen-Photography-Alopecia-Areata-58-768x512.jpg 768w, https:\/\/ines-thomsen.com\/wp-content\/uploads\/2023\/10\/Ines-Thomsen-Photography-Alopecia-Areata-58-1536x1024.jpg 1536w\" sizes=\"(max-width: 800px) 100vw, 800px\" \/>\n\t\t<div class=\"figc no-description\">\n\t\t\t<div class=\"figc-inner\">\n\t\t\t\t\t\t\t\t\t\t\t\t\t\t\t<\/div>\n\t\t<\/div>\n\n\t<\/div>\n\n<\/div><div class=\"modula-item effect-pufrobo\" >\n\t<div class=\"modula-item-overlay\"><\/div>\n\n\t<div class=\"modula-item-content\">\n\n\t\t\t\t\n\t\t\t\t\t<a data-image-id=\"914\" role=\"button\" data-elementor-open-lightbox=\"no\" tabindex=\"0\" rel=\"jtg-350\" data-caption=\"\" aria-label=\"Open image in lightbox\" class=\"tile-inner modula-item-link\"><\/a>\n\t\t\n\t\t<img loading=\"lazy\" decoding=\"async\" class=\"pic wp-image-914\"  data-valign=\"middle\" data-halign=\"center\" alt=\"\" data-full=\"https:\/\/ines-thomsen.com\/wp-content\/uploads\/2023\/10\/Ines-Thomsen-Photography-Alopecia-Areata-45.jpg\" title=\"Ines Thomsen Photography -Alopecia Areata-45\" width=\"800\" height=\"534\" src=\"https:\/\/ines-thomsen.com\/wp-content\/uploads\/2023\/10\/Ines-Thomsen-Photography-Alopecia-Areata-45-1024x683.jpg\" data-src=\"https:\/\/ines-thomsen.com\/wp-content\/uploads\/2023\/10\/Ines-Thomsen-Photography-Alopecia-Areata-45-1024x683.jpg\" data-caption=\"\" srcset=\"https:\/\/ines-thomsen.com\/wp-content\/uploads\/2023\/10\/Ines-Thomsen-Photography-Alopecia-Areata-45.jpg 1600w, https:\/\/ines-thomsen.com\/wp-content\/uploads\/2023\/10\/Ines-Thomsen-Photography-Alopecia-Areata-45-300x200.jpg 300w, https:\/\/ines-thomsen.com\/wp-content\/uploads\/2023\/10\/Ines-Thomsen-Photography-Alopecia-Areata-45-1024x683.jpg 1024w, https:\/\/ines-thomsen.com\/wp-content\/uploads\/2023\/10\/Ines-Thomsen-Photography-Alopecia-Areata-45-768x512.jpg 768w, https:\/\/ines-thomsen.com\/wp-content\/uploads\/2023\/10\/Ines-Thomsen-Photography-Alopecia-Areata-45-1536x1024.jpg 1536w\" sizes=\"(max-width: 800px) 100vw, 800px\" \/>\n\t\t<div class=\"figc no-description\">\n\t\t\t<div class=\"figc-inner\">\n\t\t\t\t\t\t\t\t\t\t\t\t\t\t\t<\/div>\n\t\t<\/div>\n\n\t<\/div>\n\n<\/div><div class=\"modula-item effect-pufrobo\" >\n\t<div class=\"modula-item-overlay\"><\/div>\n\n\t<div class=\"modula-item-content\">\n\n\t\t\t\t\n\t\t\t\t\t<a data-image-id=\"900\" role=\"button\" data-elementor-open-lightbox=\"no\" tabindex=\"0\" rel=\"jtg-350\" data-caption=\"\" aria-label=\"Open image in lightbox\" class=\"tile-inner modula-item-link\"><\/a>\n\t\t\n\t\t<img loading=\"lazy\" decoding=\"async\" class=\"pic wp-image-900\"  data-valign=\"middle\" data-halign=\"center\" alt=\"\" data-full=\"https:\/\/ines-thomsen.com\/wp-content\/uploads\/2023\/10\/Ines-Thomsen-Photography-Alopecia-Areata-59.jpg\" title=\"Ines Thomsen Photography -Alopecia Areata-59\" width=\"800\" height=\"534\" src=\"https:\/\/ines-thomsen.com\/wp-content\/uploads\/2023\/10\/Ines-Thomsen-Photography-Alopecia-Areata-59-1024x683.jpg\" data-src=\"https:\/\/ines-thomsen.com\/wp-content\/uploads\/2023\/10\/Ines-Thomsen-Photography-Alopecia-Areata-59-1024x683.jpg\" data-caption=\"\" srcset=\"https:\/\/ines-thomsen.com\/wp-content\/uploads\/2023\/10\/Ines-Thomsen-Photography-Alopecia-Areata-59.jpg 1600w, https:\/\/ines-thomsen.com\/wp-content\/uploads\/2023\/10\/Ines-Thomsen-Photography-Alopecia-Areata-59-300x200.jpg 300w, https:\/\/ines-thomsen.com\/wp-content\/uploads\/2023\/10\/Ines-Thomsen-Photography-Alopecia-Areata-59-1024x683.jpg 1024w, https:\/\/ines-thomsen.com\/wp-content\/uploads\/2023\/10\/Ines-Thomsen-Photography-Alopecia-Areata-59-768x512.jpg 768w, https:\/\/ines-thomsen.com\/wp-content\/uploads\/2023\/10\/Ines-Thomsen-Photography-Alopecia-Areata-59-1536x1024.jpg 1536w\" sizes=\"(max-width: 800px) 100vw, 800px\" \/>\n\t\t<div class=\"figc no-description\">\n\t\t\t<div class=\"figc-inner\">\n\t\t\t\t\t\t\t\t\t\t\t\t\t\t\t<\/div>\n\t\t<\/div>\n\n\t<\/div>\n\n<\/div><div class=\"modula-item effect-pufrobo\" >\n\t<div class=\"modula-item-overlay\"><\/div>\n\n\t<div class=\"modula-item-content\">\n\n\t\t\t\t\n\t\t\t\t\t<a data-image-id=\"916\" role=\"button\" data-elementor-open-lightbox=\"no\" tabindex=\"0\" rel=\"jtg-350\" data-caption=\"\" aria-label=\"Open image in lightbox\" class=\"tile-inner modula-item-link\"><\/a>\n\t\t\n\t\t<img loading=\"lazy\" decoding=\"async\" class=\"pic wp-image-916\"  data-valign=\"middle\" data-halign=\"center\" alt=\"\" data-full=\"https:\/\/ines-thomsen.com\/wp-content\/uploads\/2023\/10\/Ines-Thomsen-Photography-Alopecia-Areata-44.jpg\" title=\"Ines Thomsen Photography -Alopecia Areata-44\" width=\"800\" height=\"534\" src=\"https:\/\/ines-thomsen.com\/wp-content\/uploads\/2023\/10\/Ines-Thomsen-Photography-Alopecia-Areata-44-1024x683.jpg\" data-src=\"https:\/\/ines-thomsen.com\/wp-content\/uploads\/2023\/10\/Ines-Thomsen-Photography-Alopecia-Areata-44-1024x683.jpg\" data-caption=\"\" srcset=\"https:\/\/ines-thomsen.com\/wp-content\/uploads\/2023\/10\/Ines-Thomsen-Photography-Alopecia-Areata-44.jpg 1600w, https:\/\/ines-thomsen.com\/wp-content\/uploads\/2023\/10\/Ines-Thomsen-Photography-Alopecia-Areata-44-300x200.jpg 300w, https:\/\/ines-thomsen.com\/wp-content\/uploads\/2023\/10\/Ines-Thomsen-Photography-Alopecia-Areata-44-1024x683.jpg 1024w, https:\/\/ines-thomsen.com\/wp-content\/uploads\/2023\/10\/Ines-Thomsen-Photography-Alopecia-Areata-44-768x512.jpg 768w, https:\/\/ines-thomsen.com\/wp-content\/uploads\/2023\/10\/Ines-Thomsen-Photography-Alopecia-Areata-44-1536x1024.jpg 1536w\" sizes=\"(max-width: 800px) 100vw, 800px\" \/>\n\t\t<div class=\"figc no-description\">\n\t\t\t<div class=\"figc-inner\">\n\t\t\t\t\t\t\t\t\t\t\t\t\t\t\t<\/div>\n\t\t<\/div>\n\n\t<\/div>\n\n<\/div><div class=\"modula-item effect-pufrobo\" >\n\t<div class=\"modula-item-overlay\"><\/div>\n\n\t<div class=\"modula-item-content\">\n\n\t\t\t\t\n\t\t\t\t\t<a data-image-id=\"915\" role=\"button\" data-elementor-open-lightbox=\"no\" tabindex=\"0\" rel=\"jtg-350\" data-caption=\"\" aria-label=\"Open image in lightbox\" class=\"tile-inner modula-item-link\"><\/a>\n\t\t\n\t\t<img loading=\"lazy\" decoding=\"async\" class=\"pic wp-image-915\"  data-valign=\"middle\" data-halign=\"center\" alt=\"\" data-full=\"https:\/\/ines-thomsen.com\/wp-content\/uploads\/2023\/10\/Ines-Thomsen-Photography-Alopecia-Areata-43.jpg\" title=\"Ines Thomsen Photography -Alopecia Areata-43\" width=\"800\" height=\"534\" src=\"https:\/\/ines-thomsen.com\/wp-content\/uploads\/2023\/10\/Ines-Thomsen-Photography-Alopecia-Areata-43-1024x683.jpg\" data-src=\"https:\/\/ines-thomsen.com\/wp-content\/uploads\/2023\/10\/Ines-Thomsen-Photography-Alopecia-Areata-43-1024x683.jpg\" data-caption=\"\" srcset=\"https:\/\/ines-thomsen.com\/wp-content\/uploads\/2023\/10\/Ines-Thomsen-Photography-Alopecia-Areata-43.jpg 1600w, https:\/\/ines-thomsen.com\/wp-content\/uploads\/2023\/10\/Ines-Thomsen-Photography-Alopecia-Areata-43-300x200.jpg 300w, https:\/\/ines-thomsen.com\/wp-content\/uploads\/2023\/10\/Ines-Thomsen-Photography-Alopecia-Areata-43-1024x683.jpg 1024w, https:\/\/ines-thomsen.com\/wp-content\/uploads\/2023\/10\/Ines-Thomsen-Photography-Alopecia-Areata-43-768x512.jpg 768w, https:\/\/ines-thomsen.com\/wp-content\/uploads\/2023\/10\/Ines-Thomsen-Photography-Alopecia-Areata-43-1536x1024.jpg 1536w\" sizes=\"(max-width: 800px) 100vw, 800px\" \/>\n\t\t<div class=\"figc no-description\">\n\t\t\t<div class=\"figc-inner\">\n\t\t\t\t\t\t\t\t\t\t\t\t\t\t\t<\/div>\n\t\t<\/div>\n\n\t<\/div>\n\n<\/div><div class=\"modula-item effect-pufrobo\" >\n\t<div class=\"modula-item-overlay\"><\/div>\n\n\t<div class=\"modula-item-content\">\n\n\t\t\t\t\n\t\t\t\t\t<a data-image-id=\"911\" role=\"button\" data-elementor-open-lightbox=\"no\" tabindex=\"0\" rel=\"jtg-350\" data-caption=\"\" aria-label=\"Open image in lightbox\" class=\"tile-inner modula-item-link\"><\/a>\n\t\t\n\t\t<img loading=\"lazy\" decoding=\"async\" class=\"pic wp-image-911\"  data-valign=\"middle\" data-halign=\"center\" alt=\"\" data-full=\"https:\/\/ines-thomsen.com\/wp-content\/uploads\/2023\/10\/Ines-Thomsen-Photography-Alopecia-Areata-48.jpg\" title=\"Ines Thomsen Photography -Alopecia Areata-48\" width=\"800\" height=\"534\" src=\"https:\/\/ines-thomsen.com\/wp-content\/uploads\/2023\/10\/Ines-Thomsen-Photography-Alopecia-Areata-48-1024x683.jpg\" data-src=\"https:\/\/ines-thomsen.com\/wp-content\/uploads\/2023\/10\/Ines-Thomsen-Photography-Alopecia-Areata-48-1024x683.jpg\" data-caption=\"\" srcset=\"https:\/\/ines-thomsen.com\/wp-content\/uploads\/2023\/10\/Ines-Thomsen-Photography-Alopecia-Areata-48.jpg 1600w, https:\/\/ines-thomsen.com\/wp-content\/uploads\/2023\/10\/Ines-Thomsen-Photography-Alopecia-Areata-48-300x200.jpg 300w, https:\/\/ines-thomsen.com\/wp-content\/uploads\/2023\/10\/Ines-Thomsen-Photography-Alopecia-Areata-48-1024x683.jpg 1024w, https:\/\/ines-thomsen.com\/wp-content\/uploads\/2023\/10\/Ines-Thomsen-Photography-Alopecia-Areata-48-768x512.jpg 768w, https:\/\/ines-thomsen.com\/wp-content\/uploads\/2023\/10\/Ines-Thomsen-Photography-Alopecia-Areata-48-1536x1024.jpg 1536w\" sizes=\"(max-width: 800px) 100vw, 800px\" \/>\n\t\t<div class=\"figc no-description\">\n\t\t\t<div class=\"figc-inner\">\n\t\t\t\t\t\t\t\t\t\t\t\t\t\t\t<\/div>\n\t\t<\/div>\n\n\t<\/div>\n\n<\/div><div class=\"modula-item effect-pufrobo\" >\n\t<div class=\"modula-item-overlay\"><\/div>\n\n\t<div class=\"modula-item-content\">\n\n\t\t\t\t\n\t\t\t\t\t<a data-image-id=\"927\" role=\"button\" data-elementor-open-lightbox=\"no\" tabindex=\"0\" rel=\"jtg-350\" data-caption=\"\" aria-label=\"Open image in lightbox\" class=\"tile-inner modula-item-link\"><\/a>\n\t\t\n\t\t<img loading=\"lazy\" decoding=\"async\" class=\"pic wp-image-927\"  data-valign=\"middle\" data-halign=\"center\" alt=\"\" data-full=\"https:\/\/ines-thomsen.com\/wp-content\/uploads\/2023\/10\/Ines-Thomsen-Photography-Alopecia-Areata-32.jpg\" title=\"Ines Thomsen Photography -Alopecia Areata-32\" width=\"800\" height=\"534\" src=\"https:\/\/ines-thomsen.com\/wp-content\/uploads\/2023\/10\/Ines-Thomsen-Photography-Alopecia-Areata-32-1024x683.jpg\" data-src=\"https:\/\/ines-thomsen.com\/wp-content\/uploads\/2023\/10\/Ines-Thomsen-Photography-Alopecia-Areata-32-1024x683.jpg\" data-caption=\"\" srcset=\"https:\/\/ines-thomsen.com\/wp-content\/uploads\/2023\/10\/Ines-Thomsen-Photography-Alopecia-Areata-32.jpg 1600w, https:\/\/ines-thomsen.com\/wp-content\/uploads\/2023\/10\/Ines-Thomsen-Photography-Alopecia-Areata-32-300x200.jpg 300w, https:\/\/ines-thomsen.com\/wp-content\/uploads\/2023\/10\/Ines-Thomsen-Photography-Alopecia-Areata-32-1024x683.jpg 1024w, https:\/\/ines-thomsen.com\/wp-content\/uploads\/2023\/10\/Ines-Thomsen-Photography-Alopecia-Areata-32-768x512.jpg 768w, https:\/\/ines-thomsen.com\/wp-content\/uploads\/2023\/10\/Ines-Thomsen-Photography-Alopecia-Areata-32-1536x1024.jpg 1536w\" sizes=\"(max-width: 800px) 100vw, 800px\" \/>\n\t\t<div class=\"figc no-description\">\n\t\t\t<div class=\"figc-inner\">\n\t\t\t\t\t\t\t\t\t\t\t\t\t\t\t<\/div>\n\t\t<\/div>\n\n\t<\/div>\n\n<\/div><div class=\"modula-item effect-pufrobo\" >\n\t<div class=\"modula-item-overlay\"><\/div>\n\n\t<div class=\"modula-item-content\">\n\n\t\t\t\t\n\t\t\t\t\t<a data-image-id=\"928\" role=\"button\" data-elementor-open-lightbox=\"no\" tabindex=\"0\" rel=\"jtg-350\" data-caption=\"\" aria-label=\"Open image in lightbox\" class=\"tile-inner modula-item-link\"><\/a>\n\t\t\n\t\t<img loading=\"lazy\" decoding=\"async\" class=\"pic wp-image-928\"  data-valign=\"middle\" data-halign=\"center\" alt=\"\" data-full=\"https:\/\/ines-thomsen.com\/wp-content\/uploads\/2023\/10\/Ines-Thomsen-Photography-Alopecia-Areata-30.jpg\" title=\"Ines Thomsen Photography -Alopecia Areata-30\" width=\"800\" height=\"534\" src=\"https:\/\/ines-thomsen.com\/wp-content\/uploads\/2023\/10\/Ines-Thomsen-Photography-Alopecia-Areata-30-1024x683.jpg\" data-src=\"https:\/\/ines-thomsen.com\/wp-content\/uploads\/2023\/10\/Ines-Thomsen-Photography-Alopecia-Areata-30-1024x683.jpg\" data-caption=\"\" srcset=\"https:\/\/ines-thomsen.com\/wp-content\/uploads\/2023\/10\/Ines-Thomsen-Photography-Alopecia-Areata-30.jpg 1600w, https:\/\/ines-thomsen.com\/wp-content\/uploads\/2023\/10\/Ines-Thomsen-Photography-Alopecia-Areata-30-300x200.jpg 300w, https:\/\/ines-thomsen.com\/wp-content\/uploads\/2023\/10\/Ines-Thomsen-Photography-Alopecia-Areata-30-1024x683.jpg 1024w, https:\/\/ines-thomsen.com\/wp-content\/uploads\/2023\/10\/Ines-Thomsen-Photography-Alopecia-Areata-30-768x512.jpg 768w, https:\/\/ines-thomsen.com\/wp-content\/uploads\/2023\/10\/Ines-Thomsen-Photography-Alopecia-Areata-30-1536x1024.jpg 1536w\" sizes=\"(max-width: 800px) 100vw, 800px\" \/>\n\t\t<div class=\"figc no-description\">\n\t\t\t<div class=\"figc-inner\">\n\t\t\t\t\t\t\t\t\t\t\t\t\t\t\t<\/div>\n\t\t<\/div>\n\n\t<\/div>\n\n<\/div><div class=\"modula-item effect-pufrobo\" >\n\t<div class=\"modula-item-overlay\"><\/div>\n\n\t<div class=\"modula-item-content\">\n\n\t\t\t\t\n\t\t\t\t\t<a data-image-id=\"929\" role=\"button\" data-elementor-open-lightbox=\"no\" tabindex=\"0\" rel=\"jtg-350\" data-caption=\"\" aria-label=\"Open image in lightbox\" class=\"tile-inner modula-item-link\"><\/a>\n\t\t\n\t\t<img loading=\"lazy\" decoding=\"async\" class=\"pic wp-image-929\"  data-valign=\"middle\" data-halign=\"center\" alt=\"\" data-full=\"https:\/\/ines-thomsen.com\/wp-content\/uploads\/2023\/10\/Ines-Thomsen-Photography-Alopecia-Areata-31.jpg\" title=\"Ines Thomsen Photography -Alopecia Areata-31\" width=\"800\" height=\"534\" src=\"https:\/\/ines-thomsen.com\/wp-content\/uploads\/2023\/10\/Ines-Thomsen-Photography-Alopecia-Areata-31-1024x683.jpg\" data-src=\"https:\/\/ines-thomsen.com\/wp-content\/uploads\/2023\/10\/Ines-Thomsen-Photography-Alopecia-Areata-31-1024x683.jpg\" data-caption=\"\" srcset=\"https:\/\/ines-thomsen.com\/wp-content\/uploads\/2023\/10\/Ines-Thomsen-Photography-Alopecia-Areata-31.jpg 1600w, https:\/\/ines-thomsen.com\/wp-content\/uploads\/2023\/10\/Ines-Thomsen-Photography-Alopecia-Areata-31-300x200.jpg 300w, https:\/\/ines-thomsen.com\/wp-content\/uploads\/2023\/10\/Ines-Thomsen-Photography-Alopecia-Areata-31-1024x683.jpg 1024w, https:\/\/ines-thomsen.com\/wp-content\/uploads\/2023\/10\/Ines-Thomsen-Photography-Alopecia-Areata-31-768x512.jpg 768w, https:\/\/ines-thomsen.com\/wp-content\/uploads\/2023\/10\/Ines-Thomsen-Photography-Alopecia-Areata-31-1536x1024.jpg 1536w\" sizes=\"(max-width: 800px) 100vw, 800px\" \/>\n\t\t<div class=\"figc no-description\">\n\t\t\t<div class=\"figc-inner\">\n\t\t\t\t\t\t\t\t\t\t\t\t\t\t\t<\/div>\n\t\t<\/div>\n\n\t<\/div>\n\n<\/div><div class=\"modula-item effect-pufrobo\" >\n\t<div class=\"modula-item-overlay\"><\/div>\n\n\t<div class=\"modula-item-content\">\n\n\t\t\t\t\n\t\t\t\t\t<a data-image-id=\"903\" role=\"button\" data-elementor-open-lightbox=\"no\" tabindex=\"0\" rel=\"jtg-350\" data-caption=\"\" aria-label=\"Open image in lightbox\" class=\"tile-inner modula-item-link\"><\/a>\n\t\t\n\t\t<img loading=\"lazy\" decoding=\"async\" class=\"pic wp-image-903\"  data-valign=\"middle\" data-halign=\"center\" alt=\"\" data-full=\"https:\/\/ines-thomsen.com\/wp-content\/uploads\/2023\/10\/Ines-Thomsen-Photography-Alopecia-Areata-56.jpg\" title=\"Ines Thomsen Photography -Alopecia Areata-56\" width=\"800\" height=\"534\" src=\"https:\/\/ines-thomsen.com\/wp-content\/uploads\/2023\/10\/Ines-Thomsen-Photography-Alopecia-Areata-56-1024x683.jpg\" data-src=\"https:\/\/ines-thomsen.com\/wp-content\/uploads\/2023\/10\/Ines-Thomsen-Photography-Alopecia-Areata-56-1024x683.jpg\" data-caption=\"\" srcset=\"https:\/\/ines-thomsen.com\/wp-content\/uploads\/2023\/10\/Ines-Thomsen-Photography-Alopecia-Areata-56.jpg 1600w, https:\/\/ines-thomsen.com\/wp-content\/uploads\/2023\/10\/Ines-Thomsen-Photography-Alopecia-Areata-56-300x200.jpg 300w, https:\/\/ines-thomsen.com\/wp-content\/uploads\/2023\/10\/Ines-Thomsen-Photography-Alopecia-Areata-56-1024x683.jpg 1024w, https:\/\/ines-thomsen.com\/wp-content\/uploads\/2023\/10\/Ines-Thomsen-Photography-Alopecia-Areata-56-768x512.jpg 768w, https:\/\/ines-thomsen.com\/wp-content\/uploads\/2023\/10\/Ines-Thomsen-Photography-Alopecia-Areata-56-1536x1024.jpg 1536w\" sizes=\"(max-width: 800px) 100vw, 800px\" \/>\n\t\t<div class=\"figc no-description\">\n\t\t\t<div class=\"figc-inner\">\n\t\t\t\t\t\t\t\t\t\t\t\t\t\t\t<\/div>\n\t\t<\/div>\n\n\t<\/div>\n\n<\/div><div class=\"modula-item effect-pufrobo\" >\n\t<div class=\"modula-item-overlay\"><\/div>\n\n\t<div class=\"modula-item-content\">\n\n\t\t\t\t\n\t\t\t\t\t<a data-image-id=\"933\" role=\"button\" data-elementor-open-lightbox=\"no\" tabindex=\"0\" rel=\"jtg-350\" data-caption=\"\" aria-label=\"Open image in lightbox\" class=\"tile-inner modula-item-link\"><\/a>\n\t\t\n\t\t<img loading=\"lazy\" decoding=\"async\" class=\"pic wp-image-933\"  data-valign=\"middle\" data-halign=\"center\" alt=\"\" data-full=\"https:\/\/ines-thomsen.com\/wp-content\/uploads\/2023\/10\/Ines-Thomsen-Photography-Alopecia-Areata-27.jpg\" title=\"Ines Thomsen Photography -Alopecia Areata-27\" width=\"800\" height=\"534\" src=\"https:\/\/ines-thomsen.com\/wp-content\/uploads\/2023\/10\/Ines-Thomsen-Photography-Alopecia-Areata-27-1024x683.jpg\" data-src=\"https:\/\/ines-thomsen.com\/wp-content\/uploads\/2023\/10\/Ines-Thomsen-Photography-Alopecia-Areata-27-1024x683.jpg\" data-caption=\"\" srcset=\"https:\/\/ines-thomsen.com\/wp-content\/uploads\/2023\/10\/Ines-Thomsen-Photography-Alopecia-Areata-27.jpg 1600w, https:\/\/ines-thomsen.com\/wp-content\/uploads\/2023\/10\/Ines-Thomsen-Photography-Alopecia-Areata-27-300x200.jpg 300w, https:\/\/ines-thomsen.com\/wp-content\/uploads\/2023\/10\/Ines-Thomsen-Photography-Alopecia-Areata-27-1024x683.jpg 1024w, https:\/\/ines-thomsen.com\/wp-content\/uploads\/2023\/10\/Ines-Thomsen-Photography-Alopecia-Areata-27-768x512.jpg 768w, https:\/\/ines-thomsen.com\/wp-content\/uploads\/2023\/10\/Ines-Thomsen-Photography-Alopecia-Areata-27-1536x1024.jpg 1536w\" sizes=\"(max-width: 800px) 100vw, 800px\" \/>\n\t\t<div class=\"figc no-description\">\n\t\t\t<div class=\"figc-inner\">\n\t\t\t\t\t\t\t\t\t\t\t\t\t\t\t<\/div>\n\t\t<\/div>\n\n\t<\/div>\n\n<\/div><div class=\"modula-item effect-pufrobo\" >\n\t<div class=\"modula-item-overlay\"><\/div>\n\n\t<div class=\"modula-item-content\">\n\n\t\t\t\t\n\t\t\t\t\t<a data-image-id=\"930\" role=\"button\" data-elementor-open-lightbox=\"no\" tabindex=\"0\" rel=\"jtg-350\" data-caption=\"\" aria-label=\"Open image in lightbox\" class=\"tile-inner modula-item-link\"><\/a>\n\t\t\n\t\t<img loading=\"lazy\" decoding=\"async\" class=\"pic wp-image-930\"  data-valign=\"middle\" data-halign=\"center\" alt=\"\" data-full=\"https:\/\/ines-thomsen.com\/wp-content\/uploads\/2023\/10\/Ines-Thomsen-Photography-Alopecia-Areata-29.jpg\" title=\"Ines Thomsen Photography -Alopecia Areata-29\" width=\"800\" height=\"534\" src=\"https:\/\/ines-thomsen.com\/wp-content\/uploads\/2023\/10\/Ines-Thomsen-Photography-Alopecia-Areata-29-1024x683.jpg\" data-src=\"https:\/\/ines-thomsen.com\/wp-content\/uploads\/2023\/10\/Ines-Thomsen-Photography-Alopecia-Areata-29-1024x683.jpg\" data-caption=\"\" srcset=\"https:\/\/ines-thomsen.com\/wp-content\/uploads\/2023\/10\/Ines-Thomsen-Photography-Alopecia-Areata-29.jpg 1600w, https:\/\/ines-thomsen.com\/wp-content\/uploads\/2023\/10\/Ines-Thomsen-Photography-Alopecia-Areata-29-300x200.jpg 300w, https:\/\/ines-thomsen.com\/wp-content\/uploads\/2023\/10\/Ines-Thomsen-Photography-Alopecia-Areata-29-1024x683.jpg 1024w, https:\/\/ines-thomsen.com\/wp-content\/uploads\/2023\/10\/Ines-Thomsen-Photography-Alopecia-Areata-29-768x512.jpg 768w, https:\/\/ines-thomsen.com\/wp-content\/uploads\/2023\/10\/Ines-Thomsen-Photography-Alopecia-Areata-29-1536x1024.jpg 1536w\" sizes=\"(max-width: 800px) 100vw, 800px\" \/>\n\t\t<div class=\"figc no-description\">\n\t\t\t<div class=\"figc-inner\">\n\t\t\t\t\t\t\t\t\t\t\t\t\t\t\t<\/div>\n\t\t<\/div>\n\n\t<\/div>\n\n<\/div><div class=\"modula-item effect-pufrobo\" >\n\t<div class=\"modula-item-overlay\"><\/div>\n\n\t<div class=\"modula-item-content\">\n\n\t\t\t\t\n\t\t\t\t\t<a data-image-id=\"931\" role=\"button\" data-elementor-open-lightbox=\"no\" tabindex=\"0\" rel=\"jtg-350\" data-caption=\"\" aria-label=\"Open image in lightbox\" class=\"tile-inner modula-item-link\"><\/a>\n\t\t\n\t\t<img loading=\"lazy\" decoding=\"async\" class=\"pic wp-image-931\"  data-valign=\"middle\" data-halign=\"center\" alt=\"\" data-full=\"https:\/\/ines-thomsen.com\/wp-content\/uploads\/2023\/10\/Ines-Thomsen-Photography-Alopecia-Areata-28.jpg\" title=\"Ines Thomsen Photography -Alopecia Areata-28\" width=\"800\" height=\"534\" src=\"https:\/\/ines-thomsen.com\/wp-content\/uploads\/2023\/10\/Ines-Thomsen-Photography-Alopecia-Areata-28-1024x683.jpg\" data-src=\"https:\/\/ines-thomsen.com\/wp-content\/uploads\/2023\/10\/Ines-Thomsen-Photography-Alopecia-Areata-28-1024x683.jpg\" data-caption=\"\" srcset=\"https:\/\/ines-thomsen.com\/wp-content\/uploads\/2023\/10\/Ines-Thomsen-Photography-Alopecia-Areata-28.jpg 1600w, https:\/\/ines-thomsen.com\/wp-content\/uploads\/2023\/10\/Ines-Thomsen-Photography-Alopecia-Areata-28-300x200.jpg 300w, https:\/\/ines-thomsen.com\/wp-content\/uploads\/2023\/10\/Ines-Thomsen-Photography-Alopecia-Areata-28-1024x683.jpg 1024w, https:\/\/ines-thomsen.com\/wp-content\/uploads\/2023\/10\/Ines-Thomsen-Photography-Alopecia-Areata-28-768x512.jpg 768w, https:\/\/ines-thomsen.com\/wp-content\/uploads\/2023\/10\/Ines-Thomsen-Photography-Alopecia-Areata-28-1536x1024.jpg 1536w\" sizes=\"(max-width: 800px) 100vw, 800px\" \/>\n\t\t<div class=\"figc no-description\">\n\t\t\t<div class=\"figc-inner\">\n\t\t\t\t\t\t\t\t\t\t\t\t\t\t\t<\/div>\n\t\t<\/div>\n\n\t<\/div>\n\n<\/div><div class=\"modula-item effect-pufrobo\" >\n\t<div class=\"modula-item-overlay\"><\/div>\n\n\t<div class=\"modula-item-content\">\n\n\t\t\t\t\n\t\t\t\t\t<a data-image-id=\"909\" role=\"button\" data-elementor-open-lightbox=\"no\" tabindex=\"0\" rel=\"jtg-350\" data-caption=\"\" aria-label=\"Open image in lightbox\" class=\"tile-inner modula-item-link\"><\/a>\n\t\t\n\t\t<img loading=\"lazy\" decoding=\"async\" class=\"pic wp-image-909\"  data-valign=\"middle\" data-halign=\"center\" alt=\"\" data-full=\"https:\/\/ines-thomsen.com\/wp-content\/uploads\/2023\/10\/Ines-Thomsen-Photography-Alopecia-Areata-50.jpg\" title=\"Ines Thomsen Photography -Alopecia Areata-50\" width=\"800\" height=\"534\" src=\"https:\/\/ines-thomsen.com\/wp-content\/uploads\/2023\/10\/Ines-Thomsen-Photography-Alopecia-Areata-50-1024x683.jpg\" data-src=\"https:\/\/ines-thomsen.com\/wp-content\/uploads\/2023\/10\/Ines-Thomsen-Photography-Alopecia-Areata-50-1024x683.jpg\" data-caption=\"\" srcset=\"https:\/\/ines-thomsen.com\/wp-content\/uploads\/2023\/10\/Ines-Thomsen-Photography-Alopecia-Areata-50.jpg 1600w, https:\/\/ines-thomsen.com\/wp-content\/uploads\/2023\/10\/Ines-Thomsen-Photography-Alopecia-Areata-50-300x200.jpg 300w, https:\/\/ines-thomsen.com\/wp-content\/uploads\/2023\/10\/Ines-Thomsen-Photography-Alopecia-Areata-50-1024x683.jpg 1024w, https:\/\/ines-thomsen.com\/wp-content\/uploads\/2023\/10\/Ines-Thomsen-Photography-Alopecia-Areata-50-768x512.jpg 768w, https:\/\/ines-thomsen.com\/wp-content\/uploads\/2023\/10\/Ines-Thomsen-Photography-Alopecia-Areata-50-1536x1024.jpg 1536w\" sizes=\"(max-width: 800px) 100vw, 800px\" \/>\n\t\t<div class=\"figc no-description\">\n\t\t\t<div class=\"figc-inner\">\n\t\t\t\t\t\t\t\t\t\t\t\t\t\t\t<\/div>\n\t\t<\/div>\n\n\t<\/div>\n\n<\/div><div class=\"modula-item effect-pufrobo\" >\n\t<div class=\"modula-item-overlay\"><\/div>\n\n\t<div class=\"modula-item-content\">\n\n\t\t\t\t\n\t\t\t\t\t<a data-image-id=\"912\" role=\"button\" data-elementor-open-lightbox=\"no\" tabindex=\"0\" rel=\"jtg-350\" data-caption=\"\" aria-label=\"Open image in lightbox\" class=\"tile-inner modula-item-link\"><\/a>\n\t\t\n\t\t<img loading=\"lazy\" decoding=\"async\" class=\"pic wp-image-912\"  data-valign=\"middle\" data-halign=\"center\" alt=\"\" data-full=\"https:\/\/ines-thomsen.com\/wp-content\/uploads\/2023\/10\/Ines-Thomsen-Photography-Alopecia-Areata-47.jpg\" title=\"Ines Thomsen Photography -Alopecia Areata-47\" width=\"800\" height=\"534\" src=\"https:\/\/ines-thomsen.com\/wp-content\/uploads\/2023\/10\/Ines-Thomsen-Photography-Alopecia-Areata-47-1024x683.jpg\" data-src=\"https:\/\/ines-thomsen.com\/wp-content\/uploads\/2023\/10\/Ines-Thomsen-Photography-Alopecia-Areata-47-1024x683.jpg\" data-caption=\"\" srcset=\"https:\/\/ines-thomsen.com\/wp-content\/uploads\/2023\/10\/Ines-Thomsen-Photography-Alopecia-Areata-47.jpg 1600w, https:\/\/ines-thomsen.com\/wp-content\/uploads\/2023\/10\/Ines-Thomsen-Photography-Alopecia-Areata-47-300x200.jpg 300w, https:\/\/ines-thomsen.com\/wp-content\/uploads\/2023\/10\/Ines-Thomsen-Photography-Alopecia-Areata-47-1024x683.jpg 1024w, https:\/\/ines-thomsen.com\/wp-content\/uploads\/2023\/10\/Ines-Thomsen-Photography-Alopecia-Areata-47-768x512.jpg 768w, https:\/\/ines-thomsen.com\/wp-content\/uploads\/2023\/10\/Ines-Thomsen-Photography-Alopecia-Areata-47-1536x1024.jpg 1536w\" sizes=\"(max-width: 800px) 100vw, 800px\" \/>\n\t\t<div class=\"figc no-description\">\n\t\t\t<div class=\"figc-inner\">\n\t\t\t\t\t\t\t\t\t\t\t\t\t\t\t<\/div>\n\t\t<\/div>\n\n\t<\/div>\n\n<\/div><div class=\"modula-item effect-pufrobo\" >\n\t<div class=\"modula-item-overlay\"><\/div>\n\n\t<div class=\"modula-item-content\">\n\n\t\t\t\t\n\t\t\t\t\t<a data-image-id=\"923\" role=\"button\" data-elementor-open-lightbox=\"no\" tabindex=\"0\" rel=\"jtg-350\" data-caption=\"\" aria-label=\"Open image in lightbox\" class=\"tile-inner modula-item-link\"><\/a>\n\t\t\n\t\t<img loading=\"lazy\" decoding=\"async\" class=\"pic wp-image-923\"  data-valign=\"middle\" data-halign=\"center\" alt=\"\" data-full=\"https:\/\/ines-thomsen.com\/wp-content\/uploads\/2023\/10\/Ines-Thomsen-Photography-Alopecia-Areata-36.jpg\" title=\"Ines Thomsen Photography -Alopecia Areata-36\" width=\"800\" height=\"534\" src=\"https:\/\/ines-thomsen.com\/wp-content\/uploads\/2023\/10\/Ines-Thomsen-Photography-Alopecia-Areata-36-1024x683.jpg\" data-src=\"https:\/\/ines-thomsen.com\/wp-content\/uploads\/2023\/10\/Ines-Thomsen-Photography-Alopecia-Areata-36-1024x683.jpg\" data-caption=\"\" srcset=\"https:\/\/ines-thomsen.com\/wp-content\/uploads\/2023\/10\/Ines-Thomsen-Photography-Alopecia-Areata-36.jpg 1600w, https:\/\/ines-thomsen.com\/wp-content\/uploads\/2023\/10\/Ines-Thomsen-Photography-Alopecia-Areata-36-300x200.jpg 300w, https:\/\/ines-thomsen.com\/wp-content\/uploads\/2023\/10\/Ines-Thomsen-Photography-Alopecia-Areata-36-1024x683.jpg 1024w, https:\/\/ines-thomsen.com\/wp-content\/uploads\/2023\/10\/Ines-Thomsen-Photography-Alopecia-Areata-36-768x512.jpg 768w, https:\/\/ines-thomsen.com\/wp-content\/uploads\/2023\/10\/Ines-Thomsen-Photography-Alopecia-Areata-36-1536x1024.jpg 1536w\" sizes=\"(max-width: 800px) 100vw, 800px\" \/>\n\t\t<div class=\"figc no-description\">\n\t\t\t<div class=\"figc-inner\">\n\t\t\t\t\t\t\t\t\t\t\t\t\t\t\t<\/div>\n\t\t<\/div>\n\n\t<\/div>\n\n<\/div><div class=\"modula-item effect-pufrobo\" >\n\t<div class=\"modula-item-overlay\"><\/div>\n\n\t<div class=\"modula-item-content\">\n\n\t\t\t\t\n\t\t\t\t\t<a data-image-id=\"913\" role=\"button\" data-elementor-open-lightbox=\"no\" tabindex=\"0\" rel=\"jtg-350\" data-caption=\"\" aria-label=\"Open image in lightbox\" class=\"tile-inner modula-item-link\"><\/a>\n\t\t\n\t\t<img loading=\"lazy\" decoding=\"async\" class=\"pic wp-image-913\"  data-valign=\"middle\" data-halign=\"center\" alt=\"\" data-full=\"https:\/\/ines-thomsen.com\/wp-content\/uploads\/2023\/10\/Ines-Thomsen-Photography-Alopecia-Areata-46.jpg\" title=\"Ines Thomsen Photography -Alopecia Areata-46\" width=\"800\" height=\"534\" src=\"https:\/\/ines-thomsen.com\/wp-content\/uploads\/2023\/10\/Ines-Thomsen-Photography-Alopecia-Areata-46-1024x683.jpg\" data-src=\"https:\/\/ines-thomsen.com\/wp-content\/uploads\/2023\/10\/Ines-Thomsen-Photography-Alopecia-Areata-46-1024x683.jpg\" data-caption=\"\" srcset=\"https:\/\/ines-thomsen.com\/wp-content\/uploads\/2023\/10\/Ines-Thomsen-Photography-Alopecia-Areata-46.jpg 1600w, https:\/\/ines-thomsen.com\/wp-content\/uploads\/2023\/10\/Ines-Thomsen-Photography-Alopecia-Areata-46-300x200.jpg 300w, https:\/\/ines-thomsen.com\/wp-content\/uploads\/2023\/10\/Ines-Thomsen-Photography-Alopecia-Areata-46-1024x683.jpg 1024w, https:\/\/ines-thomsen.com\/wp-content\/uploads\/2023\/10\/Ines-Thomsen-Photography-Alopecia-Areata-46-768x512.jpg 768w, https:\/\/ines-thomsen.com\/wp-content\/uploads\/2023\/10\/Ines-Thomsen-Photography-Alopecia-Areata-46-1536x1024.jpg 1536w\" sizes=\"(max-width: 800px) 100vw, 800px\" \/>\n\t\t<div class=\"figc no-description\">\n\t\t\t<div class=\"figc-inner\">\n\t\t\t\t\t\t\t\t\t\t\t\t\t\t\t<\/div>\n\t\t<\/div>\n\n\t<\/div>\n\n<\/div><div class=\"modula-item effect-pufrobo\" >\n\t<div class=\"modula-item-overlay\"><\/div>\n\n\t<div class=\"modula-item-content\">\n\n\t\t\t\t\n\t\t\t\t\t<a data-image-id=\"918\" role=\"button\" data-elementor-open-lightbox=\"no\" tabindex=\"0\" rel=\"jtg-350\" data-caption=\"\" aria-label=\"Open image in lightbox\" class=\"tile-inner modula-item-link\"><\/a>\n\t\t\n\t\t<img loading=\"lazy\" decoding=\"async\" class=\"pic wp-image-918\"  data-valign=\"middle\" data-halign=\"center\" alt=\"\" data-full=\"https:\/\/ines-thomsen.com\/wp-content\/uploads\/2023\/10\/Ines-Thomsen-Photography-Alopecia-Areata-41.jpg\" title=\"Ines Thomsen Photography -Alopecia Areata-41\" width=\"800\" height=\"534\" src=\"https:\/\/ines-thomsen.com\/wp-content\/uploads\/2023\/10\/Ines-Thomsen-Photography-Alopecia-Areata-41-1024x683.jpg\" data-src=\"https:\/\/ines-thomsen.com\/wp-content\/uploads\/2023\/10\/Ines-Thomsen-Photography-Alopecia-Areata-41-1024x683.jpg\" data-caption=\"\" srcset=\"https:\/\/ines-thomsen.com\/wp-content\/uploads\/2023\/10\/Ines-Thomsen-Photography-Alopecia-Areata-41.jpg 1600w, https:\/\/ines-thomsen.com\/wp-content\/uploads\/2023\/10\/Ines-Thomsen-Photography-Alopecia-Areata-41-300x200.jpg 300w, https:\/\/ines-thomsen.com\/wp-content\/uploads\/2023\/10\/Ines-Thomsen-Photography-Alopecia-Areata-41-1024x683.jpg 1024w, https:\/\/ines-thomsen.com\/wp-content\/uploads\/2023\/10\/Ines-Thomsen-Photography-Alopecia-Areata-41-768x512.jpg 768w, https:\/\/ines-thomsen.com\/wp-content\/uploads\/2023\/10\/Ines-Thomsen-Photography-Alopecia-Areata-41-1536x1024.jpg 1536w\" sizes=\"(max-width: 800px) 100vw, 800px\" \/>\n\t\t<div class=\"figc no-description\">\n\t\t\t<div class=\"figc-inner\">\n\t\t\t\t\t\t\t\t\t\t\t\t\t\t\t<\/div>\n\t\t<\/div>\n\n\t<\/div>\n\n<\/div><div class=\"modula-item effect-pufrobo\" >\n\t<div class=\"modula-item-overlay\"><\/div>\n\n\t<div class=\"modula-item-content\">\n\n\t\t\t\t\n\t\t\t\t\t<a data-image-id=\"919\" role=\"button\" data-elementor-open-lightbox=\"no\" tabindex=\"0\" rel=\"jtg-350\" data-caption=\"\" aria-label=\"Open image in lightbox\" class=\"tile-inner modula-item-link\"><\/a>\n\t\t\n\t\t<img loading=\"lazy\" decoding=\"async\" class=\"pic wp-image-919\"  data-valign=\"middle\" data-halign=\"center\" alt=\"\" data-full=\"https:\/\/ines-thomsen.com\/wp-content\/uploads\/2023\/10\/Ines-Thomsen-Photography-Alopecia-Areata-40.jpg\" title=\"Ines Thomsen Photography -Alopecia Areata-40\" width=\"800\" height=\"534\" src=\"https:\/\/ines-thomsen.com\/wp-content\/uploads\/2023\/10\/Ines-Thomsen-Photography-Alopecia-Areata-40-1024x683.jpg\" data-src=\"https:\/\/ines-thomsen.com\/wp-content\/uploads\/2023\/10\/Ines-Thomsen-Photography-Alopecia-Areata-40-1024x683.jpg\" data-caption=\"\" srcset=\"https:\/\/ines-thomsen.com\/wp-content\/uploads\/2023\/10\/Ines-Thomsen-Photography-Alopecia-Areata-40.jpg 1600w, https:\/\/ines-thomsen.com\/wp-content\/uploads\/2023\/10\/Ines-Thomsen-Photography-Alopecia-Areata-40-300x200.jpg 300w, https:\/\/ines-thomsen.com\/wp-content\/uploads\/2023\/10\/Ines-Thomsen-Photography-Alopecia-Areata-40-1024x683.jpg 1024w, https:\/\/ines-thomsen.com\/wp-content\/uploads\/2023\/10\/Ines-Thomsen-Photography-Alopecia-Areata-40-768x512.jpg 768w, https:\/\/ines-thomsen.com\/wp-content\/uploads\/2023\/10\/Ines-Thomsen-Photography-Alopecia-Areata-40-1536x1024.jpg 1536w\" sizes=\"(max-width: 800px) 100vw, 800px\" \/>\n\t\t<div class=\"figc no-description\">\n\t\t\t<div class=\"figc-inner\">\n\t\t\t\t\t\t\t\t\t\t\t\t\t\t\t<\/div>\n\t\t<\/div>\n\n\t<\/div>\n\n<\/div><div class=\"modula-item effect-pufrobo\" >\n\t<div class=\"modula-item-overlay\"><\/div>\n\n\t<div class=\"modula-item-content\">\n\n\t\t\t\t\n\t\t\t\t\t<a data-image-id=\"920\" role=\"button\" data-elementor-open-lightbox=\"no\" tabindex=\"0\" rel=\"jtg-350\" data-caption=\"\" aria-label=\"Open image in lightbox\" class=\"tile-inner modula-item-link\"><\/a>\n\t\t\n\t\t<img loading=\"lazy\" decoding=\"async\" class=\"pic wp-image-920\"  data-valign=\"middle\" data-halign=\"center\" alt=\"\" data-full=\"https:\/\/ines-thomsen.com\/wp-content\/uploads\/2023\/10\/Ines-Thomsen-Photography-Alopecia-Areata-39.jpg\" title=\"Ines Thomsen Photography -Alopecia Areata-39\" width=\"800\" height=\"534\" src=\"https:\/\/ines-thomsen.com\/wp-content\/uploads\/2023\/10\/Ines-Thomsen-Photography-Alopecia-Areata-39-1024x683.jpg\" data-src=\"https:\/\/ines-thomsen.com\/wp-content\/uploads\/2023\/10\/Ines-Thomsen-Photography-Alopecia-Areata-39-1024x683.jpg\" data-caption=\"\" srcset=\"https:\/\/ines-thomsen.com\/wp-content\/uploads\/2023\/10\/Ines-Thomsen-Photography-Alopecia-Areata-39.jpg 1600w, https:\/\/ines-thomsen.com\/wp-content\/uploads\/2023\/10\/Ines-Thomsen-Photography-Alopecia-Areata-39-300x200.jpg 300w, https:\/\/ines-thomsen.com\/wp-content\/uploads\/2023\/10\/Ines-Thomsen-Photography-Alopecia-Areata-39-1024x683.jpg 1024w, https:\/\/ines-thomsen.com\/wp-content\/uploads\/2023\/10\/Ines-Thomsen-Photography-Alopecia-Areata-39-768x512.jpg 768w, https:\/\/ines-thomsen.com\/wp-content\/uploads\/2023\/10\/Ines-Thomsen-Photography-Alopecia-Areata-39-1536x1024.jpg 1536w\" sizes=\"(max-width: 800px) 100vw, 800px\" \/>\n\t\t<div class=\"figc no-description\">\n\t\t\t<div class=\"figc-inner\">\n\t\t\t\t\t\t\t\t\t\t\t\t\t\t\t<\/div>\n\t\t<\/div>\n\n\t<\/div>\n\n<\/div><div class=\"modula-item effect-pufrobo\" >\n\t<div class=\"modula-item-overlay\"><\/div>\n\n\t<div class=\"modula-item-content\">\n\n\t\t\t\t\n\t\t\t\t\t<a data-image-id=\"921\" role=\"button\" data-elementor-open-lightbox=\"no\" tabindex=\"0\" rel=\"jtg-350\" data-caption=\"\" aria-label=\"Open image in lightbox\" class=\"tile-inner modula-item-link\"><\/a>\n\t\t\n\t\t<img loading=\"lazy\" decoding=\"async\" class=\"pic wp-image-921\"  data-valign=\"middle\" data-halign=\"center\" alt=\"\" data-full=\"https:\/\/ines-thomsen.com\/wp-content\/uploads\/2023\/10\/Ines-Thomsen-Photography-Alopecia-Areata-38.jpg\" title=\"Ines Thomsen Photography -Alopecia Areata-38\" width=\"800\" height=\"534\" src=\"https:\/\/ines-thomsen.com\/wp-content\/uploads\/2023\/10\/Ines-Thomsen-Photography-Alopecia-Areata-38-1024x683.jpg\" data-src=\"https:\/\/ines-thomsen.com\/wp-content\/uploads\/2023\/10\/Ines-Thomsen-Photography-Alopecia-Areata-38-1024x683.jpg\" data-caption=\"\" srcset=\"https:\/\/ines-thomsen.com\/wp-content\/uploads\/2023\/10\/Ines-Thomsen-Photography-Alopecia-Areata-38.jpg 1600w, https:\/\/ines-thomsen.com\/wp-content\/uploads\/2023\/10\/Ines-Thomsen-Photography-Alopecia-Areata-38-300x200.jpg 300w, https:\/\/ines-thomsen.com\/wp-content\/uploads\/2023\/10\/Ines-Thomsen-Photography-Alopecia-Areata-38-1024x683.jpg 1024w, https:\/\/ines-thomsen.com\/wp-content\/uploads\/2023\/10\/Ines-Thomsen-Photography-Alopecia-Areata-38-768x512.jpg 768w, https:\/\/ines-thomsen.com\/wp-content\/uploads\/2023\/10\/Ines-Thomsen-Photography-Alopecia-Areata-38-1536x1024.jpg 1536w\" sizes=\"(max-width: 800px) 100vw, 800px\" \/>\n\t\t<div class=\"figc no-description\">\n\t\t\t<div class=\"figc-inner\">\n\t\t\t\t\t\t\t\t\t\t\t\t\t\t\t<\/div>\n\t\t<\/div>\n\n\t<\/div>\n\n<\/div><div class=\"modula-item effect-pufrobo\" >\n\t<div class=\"modula-item-overlay\"><\/div>\n\n\t<div class=\"modula-item-content\">\n\n\t\t\t\t\n\t\t\t\t\t<a data-image-id=\"922\" role=\"button\" data-elementor-open-lightbox=\"no\" tabindex=\"0\" rel=\"jtg-350\" data-caption=\"\" aria-label=\"Open image in lightbox\" class=\"tile-inner modula-item-link\"><\/a>\n\t\t\n\t\t<img loading=\"lazy\" decoding=\"async\" class=\"pic wp-image-922\"  data-valign=\"middle\" data-halign=\"center\" alt=\"\" data-full=\"https:\/\/ines-thomsen.com\/wp-content\/uploads\/2023\/10\/Ines-Thomsen-Photography-Alopecia-Areata-37.jpg\" title=\"Ines Thomsen Photography -Alopecia Areata-37\" width=\"800\" height=\"534\" src=\"https:\/\/ines-thomsen.com\/wp-content\/uploads\/2023\/10\/Ines-Thomsen-Photography-Alopecia-Areata-37-1024x683.jpg\" data-src=\"https:\/\/ines-thomsen.com\/wp-content\/uploads\/2023\/10\/Ines-Thomsen-Photography-Alopecia-Areata-37-1024x683.jpg\" data-caption=\"\" srcset=\"https:\/\/ines-thomsen.com\/wp-content\/uploads\/2023\/10\/Ines-Thomsen-Photography-Alopecia-Areata-37.jpg 1600w, https:\/\/ines-thomsen.com\/wp-content\/uploads\/2023\/10\/Ines-Thomsen-Photography-Alopecia-Areata-37-300x200.jpg 300w, https:\/\/ines-thomsen.com\/wp-content\/uploads\/2023\/10\/Ines-Thomsen-Photography-Alopecia-Areata-37-1024x683.jpg 1024w, https:\/\/ines-thomsen.com\/wp-content\/uploads\/2023\/10\/Ines-Thomsen-Photography-Alopecia-Areata-37-768x512.jpg 768w, https:\/\/ines-thomsen.com\/wp-content\/uploads\/2023\/10\/Ines-Thomsen-Photography-Alopecia-Areata-37-1536x1024.jpg 1536w\" sizes=\"(max-width: 800px) 100vw, 800px\" \/>\n\t\t<div class=\"figc no-description\">\n\t\t\t<div class=\"figc-inner\">\n\t\t\t\t\t\t\t\t\t\t\t\t\t\t\t<\/div>\n\t\t<\/div>\n\n\t<\/div>\n\n<\/div><div class=\"modula-item effect-pufrobo\" >\n\t<div class=\"modula-item-overlay\"><\/div>\n\n\t<div class=\"modula-item-content\">\n\n\t\t\t\t\n\t\t\t\t\t<a data-image-id=\"924\" role=\"button\" data-elementor-open-lightbox=\"no\" tabindex=\"0\" rel=\"jtg-350\" data-caption=\"\" aria-label=\"Open image in lightbox\" class=\"tile-inner modula-item-link\"><\/a>\n\t\t\n\t\t<img loading=\"lazy\" decoding=\"async\" class=\"pic wp-image-924\"  data-valign=\"middle\" data-halign=\"center\" alt=\"\" data-full=\"https:\/\/ines-thomsen.com\/wp-content\/uploads\/2023\/10\/Ines-Thomsen-Photography-Alopecia-Areata-34.jpg\" title=\"Ines Thomsen Photography -Alopecia Areata-34\" width=\"800\" height=\"534\" src=\"https:\/\/ines-thomsen.com\/wp-content\/uploads\/2023\/10\/Ines-Thomsen-Photography-Alopecia-Areata-34-1024x683.jpg\" data-src=\"https:\/\/ines-thomsen.com\/wp-content\/uploads\/2023\/10\/Ines-Thomsen-Photography-Alopecia-Areata-34-1024x683.jpg\" data-caption=\"\" srcset=\"https:\/\/ines-thomsen.com\/wp-content\/uploads\/2023\/10\/Ines-Thomsen-Photography-Alopecia-Areata-34.jpg 1600w, https:\/\/ines-thomsen.com\/wp-content\/uploads\/2023\/10\/Ines-Thomsen-Photography-Alopecia-Areata-34-300x200.jpg 300w, https:\/\/ines-thomsen.com\/wp-content\/uploads\/2023\/10\/Ines-Thomsen-Photography-Alopecia-Areata-34-1024x683.jpg 1024w, https:\/\/ines-thomsen.com\/wp-content\/uploads\/2023\/10\/Ines-Thomsen-Photography-Alopecia-Areata-34-768x512.jpg 768w, https:\/\/ines-thomsen.com\/wp-content\/uploads\/2023\/10\/Ines-Thomsen-Photography-Alopecia-Areata-34-1536x1024.jpg 1536w\" sizes=\"(max-width: 800px) 100vw, 800px\" \/>\n\t\t<div class=\"figc no-description\">\n\t\t\t<div class=\"figc-inner\">\n\t\t\t\t\t\t\t\t\t\t\t\t\t\t\t<\/div>\n\t\t<\/div>\n\n\t<\/div>\n\n<\/div><div class=\"modula-item effect-pufrobo\" >\n\t<div class=\"modula-item-overlay\"><\/div>\n\n\t<div class=\"modula-item-content\">\n\n\t\t\t\t\n\t\t\t\t\t<a data-image-id=\"925\" role=\"button\" data-elementor-open-lightbox=\"no\" tabindex=\"0\" rel=\"jtg-350\" data-caption=\"\" aria-label=\"Open image in lightbox\" class=\"tile-inner modula-item-link\"><\/a>\n\t\t\n\t\t<img loading=\"lazy\" decoding=\"async\" class=\"pic wp-image-925\"  data-valign=\"middle\" data-halign=\"center\" alt=\"\" data-full=\"https:\/\/ines-thomsen.com\/wp-content\/uploads\/2023\/10\/Ines-Thomsen-Photography-Alopecia-Areata-35.jpg\" title=\"Ines Thomsen Photography -Alopecia Areata-35\" width=\"800\" height=\"534\" src=\"https:\/\/ines-thomsen.com\/wp-content\/uploads\/2023\/10\/Ines-Thomsen-Photography-Alopecia-Areata-35-1024x683.jpg\" data-src=\"https:\/\/ines-thomsen.com\/wp-content\/uploads\/2023\/10\/Ines-Thomsen-Photography-Alopecia-Areata-35-1024x683.jpg\" data-caption=\"\" srcset=\"https:\/\/ines-thomsen.com\/wp-content\/uploads\/2023\/10\/Ines-Thomsen-Photography-Alopecia-Areata-35.jpg 1600w, https:\/\/ines-thomsen.com\/wp-content\/uploads\/2023\/10\/Ines-Thomsen-Photography-Alopecia-Areata-35-300x200.jpg 300w, https:\/\/ines-thomsen.com\/wp-content\/uploads\/2023\/10\/Ines-Thomsen-Photography-Alopecia-Areata-35-1024x683.jpg 1024w, https:\/\/ines-thomsen.com\/wp-content\/uploads\/2023\/10\/Ines-Thomsen-Photography-Alopecia-Areata-35-768x512.jpg 768w, https:\/\/ines-thomsen.com\/wp-content\/uploads\/2023\/10\/Ines-Thomsen-Photography-Alopecia-Areata-35-1536x1024.jpg 1536w\" sizes=\"(max-width: 800px) 100vw, 800px\" \/>\n\t\t<div class=\"figc no-description\">\n\t\t\t<div class=\"figc-inner\">\n\t\t\t\t\t\t\t\t\t\t\t\t\t\t\t<\/div>\n\t\t<\/div>\n\n\t<\/div>\n\n<\/div><div class=\"modula-item effect-pufrobo\" >\n\t<div class=\"modula-item-overlay\"><\/div>\n\n\t<div class=\"modula-item-content\">\n\n\t\t\t\t\n\t\t\t\t\t<a data-image-id=\"917\" role=\"button\" data-elementor-open-lightbox=\"no\" tabindex=\"0\" rel=\"jtg-350\" data-caption=\"\" aria-label=\"Open image in lightbox\" class=\"tile-inner modula-item-link\"><\/a>\n\t\t\n\t\t<img loading=\"lazy\" decoding=\"async\" class=\"pic wp-image-917\"  data-valign=\"middle\" data-halign=\"center\" alt=\"\" data-full=\"https:\/\/ines-thomsen.com\/wp-content\/uploads\/2023\/10\/Ines-Thomsen-Photography-Alopecia-Areata-42.jpg\" title=\"Ines Thomsen Photography -Alopecia Areata-42\" width=\"800\" height=\"361\" src=\"https:\/\/ines-thomsen.com\/wp-content\/uploads\/2023\/10\/Ines-Thomsen-Photography-Alopecia-Areata-42-1024x462.jpg\" data-src=\"https:\/\/ines-thomsen.com\/wp-content\/uploads\/2023\/10\/Ines-Thomsen-Photography-Alopecia-Areata-42-1024x462.jpg\" data-caption=\"\" srcset=\"https:\/\/ines-thomsen.com\/wp-content\/uploads\/2023\/10\/Ines-Thomsen-Photography-Alopecia-Areata-42.jpg 1600w, https:\/\/ines-thomsen.com\/wp-content\/uploads\/2023\/10\/Ines-Thomsen-Photography-Alopecia-Areata-42-300x135.jpg 300w, https:\/\/ines-thomsen.com\/wp-content\/uploads\/2023\/10\/Ines-Thomsen-Photography-Alopecia-Areata-42-1024x462.jpg 1024w, https:\/\/ines-thomsen.com\/wp-content\/uploads\/2023\/10\/Ines-Thomsen-Photography-Alopecia-Areata-42-768x347.jpg 768w, https:\/\/ines-thomsen.com\/wp-content\/uploads\/2023\/10\/Ines-Thomsen-Photography-Alopecia-Areata-42-1536x693.jpg 1536w\" sizes=\"(max-width: 800px) 100vw, 800px\" \/>\n\t\t<div class=\"figc no-description\">\n\t\t\t<div class=\"figc-inner\">\n\t\t\t\t\t\t\t\t\t\t\t\t\t\t\t<\/div>\n\t\t<\/div>\n\n\t<\/div>\n\n<\/div><div class=\"modula-item effect-pufrobo\" >\n\t<div class=\"modula-item-overlay\"><\/div>\n\n\t<div class=\"modula-item-content\">\n\n\t\t\t\t\n\t\t\t\t\t<a data-image-id=\"907\" role=\"button\" data-elementor-open-lightbox=\"no\" tabindex=\"0\" rel=\"jtg-350\" data-caption=\"\" aria-label=\"Open image in lightbox\" class=\"tile-inner modula-item-link\"><\/a>\n\t\t\n\t\t<img loading=\"lazy\" decoding=\"async\" class=\"pic wp-image-907\"  data-valign=\"middle\" data-halign=\"center\" alt=\"\" data-full=\"https:\/\/ines-thomsen.com\/wp-content\/uploads\/2023\/10\/Ines-Thomsen-Photography-Alopecia-Areata-51.jpg\" title=\"Ines Thomsen Photography -Alopecia Areata-51\" width=\"800\" height=\"534\" src=\"https:\/\/ines-thomsen.com\/wp-content\/uploads\/2023\/10\/Ines-Thomsen-Photography-Alopecia-Areata-51-1024x683.jpg\" data-src=\"https:\/\/ines-thomsen.com\/wp-content\/uploads\/2023\/10\/Ines-Thomsen-Photography-Alopecia-Areata-51-1024x683.jpg\" data-caption=\"\" srcset=\"https:\/\/ines-thomsen.com\/wp-content\/uploads\/2023\/10\/Ines-Thomsen-Photography-Alopecia-Areata-51.jpg 1600w, https:\/\/ines-thomsen.com\/wp-content\/uploads\/2023\/10\/Ines-Thomsen-Photography-Alopecia-Areata-51-300x200.jpg 300w, https:\/\/ines-thomsen.com\/wp-content\/uploads\/2023\/10\/Ines-Thomsen-Photography-Alopecia-Areata-51-1024x683.jpg 1024w, https:\/\/ines-thomsen.com\/wp-content\/uploads\/2023\/10\/Ines-Thomsen-Photography-Alopecia-Areata-51-768x512.jpg 768w, https:\/\/ines-thomsen.com\/wp-content\/uploads\/2023\/10\/Ines-Thomsen-Photography-Alopecia-Areata-51-1536x1024.jpg 1536w\" sizes=\"(max-width: 800px) 100vw, 800px\" \/>\n\t\t<div class=\"figc no-description\">\n\t\t\t<div class=\"figc-inner\">\n\t\t\t\t\t\t\t\t\t\t\t\t\t\t\t<\/div>\n\t\t<\/div>\n\n\t<\/div>\n\n<\/div><div class=\"modula-item effect-pufrobo\" >\n\t<div class=\"modula-item-overlay\"><\/div>\n\n\t<div class=\"modula-item-content\">\n\n\t\t\t\t\n\t\t\t\t\t<a data-image-id=\"926\" role=\"button\" data-elementor-open-lightbox=\"no\" tabindex=\"0\" rel=\"jtg-350\" data-caption=\"\" aria-label=\"Open image in lightbox\" class=\"tile-inner modula-item-link\"><\/a>\n\t\t\n\t\t<img loading=\"lazy\" decoding=\"async\" class=\"pic wp-image-926\"  data-valign=\"middle\" data-halign=\"center\" alt=\"\" data-full=\"https:\/\/ines-thomsen.com\/wp-content\/uploads\/2023\/10\/Ines-Thomsen-Photography-Alopecia-Areata-33.jpg\" title=\"Ines Thomsen Photography -Alopecia Areata-33\" width=\"800\" height=\"534\" src=\"https:\/\/ines-thomsen.com\/wp-content\/uploads\/2023\/10\/Ines-Thomsen-Photography-Alopecia-Areata-33-1024x683.jpg\" data-src=\"https:\/\/ines-thomsen.com\/wp-content\/uploads\/2023\/10\/Ines-Thomsen-Photography-Alopecia-Areata-33-1024x683.jpg\" data-caption=\"\" srcset=\"https:\/\/ines-thomsen.com\/wp-content\/uploads\/2023\/10\/Ines-Thomsen-Photography-Alopecia-Areata-33.jpg 1600w, https:\/\/ines-thomsen.com\/wp-content\/uploads\/2023\/10\/Ines-Thomsen-Photography-Alopecia-Areata-33-300x200.jpg 300w, https:\/\/ines-thomsen.com\/wp-content\/uploads\/2023\/10\/Ines-Thomsen-Photography-Alopecia-Areata-33-1024x683.jpg 1024w, https:\/\/ines-thomsen.com\/wp-content\/uploads\/2023\/10\/Ines-Thomsen-Photography-Alopecia-Areata-33-768x512.jpg 768w, https:\/\/ines-thomsen.com\/wp-content\/uploads\/2023\/10\/Ines-Thomsen-Photography-Alopecia-Areata-33-1536x1024.jpg 1536w\" sizes=\"(max-width: 800px) 100vw, 800px\" \/>\n\t\t<div class=\"figc no-description\">\n\t\t\t<div class=\"figc-inner\">\n\t\t\t\t\t\t\t\t\t\t\t\t\t\t\t<\/div>\n\t\t<\/div>\n\n\t<\/div>\n\n<\/div><div class=\"modula-item effect-pufrobo\" >\n\t<div class=\"modula-item-overlay\"><\/div>\n\n\t<div class=\"modula-item-content\">\n\n\t\t\t\t\n\t\t\t\t\t<a data-image-id=\"932\" role=\"button\" data-elementor-open-lightbox=\"no\" tabindex=\"0\" rel=\"jtg-350\" data-caption=\"\" aria-label=\"Open image in lightbox\" class=\"tile-inner modula-item-link\"><\/a>\n\t\t\n\t\t<img loading=\"lazy\" decoding=\"async\" class=\"pic wp-image-932\"  data-valign=\"middle\" data-halign=\"center\" alt=\"\" data-full=\"https:\/\/ines-thomsen.com\/wp-content\/uploads\/2023\/10\/Ines-Thomsen-Photography-Alopecia-Areata-26.jpg\" title=\"Ines Thomsen Photography -Alopecia Areata-26\" width=\"800\" height=\"277\" src=\"https:\/\/ines-thomsen.com\/wp-content\/uploads\/2023\/10\/Ines-Thomsen-Photography-Alopecia-Areata-26-1024x355.jpg\" data-src=\"https:\/\/ines-thomsen.com\/wp-content\/uploads\/2023\/10\/Ines-Thomsen-Photography-Alopecia-Areata-26-1024x355.jpg\" data-caption=\"\" srcset=\"https:\/\/ines-thomsen.com\/wp-content\/uploads\/2023\/10\/Ines-Thomsen-Photography-Alopecia-Areata-26.jpg 1600w, https:\/\/ines-thomsen.com\/wp-content\/uploads\/2023\/10\/Ines-Thomsen-Photography-Alopecia-Areata-26-300x104.jpg 300w, https:\/\/ines-thomsen.com\/wp-content\/uploads\/2023\/10\/Ines-Thomsen-Photography-Alopecia-Areata-26-1024x355.jpg 1024w, https:\/\/ines-thomsen.com\/wp-content\/uploads\/2023\/10\/Ines-Thomsen-Photography-Alopecia-Areata-26-768x266.jpg 768w, https:\/\/ines-thomsen.com\/wp-content\/uploads\/2023\/10\/Ines-Thomsen-Photography-Alopecia-Areata-26-1536x532.jpg 1536w\" sizes=\"(max-width: 800px) 100vw, 800px\" \/>\n\t\t<div class=\"figc no-description\">\n\t\t\t<div class=\"figc-inner\">\n\t\t\t\t\t\t\t\t\t\t\t\t\t\t\t<\/div>\n\t\t<\/div>\n\n\t<\/div>\n\n<\/div><div class=\"modula-item effect-pufrobo\" >\n\t<div class=\"modula-item-overlay\"><\/div>\n\n\t<div class=\"modula-item-content\">\n\n\t\t\t\t\n\t\t\t\t\t<a data-image-id=\"934\" role=\"button\" data-elementor-open-lightbox=\"no\" tabindex=\"0\" rel=\"jtg-350\" data-caption=\"\" aria-label=\"Open image in lightbox\" class=\"tile-inner modula-item-link\"><\/a>\n\t\t\n\t\t<img loading=\"lazy\" decoding=\"async\" class=\"pic wp-image-934\"  data-valign=\"middle\" data-halign=\"center\" alt=\"\" data-full=\"https:\/\/ines-thomsen.com\/wp-content\/uploads\/2023\/10\/Ines-Thomsen-Photography-Alopecia-Areata-25.jpg\" title=\"Ines Thomsen Photography -Alopecia Areata-25\" width=\"800\" height=\"534\" src=\"https:\/\/ines-thomsen.com\/wp-content\/uploads\/2023\/10\/Ines-Thomsen-Photography-Alopecia-Areata-25-1024x683.jpg\" data-src=\"https:\/\/ines-thomsen.com\/wp-content\/uploads\/2023\/10\/Ines-Thomsen-Photography-Alopecia-Areata-25-1024x683.jpg\" data-caption=\"\" srcset=\"https:\/\/ines-thomsen.com\/wp-content\/uploads\/2023\/10\/Ines-Thomsen-Photography-Alopecia-Areata-25.jpg 1600w, https:\/\/ines-thomsen.com\/wp-content\/uploads\/2023\/10\/Ines-Thomsen-Photography-Alopecia-Areata-25-300x200.jpg 300w, https:\/\/ines-thomsen.com\/wp-content\/uploads\/2023\/10\/Ines-Thomsen-Photography-Alopecia-Areata-25-1024x683.jpg 1024w, https:\/\/ines-thomsen.com\/wp-content\/uploads\/2023\/10\/Ines-Thomsen-Photography-Alopecia-Areata-25-768x512.jpg 768w, https:\/\/ines-thomsen.com\/wp-content\/uploads\/2023\/10\/Ines-Thomsen-Photography-Alopecia-Areata-25-1536x1024.jpg 1536w\" sizes=\"(max-width: 800px) 100vw, 800px\" \/>\n\t\t<div class=\"figc no-description\">\n\t\t\t<div class=\"figc-inner\">\n\t\t\t\t\t\t\t\t\t\t\t\t\t\t\t<\/div>\n\t\t<\/div>\n\n\t<\/div>\n\n<\/div><div class=\"modula-item effect-pufrobo\" >\n\t<div class=\"modula-item-overlay\"><\/div>\n\n\t<div class=\"modula-item-content\">\n\n\t\t\t\t\n\t\t\t\t\t<a data-image-id=\"935\" role=\"button\" data-elementor-open-lightbox=\"no\" tabindex=\"0\" rel=\"jtg-350\" data-caption=\"\" aria-label=\"Open image in lightbox\" class=\"tile-inner modula-item-link\"><\/a>\n\t\t\n\t\t<img loading=\"lazy\" decoding=\"async\" class=\"pic wp-image-935\"  data-valign=\"middle\" data-halign=\"center\" alt=\"\" data-full=\"https:\/\/ines-thomsen.com\/wp-content\/uploads\/2023\/10\/Ines-Thomsen-Photography-Alopecia-Areata-24.jpg\" title=\"Ines Thomsen Photography -Alopecia Areata-24\" width=\"800\" height=\"534\" src=\"https:\/\/ines-thomsen.com\/wp-content\/uploads\/2023\/10\/Ines-Thomsen-Photography-Alopecia-Areata-24-1024x683.jpg\" data-src=\"https:\/\/ines-thomsen.com\/wp-content\/uploads\/2023\/10\/Ines-Thomsen-Photography-Alopecia-Areata-24-1024x683.jpg\" data-caption=\"\" srcset=\"https:\/\/ines-thomsen.com\/wp-content\/uploads\/2023\/10\/Ines-Thomsen-Photography-Alopecia-Areata-24.jpg 1600w, https:\/\/ines-thomsen.com\/wp-content\/uploads\/2023\/10\/Ines-Thomsen-Photography-Alopecia-Areata-24-300x200.jpg 300w, https:\/\/ines-thomsen.com\/wp-content\/uploads\/2023\/10\/Ines-Thomsen-Photography-Alopecia-Areata-24-1024x683.jpg 1024w, https:\/\/ines-thomsen.com\/wp-content\/uploads\/2023\/10\/Ines-Thomsen-Photography-Alopecia-Areata-24-768x512.jpg 768w, https:\/\/ines-thomsen.com\/wp-content\/uploads\/2023\/10\/Ines-Thomsen-Photography-Alopecia-Areata-24-1536x1024.jpg 1536w\" sizes=\"(max-width: 800px) 100vw, 800px\" \/>\n\t\t<div class=\"figc no-description\">\n\t\t\t<div class=\"figc-inner\">\n\t\t\t\t\t\t\t\t\t\t\t\t\t\t\t<\/div>\n\t\t<\/div>\n\n\t<\/div>\n\n<\/div><div class=\"modula-item effect-pufrobo\" >\n\t<div class=\"modula-item-overlay\"><\/div>\n\n\t<div class=\"modula-item-content\">\n\n\t\t\t\t\n\t\t\t\t\t<a data-image-id=\"944\" role=\"button\" data-elementor-open-lightbox=\"no\" tabindex=\"0\" rel=\"jtg-350\" data-caption=\"\" aria-label=\"Open image in lightbox\" class=\"tile-inner modula-item-link\"><\/a>\n\t\t\n\t\t<img loading=\"lazy\" decoding=\"async\" class=\"pic wp-image-944\"  data-valign=\"middle\" data-halign=\"center\" alt=\"\" data-full=\"https:\/\/ines-thomsen.com\/wp-content\/uploads\/2023\/10\/Ines-Thomsen-Photography-Alopecia-Areata-18.jpg\" title=\"Ines Thomsen Photography -Alopecia Areata-18\" width=\"800\" height=\"534\" src=\"https:\/\/ines-thomsen.com\/wp-content\/uploads\/2023\/10\/Ines-Thomsen-Photography-Alopecia-Areata-18-1024x683.jpg\" data-src=\"https:\/\/ines-thomsen.com\/wp-content\/uploads\/2023\/10\/Ines-Thomsen-Photography-Alopecia-Areata-18-1024x683.jpg\" data-caption=\"\" srcset=\"https:\/\/ines-thomsen.com\/wp-content\/uploads\/2023\/10\/Ines-Thomsen-Photography-Alopecia-Areata-18.jpg 1600w, https:\/\/ines-thomsen.com\/wp-content\/uploads\/2023\/10\/Ines-Thomsen-Photography-Alopecia-Areata-18-300x200.jpg 300w, https:\/\/ines-thomsen.com\/wp-content\/uploads\/2023\/10\/Ines-Thomsen-Photography-Alopecia-Areata-18-1024x683.jpg 1024w, https:\/\/ines-thomsen.com\/wp-content\/uploads\/2023\/10\/Ines-Thomsen-Photography-Alopecia-Areata-18-768x512.jpg 768w, https:\/\/ines-thomsen.com\/wp-content\/uploads\/2023\/10\/Ines-Thomsen-Photography-Alopecia-Areata-18-1536x1024.jpg 1536w\" sizes=\"(max-width: 800px) 100vw, 800px\" \/>\n\t\t<div class=\"figc no-description\">\n\t\t\t<div class=\"figc-inner\">\n\t\t\t\t\t\t\t\t\t\t\t\t\t\t\t<\/div>\n\t\t<\/div>\n\n\t<\/div>\n\n<\/div><div class=\"modula-item effect-pufrobo\" >\n\t<div class=\"modula-item-overlay\"><\/div>\n\n\t<div class=\"modula-item-content\">\n\n\t\t\t\t\n\t\t\t\t\t<a data-image-id=\"936\" role=\"button\" data-elementor-open-lightbox=\"no\" tabindex=\"0\" rel=\"jtg-350\" data-caption=\"\" aria-label=\"Open image in lightbox\" class=\"tile-inner modula-item-link\"><\/a>\n\t\t\n\t\t<img loading=\"lazy\" decoding=\"async\" class=\"pic wp-image-936\"  data-valign=\"middle\" data-halign=\"center\" alt=\"\" data-full=\"https:\/\/ines-thomsen.com\/wp-content\/uploads\/2023\/10\/Ines-Thomsen-Photography-Alopecia-Areata-22.jpg\" title=\"Ines Thomsen Photography -Alopecia Areata-22\" width=\"800\" height=\"534\" src=\"https:\/\/ines-thomsen.com\/wp-content\/uploads\/2023\/10\/Ines-Thomsen-Photography-Alopecia-Areata-22-1024x683.jpg\" data-src=\"https:\/\/ines-thomsen.com\/wp-content\/uploads\/2023\/10\/Ines-Thomsen-Photography-Alopecia-Areata-22-1024x683.jpg\" data-caption=\"\" srcset=\"https:\/\/ines-thomsen.com\/wp-content\/uploads\/2023\/10\/Ines-Thomsen-Photography-Alopecia-Areata-22.jpg 1600w, https:\/\/ines-thomsen.com\/wp-content\/uploads\/2023\/10\/Ines-Thomsen-Photography-Alopecia-Areata-22-300x200.jpg 300w, https:\/\/ines-thomsen.com\/wp-content\/uploads\/2023\/10\/Ines-Thomsen-Photography-Alopecia-Areata-22-1024x683.jpg 1024w, https:\/\/ines-thomsen.com\/wp-content\/uploads\/2023\/10\/Ines-Thomsen-Photography-Alopecia-Areata-22-768x512.jpg 768w, https:\/\/ines-thomsen.com\/wp-content\/uploads\/2023\/10\/Ines-Thomsen-Photography-Alopecia-Areata-22-1536x1024.jpg 1536w\" sizes=\"(max-width: 800px) 100vw, 800px\" \/>\n\t\t<div class=\"figc no-description\">\n\t\t\t<div class=\"figc-inner\">\n\t\t\t\t\t\t\t\t\t\t\t\t\t\t\t<\/div>\n\t\t<\/div>\n\n\t<\/div>\n\n<\/div><div class=\"modula-item effect-pufrobo\" >\n\t<div class=\"modula-item-overlay\"><\/div>\n\n\t<div class=\"modula-item-content\">\n\n\t\t\t\t\n\t\t\t\t\t<a data-image-id=\"937\" role=\"button\" data-elementor-open-lightbox=\"no\" tabindex=\"0\" rel=\"jtg-350\" data-caption=\"\" aria-label=\"Open image in lightbox\" class=\"tile-inner modula-item-link\"><\/a>\n\t\t\n\t\t<img loading=\"lazy\" decoding=\"async\" class=\"pic wp-image-937\"  data-valign=\"middle\" data-halign=\"center\" alt=\"\" data-full=\"https:\/\/ines-thomsen.com\/wp-content\/uploads\/2023\/10\/Ines-Thomsen-Photography-Alopecia-Areata-23.jpg\" title=\"Ines Thomsen Photography -Alopecia Areata-23\" width=\"800\" height=\"534\" src=\"https:\/\/ines-thomsen.com\/wp-content\/uploads\/2023\/10\/Ines-Thomsen-Photography-Alopecia-Areata-23-1024x683.jpg\" data-src=\"https:\/\/ines-thomsen.com\/wp-content\/uploads\/2023\/10\/Ines-Thomsen-Photography-Alopecia-Areata-23-1024x683.jpg\" data-caption=\"\" srcset=\"https:\/\/ines-thomsen.com\/wp-content\/uploads\/2023\/10\/Ines-Thomsen-Photography-Alopecia-Areata-23.jpg 1600w, https:\/\/ines-thomsen.com\/wp-content\/uploads\/2023\/10\/Ines-Thomsen-Photography-Alopecia-Areata-23-300x200.jpg 300w, https:\/\/ines-thomsen.com\/wp-content\/uploads\/2023\/10\/Ines-Thomsen-Photography-Alopecia-Areata-23-1024x683.jpg 1024w, https:\/\/ines-thomsen.com\/wp-content\/uploads\/2023\/10\/Ines-Thomsen-Photography-Alopecia-Areata-23-768x512.jpg 768w, https:\/\/ines-thomsen.com\/wp-content\/uploads\/2023\/10\/Ines-Thomsen-Photography-Alopecia-Areata-23-1536x1024.jpg 1536w\" sizes=\"(max-width: 800px) 100vw, 800px\" \/>\n\t\t<div class=\"figc no-description\">\n\t\t\t<div class=\"figc-inner\">\n\t\t\t\t\t\t\t\t\t\t\t\t\t\t\t<\/div>\n\t\t<\/div>\n\n\t<\/div>\n\n<\/div><div class=\"modula-item effect-pufrobo\" >\n\t<div class=\"modula-item-overlay\"><\/div>\n\n\t<div class=\"modula-item-content\">\n\n\t\t\t\t\n\t\t\t\t\t<a data-image-id=\"938\" role=\"button\" data-elementor-open-lightbox=\"no\" tabindex=\"0\" rel=\"jtg-350\" data-caption=\"\" aria-label=\"Open image in lightbox\" class=\"tile-inner modula-item-link\"><\/a>\n\t\t\n\t\t<img loading=\"lazy\" decoding=\"async\" class=\"pic wp-image-938\"  data-valign=\"middle\" data-halign=\"center\" alt=\"\" data-full=\"https:\/\/ines-thomsen.com\/wp-content\/uploads\/2023\/10\/Ines-Thomsen-Photography-Alopecia-Areata-21.jpg\" title=\"Ines Thomsen Photography -Alopecia Areata-21\" width=\"800\" height=\"534\" src=\"https:\/\/ines-thomsen.com\/wp-content\/uploads\/2023\/10\/Ines-Thomsen-Photography-Alopecia-Areata-21-1024x683.jpg\" data-src=\"https:\/\/ines-thomsen.com\/wp-content\/uploads\/2023\/10\/Ines-Thomsen-Photography-Alopecia-Areata-21-1024x683.jpg\" data-caption=\"\" srcset=\"https:\/\/ines-thomsen.com\/wp-content\/uploads\/2023\/10\/Ines-Thomsen-Photography-Alopecia-Areata-21.jpg 1600w, https:\/\/ines-thomsen.com\/wp-content\/uploads\/2023\/10\/Ines-Thomsen-Photography-Alopecia-Areata-21-300x200.jpg 300w, https:\/\/ines-thomsen.com\/wp-content\/uploads\/2023\/10\/Ines-Thomsen-Photography-Alopecia-Areata-21-1024x683.jpg 1024w, https:\/\/ines-thomsen.com\/wp-content\/uploads\/2023\/10\/Ines-Thomsen-Photography-Alopecia-Areata-21-768x512.jpg 768w, https:\/\/ines-thomsen.com\/wp-content\/uploads\/2023\/10\/Ines-Thomsen-Photography-Alopecia-Areata-21-1536x1024.jpg 1536w\" sizes=\"(max-width: 800px) 100vw, 800px\" \/>\n\t\t<div class=\"figc no-description\">\n\t\t\t<div class=\"figc-inner\">\n\t\t\t\t\t\t\t\t\t\t\t\t\t\t\t<\/div>\n\t\t<\/div>\n\n\t<\/div>\n\n<\/div><div class=\"modula-item effect-pufrobo\" >\n\t<div class=\"modula-item-overlay\"><\/div>\n\n\t<div class=\"modula-item-content\">\n\n\t\t\t\t\n\t\t\t\t\t<a data-image-id=\"940\" role=\"button\" data-elementor-open-lightbox=\"no\" tabindex=\"0\" rel=\"jtg-350\" data-caption=\"\" aria-label=\"Open image in lightbox\" class=\"tile-inner modula-item-link\"><\/a>\n\t\t\n\t\t<img loading=\"lazy\" decoding=\"async\" class=\"pic wp-image-940\"  data-valign=\"middle\" data-halign=\"center\" alt=\"\" data-full=\"https:\/\/ines-thomsen.com\/wp-content\/uploads\/2023\/10\/Ines-Thomsen-Photography-Alopecia-Areata-20.jpg\" title=\"Ines Thomsen Photography -Alopecia Areata-20\" width=\"800\" height=\"534\" src=\"https:\/\/ines-thomsen.com\/wp-content\/uploads\/2023\/10\/Ines-Thomsen-Photography-Alopecia-Areata-20-1024x683.jpg\" data-src=\"https:\/\/ines-thomsen.com\/wp-content\/uploads\/2023\/10\/Ines-Thomsen-Photography-Alopecia-Areata-20-1024x683.jpg\" data-caption=\"\" srcset=\"https:\/\/ines-thomsen.com\/wp-content\/uploads\/2023\/10\/Ines-Thomsen-Photography-Alopecia-Areata-20.jpg 1600w, https:\/\/ines-thomsen.com\/wp-content\/uploads\/2023\/10\/Ines-Thomsen-Photography-Alopecia-Areata-20-300x200.jpg 300w, https:\/\/ines-thomsen.com\/wp-content\/uploads\/2023\/10\/Ines-Thomsen-Photography-Alopecia-Areata-20-1024x683.jpg 1024w, https:\/\/ines-thomsen.com\/wp-content\/uploads\/2023\/10\/Ines-Thomsen-Photography-Alopecia-Areata-20-768x512.jpg 768w, https:\/\/ines-thomsen.com\/wp-content\/uploads\/2023\/10\/Ines-Thomsen-Photography-Alopecia-Areata-20-1536x1024.jpg 1536w\" sizes=\"(max-width: 800px) 100vw, 800px\" \/>\n\t\t<div class=\"figc no-description\">\n\t\t\t<div class=\"figc-inner\">\n\t\t\t\t\t\t\t\t\t\t\t\t\t\t\t<\/div>\n\t\t<\/div>\n\n\t<\/div>\n\n<\/div><div class=\"modula-item effect-pufrobo\" >\n\t<div class=\"modula-item-overlay\"><\/div>\n\n\t<div class=\"modula-item-content\">\n\n\t\t\t\t\n\t\t\t\t\t<a data-image-id=\"942\" role=\"button\" data-elementor-open-lightbox=\"no\" tabindex=\"0\" rel=\"jtg-350\" data-caption=\"\" aria-label=\"Open image in lightbox\" class=\"tile-inner modula-item-link\"><\/a>\n\t\t\n\t\t<img loading=\"lazy\" decoding=\"async\" class=\"pic wp-image-942\"  data-valign=\"middle\" data-halign=\"center\" alt=\"\" data-full=\"https:\/\/ines-thomsen.com\/wp-content\/uploads\/2023\/10\/Ines-Thomsen-Photography-Alopecia-Areata-19.jpg\" title=\"Ines Thomsen Photography -Alopecia Areata-19\" width=\"800\" height=\"534\" src=\"https:\/\/ines-thomsen.com\/wp-content\/uploads\/2023\/10\/Ines-Thomsen-Photography-Alopecia-Areata-19-1024x683.jpg\" data-src=\"https:\/\/ines-thomsen.com\/wp-content\/uploads\/2023\/10\/Ines-Thomsen-Photography-Alopecia-Areata-19-1024x683.jpg\" data-caption=\"\" srcset=\"https:\/\/ines-thomsen.com\/wp-content\/uploads\/2023\/10\/Ines-Thomsen-Photography-Alopecia-Areata-19.jpg 1600w, https:\/\/ines-thomsen.com\/wp-content\/uploads\/2023\/10\/Ines-Thomsen-Photography-Alopecia-Areata-19-300x200.jpg 300w, https:\/\/ines-thomsen.com\/wp-content\/uploads\/2023\/10\/Ines-Thomsen-Photography-Alopecia-Areata-19-1024x683.jpg 1024w, https:\/\/ines-thomsen.com\/wp-content\/uploads\/2023\/10\/Ines-Thomsen-Photography-Alopecia-Areata-19-768x512.jpg 768w, https:\/\/ines-thomsen.com\/wp-content\/uploads\/2023\/10\/Ines-Thomsen-Photography-Alopecia-Areata-19-1536x1024.jpg 1536w\" sizes=\"(max-width: 800px) 100vw, 800px\" \/>\n\t\t<div class=\"figc no-description\">\n\t\t\t<div class=\"figc-inner\">\n\t\t\t\t\t\t\t\t\t\t\t\t\t\t\t<\/div>\n\t\t<\/div>\n\n\t<\/div>\n\n<\/div><div class=\"modula-item effect-pufrobo\" >\n\t<div class=\"modula-item-overlay\"><\/div>\n\n\t<div class=\"modula-item-content\">\n\n\t\t\t\t\n\t\t\t\t\t<a data-image-id=\"957\" role=\"button\" data-elementor-open-lightbox=\"no\" tabindex=\"0\" rel=\"jtg-350\" data-caption=\"\" aria-label=\"Open image in lightbox\" class=\"tile-inner modula-item-link\"><\/a>\n\t\t\n\t\t<img loading=\"lazy\" decoding=\"async\" class=\"pic wp-image-957\"  data-valign=\"middle\" data-halign=\"center\" alt=\"\" data-full=\"https:\/\/ines-thomsen.com\/wp-content\/uploads\/2023\/10\/Ines-Thomsen-Photography-Alopecia-Areata-2.jpg\" title=\"Ines Thomsen Photography -Alopecia Areata-2\" width=\"800\" height=\"534\" src=\"https:\/\/ines-thomsen.com\/wp-content\/uploads\/2023\/10\/Ines-Thomsen-Photography-Alopecia-Areata-2-1024x683.jpg\" data-src=\"https:\/\/ines-thomsen.com\/wp-content\/uploads\/2023\/10\/Ines-Thomsen-Photography-Alopecia-Areata-2-1024x683.jpg\" data-caption=\"\" srcset=\"https:\/\/ines-thomsen.com\/wp-content\/uploads\/2023\/10\/Ines-Thomsen-Photography-Alopecia-Areata-2.jpg 1600w, https:\/\/ines-thomsen.com\/wp-content\/uploads\/2023\/10\/Ines-Thomsen-Photography-Alopecia-Areata-2-300x200.jpg 300w, https:\/\/ines-thomsen.com\/wp-content\/uploads\/2023\/10\/Ines-Thomsen-Photography-Alopecia-Areata-2-1024x683.jpg 1024w, https:\/\/ines-thomsen.com\/wp-content\/uploads\/2023\/10\/Ines-Thomsen-Photography-Alopecia-Areata-2-768x512.jpg 768w, https:\/\/ines-thomsen.com\/wp-content\/uploads\/2023\/10\/Ines-Thomsen-Photography-Alopecia-Areata-2-1536x1024.jpg 1536w\" sizes=\"(max-width: 800px) 100vw, 800px\" \/>\n\t\t<div class=\"figc no-description\">\n\t\t\t<div class=\"figc-inner\">\n\t\t\t\t\t\t\t\t\t\t\t\t\t\t\t<\/div>\n\t\t<\/div>\n\n\t<\/div>\n\n<\/div><div class=\"modula-item effect-pufrobo\" >\n\t<div class=\"modula-item-overlay\"><\/div>\n\n\t<div class=\"modula-item-content\">\n\n\t\t\t\t\n\t\t\t\t\t<a data-image-id=\"958\" role=\"button\" data-elementor-open-lightbox=\"no\" tabindex=\"0\" rel=\"jtg-350\" data-caption=\"\" aria-label=\"Open image in lightbox\" class=\"tile-inner modula-item-link\"><\/a>\n\t\t\n\t\t<img loading=\"lazy\" decoding=\"async\" class=\"pic wp-image-958\"  data-valign=\"middle\" data-halign=\"center\" alt=\"\" data-full=\"https:\/\/ines-thomsen.com\/wp-content\/uploads\/2023\/10\/Ines-Thomsen-Photography-Alopecia-Areata.jpg\" title=\"Ines Thomsen Photography -Alopecia Areata\" width=\"800\" height=\"534\" src=\"https:\/\/ines-thomsen.com\/wp-content\/uploads\/2023\/10\/Ines-Thomsen-Photography-Alopecia-Areata-1024x683.jpg\" data-src=\"https:\/\/ines-thomsen.com\/wp-content\/uploads\/2023\/10\/Ines-Thomsen-Photography-Alopecia-Areata-1024x683.jpg\" data-caption=\"\" srcset=\"https:\/\/ines-thomsen.com\/wp-content\/uploads\/2023\/10\/Ines-Thomsen-Photography-Alopecia-Areata.jpg 1600w, https:\/\/ines-thomsen.com\/wp-content\/uploads\/2023\/10\/Ines-Thomsen-Photography-Alopecia-Areata-300x200.jpg 300w, https:\/\/ines-thomsen.com\/wp-content\/uploads\/2023\/10\/Ines-Thomsen-Photography-Alopecia-Areata-1024x683.jpg 1024w, https:\/\/ines-thomsen.com\/wp-content\/uploads\/2023\/10\/Ines-Thomsen-Photography-Alopecia-Areata-768x512.jpg 768w, https:\/\/ines-thomsen.com\/wp-content\/uploads\/2023\/10\/Ines-Thomsen-Photography-Alopecia-Areata-1536x1024.jpg 1536w\" sizes=\"(max-width: 800px) 100vw, 800px\" \/>\n\t\t<div class=\"figc no-description\">\n\t\t\t<div class=\"figc-inner\">\n\t\t\t\t\t\t\t\t\t\t\t\t\t\t\t<\/div>\n\t\t<\/div>\n\n\t<\/div>\n\n<\/div>\t\t\n\t<\/div>\n\n\t\n\t\n\t<script type=\"application\/ld+json\">\n\t{\n\t\t\"@context\": \"http:\/\/schema.org\",\n\t\t\"@type\"   : \"ImageGallery\",\n\t\t\"id\"      : \"https:\/\/ines-thomsen.com\/en\/social-responsibility\/alopecia\/\",\n\t\t\"url\"     : \"https:\/\/ines-thomsen.com\/en\/social-responsibility\/alopecia\/\"\n\t}\n\n\t<\/script>\n\n\t\n<\/div>\n<\/div>\n\t\t\t\t\t\t<\/div>\n\t\t\t\t<\/div>\n\t\t\t\t\t<\/div>\n\t\t\t\t<\/div>\n\t\t\t\t<\/div>","protected":false},"excerpt":{"rendered":"<p>Alopecia Bekannt f\u00fcr ihre soziale Ader und ihr gro\u00dfes Einf\u00fchlungsverm\u00f6gen, wurde Ines Thomsen vom deutschen Fernsehsender RTL f\u00fcr ein ganz besonders sensibles Projekt engagiert: ein Kampagnen-Shooting zum Thema Alopecia. Hierbei handelt es sich um eine Autoimmunerkrankung, die kreisrunden oder auch kompletten Haarausfall zur Folge hat. Um das Bewusstsein f\u00fcr Alopecia in der \u00d6ffentlichkeit zu sch\u00e4rfen, [&hellip;]<\/p>","protected":false},"author":1,"featured_media":0,"parent":66,"menu_order":0,"comment_status":"closed","ping_status":"closed","template":"","meta":{"footnotes":""},"class_list":["post-253","page","type-page","status-publish","hentry"],"yoast_head":"<!-- This site is optimized with the Yoast SEO plugin v26.6 - https:\/\/yoast.com\/wordpress\/plugins\/seo\/ -->\n<title>Alopecia - Thomsen Photography<\/title>\n<meta name=\"description\" content=\"Bekannt f\u00fcr ihre soziale Ader und ihr gro\u00dfes Einf\u00fchlungsverm\u00f6gen, wurde Ines Thomsen f\u00fcr ein ganz besonders Projekt engagiert. Alopecia.\" \/>\n<meta name=\"robots\" content=\"index, follow, max-snippet:-1, max-image-preview:large, max-video-preview:-1\" \/>\n<link rel=\"canonical\" href=\"https:\/\/ines-thomsen.com\/en\/social-responsibility\/alopecia\/\" \/>\n<meta property=\"og:locale\" content=\"en_US\" \/>\n<meta property=\"og:type\" content=\"article\" \/>\n<meta property=\"og:title\" content=\"Alopecia - Thomsen Photography\" \/>\n<meta property=\"og:description\" content=\"Bekannt f\u00fcr ihre soziale Ader und ihr gro\u00dfes Einf\u00fchlungsverm\u00f6gen, wurde Ines Thomsen f\u00fcr ein ganz besonders Projekt engagiert. Alopecia.\" \/>\n<meta property=\"og:url\" content=\"https:\/\/ines-thomsen.com\/en\/social-responsibility\/alopecia\/\" \/>\n<meta property=\"og:site_name\" content=\"Thomsen Photography\" \/>\n<meta property=\"article:modified_time\" content=\"2023-11-10T12:56:19+00:00\" \/>\n<meta name=\"twitter:card\" content=\"summary_large_image\" \/>\n<meta name=\"twitter:label1\" content=\"Est. reading time\" \/>\n\t<meta name=\"twitter:data1\" content=\"13 minutes\" \/>\n<script type=\"application\/ld+json\" class=\"yoast-schema-graph\">{\"@context\":\"https:\/\/schema.org\",\"@graph\":[{\"@type\":\"WebPage\",\"@id\":\"https:\/\/ines-thomsen.com\/social-responsibility\/alopecia\/\",\"url\":\"https:\/\/ines-thomsen.com\/social-responsibility\/alopecia\/\",\"name\":\"Alopecia - Thomsen Photography\",\"isPartOf\":{\"@id\":\"https:\/\/ines-thomsen.com\/#website\"},\"datePublished\":\"2023-10-11T08:55:19+00:00\",\"dateModified\":\"2023-11-10T12:56:19+00:00\",\"description\":\"Bekannt f\u00fcr ihre soziale Ader und ihr gro\u00dfes Einf\u00fchlungsverm\u00f6gen, wurde Ines Thomsen f\u00fcr ein ganz besonders Projekt engagiert. Alopecia.\",\"breadcrumb\":{\"@id\":\"https:\/\/ines-thomsen.com\/social-responsibility\/alopecia\/#breadcrumb\"},\"inLanguage\":\"en-US\",\"potentialAction\":[{\"@type\":\"ReadAction\",\"target\":[\"https:\/\/ines-thomsen.com\/social-responsibility\/alopecia\/\"]}]},{\"@type\":\"BreadcrumbList\",\"@id\":\"https:\/\/ines-thomsen.com\/social-responsibility\/alopecia\/#breadcrumb\",\"itemListElement\":[{\"@type\":\"ListItem\",\"position\":1,\"name\":\"Startseite\",\"item\":\"https:\/\/ines-thomsen.com\/\"},{\"@type\":\"ListItem\",\"position\":2,\"name\":\"Social Responsibility\",\"item\":\"https:\/\/ines-thomsen.com\/social-responsibility\/\"},{\"@type\":\"ListItem\",\"position\":3,\"name\":\"Alopecia\"}]},{\"@type\":\"WebSite\",\"@id\":\"https:\/\/ines-thomsen.com\/#website\",\"url\":\"https:\/\/ines-thomsen.com\/\",\"name\":\"Thomsen Photography\",\"description\":\"Everything has its beauty\",\"publisher\":{\"@id\":\"https:\/\/ines-thomsen.com\/#organization\"},\"potentialAction\":[{\"@type\":\"SearchAction\",\"target\":{\"@type\":\"EntryPoint\",\"urlTemplate\":\"https:\/\/ines-thomsen.com\/?s={search_term_string}\"},\"query-input\":{\"@type\":\"PropertyValueSpecification\",\"valueRequired\":true,\"valueName\":\"search_term_string\"}}],\"inLanguage\":\"en-US\"},{\"@type\":\"Organization\",\"@id\":\"https:\/\/ines-thomsen.com\/#organization\",\"name\":\"Thomsen Photography\",\"url\":\"https:\/\/ines-thomsen.com\/\",\"logo\":{\"@type\":\"ImageObject\",\"inLanguage\":\"en-US\",\"@id\":\"https:\/\/ines-thomsen.com\/#\/schema\/logo\/image\/\",\"url\":\"https:\/\/ines-thomsen.com\/wp-content\/uploads\/2023\/11\/iTh_Logo-1.svg\",\"contentUrl\":\"https:\/\/ines-thomsen.com\/wp-content\/uploads\/2023\/11\/iTh_Logo-1.svg\",\"width\":708,\"height\":708,\"caption\":\"Thomsen Photography\"},\"image\":{\"@id\":\"https:\/\/ines-thomsen.com\/#\/schema\/logo\/image\/\"}}]}<\/script>\n<!-- \/ Yoast SEO plugin. -->","yoast_head_json":{"title":"Alopecia - Thomsen Photography","description":"Bekannt f\u00fcr ihre soziale Ader und ihr gro\u00dfes Einf\u00fchlungsverm\u00f6gen, wurde Ines Thomsen f\u00fcr ein ganz besonders Projekt engagiert. Alopecia.","robots":{"index":"index","follow":"follow","max-snippet":"max-snippet:-1","max-image-preview":"max-image-preview:large","max-video-preview":"max-video-preview:-1"},"canonical":"https:\/\/ines-thomsen.com\/en\/social-responsibility\/alopecia\/","og_locale":"en_US","og_type":"article","og_title":"Alopecia - Thomsen Photography","og_description":"Bekannt f\u00fcr ihre soziale Ader und ihr gro\u00dfes Einf\u00fchlungsverm\u00f6gen, wurde Ines Thomsen f\u00fcr ein ganz besonders Projekt engagiert. Alopecia.","og_url":"https:\/\/ines-thomsen.com\/en\/social-responsibility\/alopecia\/","og_site_name":"Thomsen Photography","article_modified_time":"2023-11-10T12:56:19+00:00","twitter_card":"summary_large_image","twitter_misc":{"Est. reading time":"13 minutes"},"schema":{"@context":"https:\/\/schema.org","@graph":[{"@type":"WebPage","@id":"https:\/\/ines-thomsen.com\/social-responsibility\/alopecia\/","url":"https:\/\/ines-thomsen.com\/social-responsibility\/alopecia\/","name":"Alopecia - Thomsen Photography","isPartOf":{"@id":"https:\/\/ines-thomsen.com\/#website"},"datePublished":"2023-10-11T08:55:19+00:00","dateModified":"2023-11-10T12:56:19+00:00","description":"Bekannt f\u00fcr ihre soziale Ader und ihr gro\u00dfes Einf\u00fchlungsverm\u00f6gen, wurde Ines Thomsen f\u00fcr ein ganz besonders Projekt engagiert. Alopecia.","breadcrumb":{"@id":"https:\/\/ines-thomsen.com\/social-responsibility\/alopecia\/#breadcrumb"},"inLanguage":"en-US","potentialAction":[{"@type":"ReadAction","target":["https:\/\/ines-thomsen.com\/social-responsibility\/alopecia\/"]}]},{"@type":"BreadcrumbList","@id":"https:\/\/ines-thomsen.com\/social-responsibility\/alopecia\/#breadcrumb","itemListElement":[{"@type":"ListItem","position":1,"name":"Startseite","item":"https:\/\/ines-thomsen.com\/"},{"@type":"ListItem","position":2,"name":"Social Responsibility","item":"https:\/\/ines-thomsen.com\/social-responsibility\/"},{"@type":"ListItem","position":3,"name":"Alopecia"}]},{"@type":"WebSite","@id":"https:\/\/ines-thomsen.com\/#website","url":"https:\/\/ines-thomsen.com\/","name":"Thomsen Photography","description":"Everything has its beauty","publisher":{"@id":"https:\/\/ines-thomsen.com\/#organization"},"potentialAction":[{"@type":"SearchAction","target":{"@type":"EntryPoint","urlTemplate":"https:\/\/ines-thomsen.com\/?s={search_term_string}"},"query-input":{"@type":"PropertyValueSpecification","valueRequired":true,"valueName":"search_term_string"}}],"inLanguage":"en-US"},{"@type":"Organization","@id":"https:\/\/ines-thomsen.com\/#organization","name":"Thomsen Photography","url":"https:\/\/ines-thomsen.com\/","logo":{"@type":"ImageObject","inLanguage":"en-US","@id":"https:\/\/ines-thomsen.com\/#\/schema\/logo\/image\/","url":"https:\/\/ines-thomsen.com\/wp-content\/uploads\/2023\/11\/iTh_Logo-1.svg","contentUrl":"https:\/\/ines-thomsen.com\/wp-content\/uploads\/2023\/11\/iTh_Logo-1.svg","width":708,"height":708,"caption":"Thomsen Photography"},"image":{"@id":"https:\/\/ines-thomsen.com\/#\/schema\/logo\/image\/"}}]}},"_links":{"self":[{"href":"https:\/\/ines-thomsen.com\/en\/wp-json\/wp\/v2\/pages\/253","targetHints":{"allow":["GET"]}}],"collection":[{"href":"https:\/\/ines-thomsen.com\/en\/wp-json\/wp\/v2\/pages"}],"about":[{"href":"https:\/\/ines-thomsen.com\/en\/wp-json\/wp\/v2\/types\/page"}],"author":[{"embeddable":true,"href":"https:\/\/ines-thomsen.com\/en\/wp-json\/wp\/v2\/users\/1"}],"replies":[{"embeddable":true,"href":"https:\/\/ines-thomsen.com\/en\/wp-json\/wp\/v2\/comments?post=253"}],"version-history":[{"count":15,"href":"https:\/\/ines-thomsen.com\/en\/wp-json\/wp\/v2\/pages\/253\/revisions"}],"predecessor-version":[{"id":1811,"href":"https:\/\/ines-thomsen.com\/en\/wp-json\/wp\/v2\/pages\/253\/revisions\/1811"}],"up":[{"embeddable":true,"href":"https:\/\/ines-thomsen.com\/en\/wp-json\/wp\/v2\/pages\/66"}],"wp:attachment":[{"href":"https:\/\/ines-thomsen.com\/en\/wp-json\/wp\/v2\/media?parent=253"}],"curies":[{"name":"wp","href":"https:\/\/api.w.org\/{rel}","templated":true}]}}